{"id":1694,"date":"2020-06-17T22:29:26","date_gmt":"2020-06-17T20:29:26","guid":{"rendered":"https:\/\/hu.andersen.com\/?page_id=1694"},"modified":"2025-03-06T16:52:00","modified_gmt":"2025-03-06T15:52:00","slug":"adatkezeles-es-adatvedelem","status":"publish","type":"page","link":"https:\/\/hu.andersen.com\/hu\/adatkezeles-es-adatvedelem\/","title":{"rendered":"Adatv\u00e9delmi \u00e9s Adatkezel\u00e9si t\u00e1j\u00e9koztat\u00f3"},"content":{"rendered":"\n<h2 class=\"wp-block-heading has-black-color has-text-color has-medium-font-size\" id=\"h-adatkezelesi-tajekoztato\"><strong>Adatkezel\u00e9si t\u00e1j\u00e9koztat\u00f3<\/strong><\/h2>\n\n\n\n<p>Az<a> <\/a><strong>Andersen Ad\u00f3tan\u00e1csad\u00f3 Z\u00e1rtk\u00f6r\u0171en M\u0171k\u00f6d\u0151 R\u00e9szv\u00e9nyt\u00e1rsas\u00e1g<\/strong> (sz\u00e9khely: 1124 Budapest, Cs\u00f6rsz utca 43., c\u00e9gjegyz\u00e9ksz\u00e1m: 01-10-047595; ad\u00f3sz\u00e1m: 24177207-2-43; tov\u00e1bbiakban: <strong>\u201eAdatkezel\u0151\u201d<\/strong>) az Eur\u00f3pai Parlament \u00e9s a Tan\u00e1cs (EU) 2016\/679 Rendelet (2016. \u00e1prilis 27.) a term\u00e9szetes szem\u00e9lyeknek a szem\u00e9lyes adatok kezel\u00e9se tekintet\u00e9ben t\u00f6rt\u00e9n\u0151 v\u00e9delm\u00e9r\u0151l \u00e9s az ilyen adatok szabad \u00e1raml\u00e1s\u00e1r\u00f3l, valamint a 95\/46\/EK ir\u00e1nyelv hat\u00e1lyon k\u00edv\u00fcl helyez\u00e9s\u00e9r\u0151l (\u201e<strong>GDPR<\/strong>\u201d) alapj\u00e1n az al\u00e1bbiakban t\u00e1j\u00e9koztatja az Adatkezel\u0151 honlapj\u00e1ra l\u00e1togat\u00f3k (\u201e<strong>\u00c9rintett<\/strong>\u201d) szem\u00e9lyes adataik kezel\u00e9s\u00e9vel kapcsolatban.<\/p>\n\n\n\n<h2 class=\"wp-block-heading has-text-color has-medium-font-size\" id=\"h-i-adatkezelo-cegneve-es-elerhetosegei\" style=\"color:#ab0e1e\"><strong>I. Adatkezel\u0151 c\u00e9gneve \u00e9s el\u00e9rhet\u0151s\u00e9gei:<\/strong><\/h2>\n\n\n\n<p>Andersen Ad\u00f3tan\u00e1csad\u00f3 Z\u00e1rtk\u00f6r\u0171en M\u0171k\u00f6d\u0151 R\u00e9szv\u00e9nyt\u00e1rsas\u00e1g (sz\u00e9khely: 1124 Budapest, Cs\u00f6rsz utca 43., c\u00e9gjegyz\u00e9ksz\u00e1m: 01-10-047595; ad\u00f3sz\u00e1m: 24177207-2-43)<\/p>\n\n\n\n<p>E-mail: <a href=\"mailto:info@hu.Andersen.com\" target=\"_blank\" rel=\"noreferrer noopener\">info@hu.Andersen.com<\/a><\/p>\n\n\n\n<p>Honlap: <a href=\"https:\/\/hu.andersen.com\/hu\" target=\"_blank\" rel=\"noreferrer noopener\">https:\/\/hu.andersen.com\/hu<\/a><\/p>\n\n\n\n<h2 class=\"wp-block-heading has-text-color has-medium-font-size\" id=\"h-ii-a-kezelt-szemelyes-adatok-kore-az-adatkezeles-jogalapja-az-adatkezeles-celja-es-idotartama\" style=\"color:#ab0e1e\"><strong>II. A kezelt szem\u00e9lyes adatok k\u00f6re, az adatkezel\u00e9s jogalapja, az adatkezel\u00e9s c\u00e9lja \u00e9s id\u0151tartama:<\/strong><\/h2>\n\n\n\n<div class=\"wp-block-group is-vertical is-layout-flex wp-container-core-group-is-layout-8cf370e7 wp-block-group-is-layout-flex\">\n<figure class=\"wp-block-table\"><table><tbody><tr><td><strong>Kezelt szem\u00e9lyes adatok k\u00f6re<\/strong><\/td><td><strong>Adatkezel\u00e9s jogalapja<\/strong><\/td><td><strong>Adatkezel\u00e9s c\u00e9lja<\/strong><\/td><td><strong>Adatkezel\u00e9s id\u0151tartama<\/strong><\/td><\/tr><tr><td>&#8211; Teljes n\u00e9v;<br>&#8211; Telefonsz\u00e1m;<br>&#8211; Elektronikus \u00e9rtes\u00edt\u00e9si c\u00edme (emailc\u00edm)<\/td><td>GDPR 6. cikk (1) bekezd\u00e9s a) pontja alapj\u00e1n.<\/td><td>Az \u00c9rintett \u00e1ltal feltett k\u00e9rd\u00e9s megv\u00e1laszol\u00e1sa vagy egy\u00e9b inform\u00e1ci\u00f3 szolg\u00e1ltat\u00e1sa.<\/td><td>A hozz\u00e1j\u00e1rul\u00e1s visszavon\u00e1s\u00e1ig, de legk\u00e9s\u0151bb az utols\u00f3 kapcsolatfelv\u00e9telt\u0151l sz\u00e1m\u00edtott 30. (harmincadik) napon t\u00f6rl\u00e9sre ker\u00fclnek az adatok.<\/td><\/tr><tr><td>&#8211; IP c\u00edm<\/td><td>GDPR 6. cikk (1) bekezd\u00e9s a) pontja alapj\u00e1n.<\/td><td>Az Adatkezel\u0151 el\u00e9rhet\u0151s\u00e9g\u00e9nek biztos\u00edt\u00e1sa.<\/td><td>A hozz\u00e1j\u00e1rul\u00e1s visszavon\u00e1s\u00e1ig.<\/td><\/tr><tr><td>&#8211; Teljes n\u00e9v;<br>&#8211; Elektronikus \u00e9rtes\u00edt\u00e9si c\u00edme (emailc\u00edm)<\/td><td>GDPR 6. cikk (1) bekezd\u00e9s a) pontja alapj\u00e1n.<\/td><td>Adatkezel\u0151 szolg\u00e1ltat\u00e1sait bemutat\u00f3, n\u00e9pszer\u0171s\u00edt\u0151 elektronikus h\u00edrlev\u00e9l k\u00fcld\u00e9se.<\/td><td>A hozz\u00e1j\u00e1rul\u00e1s visszavon\u00e1s\u00e1ig.<\/td><\/tr><tr><td>&#8211; Teljes n\u00e9v;<br>&#8211; Elektronikus \u00e9rtes\u00edt\u00e9si c\u00edme (emailc\u00edm)<\/td><td>GDPR 6. cikk (1) bekezd\u00e9s a) pontja alapj\u00e1n.<\/td><td>\u00c9rintett r\u00e9szv\u00e9tele az adatkezel\u0151 \u00e1ltal szervezett k\u00e9pz\u00e9sen, szakmai rendezv\u00e9nyen.<\/td><td>A hozz\u00e1j\u00e1rul\u00e1s visszavon\u00e1s\u00e1ig.<\/td><\/tr><\/tbody><\/table><\/figure>\n\n\n\n<p><em>Az \u00c9rintett a hozz\u00e1j\u00e1rul\u00e1s\u00e1t b\u00e1rmikor visszavonhatja. A hozz\u00e1j\u00e1rul\u00e1s visszavon\u00e1sa nem \u00e9rinti a visszavon\u00e1st megel\u0151z\u0151 adatkezel\u00e9s jogszer\u0171s\u00e9g\u00e9t.<\/em><\/p>\n\n\n\n<p><\/p>\n<\/div>\n\n\n\n<h2 class=\"wp-block-heading has-text-color has-medium-font-size\" id=\"h-iii-automatizalt-donteshozatal-ideertve-a-profilalkotast-is\" style=\"color:#ab0e1e\"><strong>III. Automatiz\u00e1lt d\u00f6nt\u00e9shozatal (ide\u00e9rtve a profilalkot\u00e1st is):<\/strong><\/h2>\n\n\n\n<p>Az adatkezel\u00e9s sor\u00e1n automatiz\u00e1lt d\u00f6nt\u00e9shozatalra, ide\u00e9rtve a profilalkot\u00e1st is, nem ker\u00fcl sor.<\/p>\n\n\n\n<h2 class=\"wp-block-heading has-text-color has-medium-font-size\" id=\"h-iv-a-honlapon-alkalmazott-cookie-k-sutik\" style=\"color:#ab0e1e\"><strong>IV. A honlapon alkalmazott Cookie-k (s\u00fctik):<\/strong><\/h2>\n\n\n\n<figure class=\"wp-block-table\"><table><tbody><tr><td><strong>S\u00fcti t\u00edpusa<\/strong><\/td><td><strong>S\u00fcti megnevez\u00e9se<\/strong><\/td><td><strong>Szolg\u00e1ltat\u00f3<\/strong><\/td><td><strong>Adatkezel\u00e9s lej\u00e1rta<\/strong><\/td><\/tr><tr><td>HTTP Cookie<strong><\/strong><\/td><td>exp_csrf_token<strong><\/strong><\/td><td>andersen.com<strong><\/strong><\/td><td>1 nap<strong><\/strong><\/td><\/tr><tr><td>HTTP Cookie<strong><\/strong><\/td><td>PHPSESSID<strong><\/strong><\/td><td>andersen.com<strong><\/strong><\/td><td>Session<strong><\/strong><\/td><\/tr><tr><td>HTML Local Storage<strong><\/strong><\/td><td>rc::a<strong><\/strong><\/td><td>gstatic.com<strong><\/strong><\/td><td>Persistent<strong><\/strong><\/td><\/tr><tr><td>HTML Local Storage<\/td><td>rc::c<\/td><td>gstatic.com<\/td><td>Session<\/td><\/tr><tr><td>HTTP Cookie<\/td><td>CookieConsent<\/td><td>hu.andersen.com<\/td><td>1 \u00e9v<\/td><\/tr><tr><td>HTML Local Storage<\/td><td>wpEmojiSettingsSupports<\/td><td>hu.andersen.com<\/td><td>Session<\/td><\/tr><tr><td>HTTP Cookie<\/td><td>bcookie<\/td><td>linkedin.com<\/td><td>1 \u00e9v<\/td><\/tr><tr><td>HTTP Cookie<\/td><td>li_gc<\/td><td>linkedin.com<\/td><td>180 nap<\/td><\/tr><tr><td>HTTP Cookie<\/td><td>bscookie<\/td><td>www.linkedin.com<\/td><td>1 \u00e9v<\/td><\/tr><tr><td>HTTP Cookie<\/td><td>lidc<\/td><td>linkedin.com<\/td><td>1 nap<\/td><\/tr><tr><td>HTML Local Storage<\/td><td>logtracking_guid<\/td><td>static.fliphtml5.com<\/td><td>Persistent<\/td><\/tr><tr><td>HTTP Cookie<\/td><td>_ga<\/td><td>andersen.com<\/td><td>2 \u00e9v<\/td><\/tr><tr><td>HTTP Cookie<\/td><td>_ga_#<\/td><td>andersen.com<\/td><td>2 \u00e9v<\/td><\/tr><tr><td>HTTP Cookie<\/td><td>_gat<\/td><td>andersen.com<\/td><td>1 nap<\/td><\/tr><tr><td>HTTP Cookie<\/td><td>_gid<\/td><td>andersen.com<\/td><td>1 nap<\/td><\/tr><tr><td>HTTP Cookie<\/td><td>exp_last_activity<\/td><td>andersen.com<\/td><td>1 \u00e9v<\/td><\/tr><tr><td>HTTP Cookie<\/td><td>exp_last_visit<\/td><td>andersen.com<\/td><td>1 \u00e9v<\/td><\/tr><tr><td>HTTP Cookie<\/td><td>exp_tracker<\/td><td>andersen.com<\/td><td>Session<\/td><\/tr><tr><td>HTTP Cookie<\/td><td>ln_or<\/td><td>hu.andersen.com<\/td><td>1 nap<\/td><\/tr><tr><td>HTTP Cookie<\/td><td>AnalyticsSyncHistory<\/td><td>linkedin.com<\/td><td>30 nap<\/td><\/tr><tr><td>Pixel Tracker<\/td><td>td<\/td><td>www.googletagmanager.com<\/td><td>Session<\/td><\/tr><tr><td>HTTP Cookie<\/td><td>_fbp<\/td><td>andersen.com<\/td><td>3 h\u00f3nap<\/td><\/tr><tr><td>HTTP Cookie<\/td><td>li_sugr<\/td><td>linkedin.com<\/td><td>3 h\u00f3nap<\/td><\/tr><tr><td>HTTP Cookie<\/td><td>UserMatchHistory<\/td><td>linkedin.com<\/td><td>30 nap<\/td><\/tr><tr><td>HTML Local Storage<\/td><td>#URL#<\/td><td>static.fliphtml5.com<\/td><td>Persistent<\/td><\/tr><tr><td>HTML Local Storage<\/td><td>lastExternalReferrer<\/td><td>connect.facebook.net<\/td><td>Persistent<\/td><\/tr><tr><td>HTML Local Storage<\/td><td>lastExternalReferrerTime<\/td><td>connect.facebook.net<\/td><td>Persistent<\/td><\/tr><\/tbody><\/table><\/figure>\n\n\n\n<h2 class=\"wp-block-heading has-text-color has-medium-font-size\" id=\"h-v-a-szemelyes-adatok-tovabbitasa-a-szemelyes-adatok-cimzettjei-illetve-a-cimzettek-kategoriai\" style=\"color:#ab0e1e\"><strong>V. A szem\u00e9lyes adatok tov\u00e1bb\u00edt\u00e1sa, a szem\u00e9lyes adatok c\u00edmzettjei, illetve a c\u00edmzettek kateg\u00f3ri\u00e1i:<\/strong><\/h2>\n\n\n\n<p>Az Adatkezel\u0151 az al\u00e1bbi adatfeldolgoz\u00f3t veszi ig\u00e9nybe az adatkezel\u00e9ssel kapcsolatban:<\/p>\n\n\n\n<ul class=\"wp-block-list\">\n<li><strong>HAL 9900 Kft.<\/strong>; adatkezel\u00e9ssel \u00f6sszef\u00fcgg\u0151 tev\u00e9kenys\u00e9ge: informatikus; e-mail: hal9900@kg.hu<\/li>\n\n\n\n<li><strong>Brandlab Marketing \u00dcgyn\u00f6ks\u00e9g Kft.<\/strong>;adatkezel\u00e9ssel \u00f6sszef\u00fcgg\u0151 tev\u00e9kenys\u00e9ge: honlap \u00fczemeltet\u00e9s; e-mail: horvath.david@bradlab.hu<\/li>\n\n\n\n<li><strong>The Rocket Science Group, LLC;<\/strong> adatkezel\u00e9ssel \u00f6sszef\u00fcgg\u0151 tev\u00e9kenys\u00e9ge: h\u00edrlev\u00e9l k\u00fcld\u0151 rendszer<\/li>\n<\/ul>\n\n\n\n<p><strong><u>A szem\u00e9lyes adatok az al\u00e1bbi c\u00edmzettek r\u00e9sz\u00e9re ker\u00fclnek tov\u00e1bb\u00edt\u00e1sra:<\/u><\/strong><\/p>\n\n\n\n<p>A fentieken t\u00fal szem\u00e9lyes adatok nem ker\u00fclnek harmadik orsz\u00e1gba (azaz az Eur\u00f3pai Uni\u00f3n k\u00edv\u00fclre), illetve nemzetk\u00f6zi szervezet r\u00e9sz\u00e9re tov\u00e1bb\u00edt\u00e1sra.<\/p>\n\n\n\n<h2 class=\"wp-block-heading has-text-color has-medium-font-size\" id=\"h-vi-az-erintett-adatkezelessel-kapcsolatos-jogai\" style=\"color:#ab0e1e\"><strong>VI. Az \u00c9rintett adatkezel\u00e9ssel kapcsolatos jogai:<\/strong><\/h2>\n\n\n\n<p>Az \u00c9rintett k\u00e9rheti az Adatkezel\u0151t\u0151l:<\/p>\n\n\n\n<p>a)&nbsp;&nbsp;&nbsp; a r\u00e1 vonatkoz\u00f3 szem\u00e9lyes adatokhoz val\u00f3 hozz\u00e1f\u00e9r\u00e9st,<br>b)&nbsp;&nbsp;&nbsp; szem\u00e9lyes adatainak helyesb\u00edt\u00e9s\u00e9t, valamint<br>c)&nbsp;&nbsp;&nbsp; szem\u00e9lyes adatainak &#8211; a k\u00f6telez\u0151 adatkezel\u00e9s kiv\u00e9tel\u00e9vel &#8211; t\u00f6rl\u00e9s\u00e9t vagy kezel\u00e9s\u00e9nek korl\u00e1toz\u00e1s\u00e1t.<\/p>\n\n\n\n<p><strong><u>Hozz\u00e1f\u00e9r\u00e9s joga:<\/u><\/strong><\/p>\n\n\n\n<p>Az \u00c9rintett jogosult arra, hogy az Adatkezel\u0151t\u0151l visszajelz\u00e9st kapjon arra vonatkoz\u00f3an, hogy szem\u00e9lyes adatainak kezel\u00e9se folyamatban van-e, \u00e9s ha ilyen adatkezel\u00e9s folyamatban van, jogosult arra, hogy a szem\u00e9lyes adatokhoz hozz\u00e1f\u00e9r\u00e9st kapjon. Az Adatkezel\u0151 az adatkezel\u00e9s t\u00e1rgy\u00e1t k\u00e9pez\u0151 szem\u00e9lyes adatok m\u00e1solat\u00e1t az \u00c9rintett rendelkez\u00e9s\u00e9re bocs\u00e1tja. Az \u00c9rintett \u00e1ltal k\u00e9rt tov\u00e1bbi m\u00e1solatok\u00e9rt az Adatkezel\u0151 az adminisztrat\u00edv k\u00f6lts\u00e9geken alapul\u00f3, \u00e9szszer\u0171 m\u00e9rt\u00e9k\u0171 d\u00edjat sz\u00e1m\u00edthat fel. Ha az \u00c9rintett elektronikus \u00faton ny\u00fajtotta be a k\u00e9relmet, az inform\u00e1ci\u00f3kat sz\u00e9les k\u00f6rben haszn\u00e1lt elektronikus form\u00e1tumban kell rendelkez\u00e9sre bocs\u00e1tani, kiv\u00e9ve, ha az \u00c9rintett m\u00e1sk\u00e9nt k\u00e9ri.<\/p>\n\n\n\n<p><strong><u>Helyesb\u00edt\u00e9shez val\u00f3 jog:<\/u><\/strong><\/p>\n\n\n\n<p>Az \u00c9rintett jogosult arra, hogy k\u00e9r\u00e9s\u00e9re az Adatkezel\u0151 indokolatlan k\u00e9sedelem n\u00e9lk\u00fcl helyesb\u00edtse a r\u00e1 vonatkoz\u00f3 pontatlan szem\u00e9lyes adatokat.<\/p>\n\n\n\n<p><strong><u>T\u00f6rl\u00e9shez val\u00f3 jog:<\/u><\/strong><\/p>\n\n\n\n<p>Az \u00c9rintett jogosult arra, hogy k\u00e9r\u00e9s\u00e9re az Adatkezel\u0151 indokolatlan k\u00e9sedelem n\u00e9lk\u00fcl t\u00f6r\u00f6lje a r\u00e1 vonatkoz\u00f3 szem\u00e9lyes adatokat, az Adatkezel\u0151 pedig k\u00f6teles arra, hogy az \u00c9rintettre vonatkoz\u00f3 szem\u00e9lyes adatokat indokolatlan k\u00e9sedelem n\u00e9lk\u00fcl t\u00f6r\u00f6lje, ha az al\u00e1bbi indokok valamelyike fenn\u00e1ll:<\/p>\n\n\n\n<p>a)&nbsp; a szem\u00e9lyes adatokra m\u00e1r nincs sz\u00fcks\u00e9g abb\u00f3l a c\u00e9lb\u00f3l, amelyb\u0151l azokat gy\u0171jt\u00f6tt\u00e9k vagy m\u00e1s m\u00f3don kezelt\u00e9k;<br>b)&nbsp; az \u00c9rintett visszavonja a GDPR 6. cikk (1) bekezd\u00e9s\u00e9nek a) pontja vagy a 9. cikk (2) bekezd\u00e9s\u00e9nek a) pontja \u00e9rtelm\u00e9ben az adatkezel\u00e9s alapj\u00e1t k\u00e9pez\u0151 hozz\u00e1j\u00e1rul\u00e1s\u00e1t, \u00e9s az adatkezel\u00e9snek nincs m\u00e1s jogalapja;<br>c)&nbsp; az \u00c9rintett a GDPR 21. cikk (1) bekezd\u00e9se alapj\u00e1n tiltakozik az adatkezel\u00e9s ellen, \u00e9s nincs els\u0151bbs\u00e9get \u00e9lvez\u0151 jogszer\u0171 ok az adatkezel\u00e9sre, vagy az \u00c9rintett a GDPR 21. cikk (2) bekezd\u00e9se alapj\u00e1n tiltakozik az adatkezel\u00e9s ellen;<br>d)&nbsp; a szem\u00e9lyes adatokat jogellenesen kezelt\u00e9k;<br>e)&nbsp; a szem\u00e9lyes adatokat az Adatkezel\u0151re alkalmazand\u00f3 uni\u00f3s vagy tag\u00e1llami jogban el\u0151\u00edrt jogi k\u00f6telezetts\u00e9g teljes\u00edt\u00e9s\u00e9hez t\u00f6r\u00f6lni kell;<br>f)&nbsp;&nbsp; a szem\u00e9lyes adatok gy\u0171jt\u00e9s\u00e9re a GDPR 8. cikk (1) bekezd\u00e9s\u00e9ben eml\u00edtett, inform\u00e1ci\u00f3s t\u00e1rsadalommal \u00f6sszef\u00fcgg\u0151 szolg\u00e1ltat\u00e1sok k\u00edn\u00e1l\u00e1s\u00e1val kapcsolatosan ker\u00fclt sor (gyermek hozz\u00e1j\u00e1rul\u00e1s\u00e1ra vonatkoz\u00f3 felt\u00e9telek).<\/p>\n\n\n\n<p><strong><u>Adatkezel\u00e9s korl\u00e1toz\u00e1s\u00e1hoz val\u00f3 jog:<\/u><\/strong><\/p>\n\n\n\n<p>Az \u00c9rintett jogosult arra, hogy k\u00e9r\u00e9s\u00e9re az Adatkezel\u0151 korl\u00e1tozza az adatkezel\u00e9st, ha az al\u00e1bbiak valamelyike teljes\u00fcl:<\/p>\n\n\n\n<p>a)&nbsp; az \u00c9rintett vitatja a szem\u00e9lyes adatok pontoss\u00e1g\u00e1t, ez esetben a korl\u00e1toz\u00e1s arra az id\u0151tartamra vonatkozik, amely lehet\u0151v\u00e9 teszi, hogy az Adatkezel\u0151 ellen\u0151rizze a szem\u00e9lyes adatok pontoss\u00e1g\u00e1t;<br>b)&nbsp; az adatkezel\u00e9s jogellenes, \u00e9s az \u00c9rintett ellenzi az adatok t\u00f6rl\u00e9s\u00e9t, \u00e9s ehelyett k\u00e9ri azok felhaszn\u00e1l\u00e1s\u00e1nak korl\u00e1toz\u00e1s\u00e1t;<br>c)&nbsp; az Adatkezel\u0151nek m\u00e1r nincs sz\u00fcks\u00e9ge a szem\u00e9lyes adatokra adatkezel\u00e9s c\u00e9lj\u00e1b\u00f3l, de az \u00e9rintett ig\u00e9nyli azokat jogi ig\u00e9nyek el\u0151terjeszt\u00e9s\u00e9hez, \u00e9rv\u00e9nyes\u00edt\u00e9s\u00e9hez vagy v\u00e9delm\u00e9hez; vagy<br>d)&nbsp; az \u00c9rintett a GDPR 21. cikk (1) bekezd\u00e9se szerint tiltakozott az adatkezel\u00e9s ellen; ez esetben a korl\u00e1toz\u00e1s arra az id\u0151tartamra vonatkozik, am\u00edg meg\u00e1llap\u00edt\u00e1sra nem ker\u00fcl, hogy az Adatkezel\u0151 jogos indokai els\u0151bbs\u00e9get \u00e9lveznek-e az \u00c9rintett jogos indokaival szemben.<\/p>\n\n\n\n<p>Ha az adatkezel\u00e9s korl\u00e1toz\u00e1s al\u00e1 esik, az ilyen szem\u00e9lyes adatokat a t\u00e1rol\u00e1s kiv\u00e9tel\u00e9vel csak az \u00c9rintett hozz\u00e1j\u00e1rul\u00e1s\u00e1val, vagy jogi ig\u00e9nyek el\u0151terjeszt\u00e9s\u00e9hez, \u00e9rv\u00e9nyes\u00edt\u00e9s\u00e9hez vagy v\u00e9delm\u00e9hez, vagy m\u00e1s term\u00e9szetes vagy jogi szem\u00e9ly jogainak v\u00e9delme \u00e9rdek\u00e9ben, vagy az Uni\u00f3, illetve valamely tag\u00e1llam fontos k\u00f6z\u00e9rdek\u00e9b\u0151l lehet kezelni.<\/p>\n\n\n\n<p><strong><u>Adathordozhat\u00f3s\u00e1ghoz val\u00f3 jog:<\/u><\/strong><\/p>\n\n\n\n<p>Az \u00c9rintett tov\u00e1bb\u00e1 jogosult arra, hogy a r\u00e1 vonatkoz\u00f3, \u00e1ltala az Adatkezel\u0151 rendelkez\u00e9s\u00e9re bocs\u00e1tott szem\u00e9lyes adatokat tagolt, sz\u00e9les k\u00f6rben haszn\u00e1lt, g\u00e9ppel olvashat\u00f3 form\u00e1tumban megkapja, tov\u00e1bb\u00e1 jogosult arra, hogy ezeket az adatokat egy m\u00e1sik adatkezel\u0151nek tov\u00e1bb\u00edtsa an\u00e9lk\u00fcl, hogy ezt akad\u00e1lyozn\u00e1 az az Adatkezel\u0151, amelynek a szem\u00e9lyes adatokat a rendelkez\u00e9s\u00e9re bocs\u00e1totta, ha: (i) az adatkezel\u00e9s a GDPR 6. cikk (1) bekezd\u00e9s\u00e9nek a) pontja vagy a 9. cikk (2) bekezd\u00e9s\u00e9nek a) pontja szerinti hozz\u00e1j\u00e1rul\u00e1son, vagy a GDPR 6. cikk (1) bekezd\u00e9s\u00e9nek b) pontja szerinti szerz\u0151d\u00e9sen alapul; \u00e9s (ii) az adatkezel\u00e9s automatiz\u00e1lt m\u00f3don t\u00f6rt\u00e9nik.<\/p>\n\n\n\n<p><strong><u>Tiltakoz\u00e1shoz val\u00f3 jog:<\/u><\/strong><\/p>\n\n\n\n<p>Az \u00c9rintett jogosult arra, hogy a saj\u00e1t helyzet\u00e9vel kapcsolatos okokb\u00f3l b\u00e1rmikor tiltakozzon szem\u00e9lyes adatainak a 6. cikk (1) bekezd\u00e9s\u00e9nek e) vagy f) pontj\u00e1n alapul\u00f3 kezel\u00e9se ellen, ide\u00e9rtve az eml\u00edtett rendelkez\u00e9seken alapul\u00f3 profilalkot\u00e1st is. Ebben az esetben az adatkezel\u0151 a szem\u00e9lyes adatokat nem kezelheti tov\u00e1bb, kiv\u00e9ve, ha az Adatkezel\u0151 bizony\u00edtja, hogy az adatkezel\u00e9st olyan k\u00e9nyszer\u00edt\u0151 erej\u0171 jogos okok indokolj\u00e1k, amelyek els\u0151bbs\u00e9get \u00e9lveznek az \u00c9rintett \u00e9rdekeivel, jogaival \u00e9s szabads\u00e1gaival szemben, vagy amelyek jogi ig\u00e9nyek el\u0151terjeszt\u00e9s\u00e9hez, \u00e9rv\u00e9nyes\u00edt\u00e9s\u00e9hez vagy v\u00e9delm\u00e9hez kapcsol\u00f3dnak.<\/p>\n\n\n\n<p>Ha a szem\u00e9lyes adatok kezel\u00e9se k\u00f6zvetlen \u00fczletszerz\u00e9s \u00e9rdek\u00e9ben t\u00f6rt\u00e9nik, az \u00c9rintett jogosult arra, hogy b\u00e1rmikor tiltakozzon a r\u00e1 vonatkoz\u00f3 szem\u00e9lyes adatok e c\u00e9lb\u00f3l t\u00f6rt\u00e9n\u0151 kezel\u00e9se ellen, ide\u00e9rtve a profilalkot\u00e1st is, amennyiben az a k\u00f6zvetlen \u00fczletszerz\u00e9shez kapcsol\u00f3dik. Ha az \u00c9rintett tiltakozik a szem\u00e9lyes adatok k\u00f6zvetlen \u00fczletszerz\u00e9s \u00e9rdek\u00e9ben t\u00f6rt\u00e9n\u0151 kezel\u00e9se ellen, akkor a szem\u00e9lyes adatok a tov\u00e1bbiakban e c\u00e9lb\u00f3l nem kezelhet\u0151k.<\/p>\n\n\n\n<p><strong><u>Az \u00c9rintetti joggyakorl\u00e1s \u00e1ltal\u00e1nos szab\u00e1lyai:<\/u><\/strong><\/p>\n\n\n\n<p>Az Adatkezel\u0151 indokolatlan k\u00e9sedelem n\u00e9lk\u00fcl, de legfeljebb a k\u00e9relem be\u00e9rkez\u00e9s\u00e9t\u0151l sz\u00e1m\u00edtott egy h\u00f3napon bel\u00fcl t\u00e1j\u00e9koztatja az \u00c9rintettet k\u00e9relme nyom\u00e1n hozott int\u00e9zked\u00e9sekr\u0151l. Sz\u00fcks\u00e9g eset\u00e9n, figyelembe v\u00e9ve a k\u00e9relem \u00f6sszetetts\u00e9g\u00e9t \u00e9s a k\u00e9relmek sz\u00e1m\u00e1t, ez a hat\u00e1rid\u0151 tov\u00e1bbi k\u00e9t h\u00f3nappal meghosszabb\u00edthat\u00f3. A hat\u00e1rid\u0151 meghosszabb\u00edt\u00e1s\u00e1r\u00f3l az Adatkezel\u0151 a k\u00e9sedelem okainak megjel\u00f6l\u00e9s\u00e9vel a k\u00e9relem k\u00e9zhezv\u00e9tel\u00e9t\u0151l sz\u00e1m\u00edtott egy h\u00f3napon bel\u00fcl t\u00e1j\u00e9koztatja az \u00c9rintettet. Ha az \u00c9rintett elektronikus \u00faton ny\u00fajtotta be a k\u00e9relmet, a t\u00e1j\u00e9koztat\u00e1st lehet\u0151s\u00e9g szerint elektronikus \u00faton kell megadni, kiv\u00e9ve, ha az \u00c9rintett azt m\u00e1sk\u00e9nt k\u00e9ri.<\/p>\n\n\n\n<p>Az Adatkezel\u0151 az \u00c9rintett r\u00e9sz\u00e9re a t\u00e1j\u00e9koztat\u00e1st \u00e9s int\u00e9zked\u00e9st d\u00edjmentesen biztos\u00edtja. Ha az \u00c9rintett k\u00e9relme egy\u00e9rtelm\u0171en megalapozatlan vagy \u2013 k\u00fcl\u00f6n\u00f6sen ism\u00e9tl\u0151d\u0151 jellege miatt \u2013 t\u00falz\u00f3, az Adatkezel\u0151, figyelemmel a k\u00e9rt inform\u00e1ci\u00f3 vagy t\u00e1j\u00e9koztat\u00e1s ny\u00fajt\u00e1s\u00e1val vagy a k\u00e9rt int\u00e9zked\u00e9s meghozatal\u00e1val j\u00e1r\u00f3 adminisztrat\u00edv k\u00f6lts\u00e9gekre:<\/p>\n\n\n\n<p>a)&nbsp; \u00e9szszer\u0171 \u00f6sszeg\u0171 d\u00edjat sz\u00e1m\u00edthat fel, vagy<br>b)&nbsp; megtagadhatja a k\u00e9relem alapj\u00e1n t\u00f6rt\u00e9n\u0151 int\u00e9zked\u00e9st.<\/p>\n\n\n\n<p>A k\u00e9relem egy\u00e9rtelm\u0171en megalapozatlan vagy t\u00falz\u00f3 jelleg\u00e9nek bizony\u00edt\u00e1sa az Adatkezel\u0151t terheli.<\/p>\n\n\n\n<p>Ha az Adatkezel\u0151nek megalapozott k\u00e9ts\u00e9gei vannak a k\u00e9relmet beny\u00fajt\u00f3 term\u00e9szetes szem\u00e9ly kil\u00e9t\u00e9vel kapcsolatban, tov\u00e1bbi, az \u00c9rintett szem\u00e9lyazonoss\u00e1g\u00e1nak meger\u0151s\u00edt\u00e9s\u00e9hez sz\u00fcks\u00e9ges inform\u00e1ci\u00f3k ny\u00fajt\u00e1s\u00e1t k\u00e9rheti.<\/p>\n\n\n\n<h2 class=\"wp-block-heading has-text-color has-medium-font-size\" id=\"h-vii-jogervenyesitesi-lehetosegek\" style=\"color:#ab0e1e\"><strong>VII. Jog\u00e9rv\u00e9nyes\u00edt\u00e9si lehet\u0151s\u00e9gek:<\/strong><\/h2>\n\n\n\n<p>Az \u00c9rintett a jogainak megs\u00e9rt\u00e9se eset\u00e9n az Adatkezel\u0151vel szemben b\u00edr\u00f3s\u00e1ghoz fordulhat. A b\u00edr\u00f3s\u00e1g az \u00fcgyben soron k\u00edv\u00fcl j\u00e1r el. Azt, hogy az adatkezel\u00e9s a jogszab\u00e1lyban foglaltaknak megfelel, az Adatkezel\u0151 k\u00f6teles bizony\u00edtani. A per elb\u00edr\u00e1l\u00e1sa a t\u00f6rv\u00e9nysz\u00e9k, a f\u0151v\u00e1rosban a F\u0151v\u00e1rosi T\u00f6rv\u00e9nysz\u00e9k hat\u00e1sk\u00f6r\u00e9be tartozik. A per az \u00c9rintett magyarorsz\u00e1gi lak\u00f3helye vagy tart\u00f3zkod\u00e1si helye szerinti t\u00f6rv\u00e9nysz\u00e9k el\u0151tt is megind\u00edthat\u00f3.<\/p>\n\n\n\n<p>Az Adatkezel\u0151 az \u00c9rintett adatainak jogellenes kezel\u00e9s\u00e9vel, vagy az adatbiztons\u00e1g k\u00f6vetelm\u00e9nyeinek megszeg\u00e9s\u00e9vel m\u00e1snak okozott k\u00e1rt k\u00f6teles megt\u00e9r\u00edteni. Az Adatkezel\u0151 mentes\u00fcl a felel\u0151ss\u00e9g al\u00f3l, ha bizony\u00edtja, hogy a k\u00e1rt az adatkezel\u00e9s k\u00f6r\u00e9n k\u00edv\u00fcl es\u0151 elh\u00e1r\u00edthatatlan ok id\u00e9zte el\u0151. Nem kell megt\u00e9r\u00edteni a k\u00e1rt annyiban, amennyiben az a k\u00e1rosult sz\u00e1nd\u00e9kos vagy s\u00falyosan gondatlan magatart\u00e1s\u00e1b\u00f3l sz\u00e1rmazott.<\/p>\n\n\n\n<p>Az \u00c9rintett a szem\u00e9lyes adatai kezel\u00e9s\u00e9vel kapcsolatos panasz eset\u00e9n a Nemzeti Adatv\u00e9delmi \u00e9s Inform\u00e1ci\u00f3szabads\u00e1g Hat\u00f3s\u00e1ghoz is fordulhat (dr. P\u00e9terfalvi Attila a Nemzeti Adatv\u00e9delmi \u00e9s Inform\u00e1ci\u00f3szabads\u00e1g Hat\u00f3s\u00e1g eln\u00f6ke, postai c\u00edm: 1363 Budapest, Pf.: 9., c\u00edm: 1055 Budapest, Falk Miksa utca 9-11, telefon: +36 (1) 391-1400; fax: +36 (1) 391-1410; e-mail: <a href=\"mailto:ugyfelszolgalat@naih.hu\" target=\"_blank\" rel=\"noreferrer noopener\">ugyfelszolgalat@naih.hu<\/a>; honlap: <a href=\"https:\/\/naih.hu\" target=\"_blank\" rel=\"noreferrer noopener\">https:\/\/naih.hu<\/a>).<\/p>\n","protected":false},"excerpt":{"rendered":"<\/p>\n","protected":false},"author":1028,"featured_media":1536,"parent":0,"menu_order":0,"comment_status":"closed","ping_status":"closed","template":"templates\/page_inner_services.php","meta":{"_acf_changed":false,"_genesis_hide_title":false,"_genesis_hide_breadcrumbs":false,"_genesis_hide_singular_image":false,"_genesis_hide_footer_widgets":false,"_genesis_custom_body_class":"","_genesis_custom_post_class":"","_genesis_layout":"","footnotes":""},"class_list":{"0":"post-1694","1":"page","2":"type-page","3":"status-publish","4":"has-post-thumbnail","6":"entry"},"acf":[],"featured_image_src":"https:\/\/hu.andersen.com\/wp-content\/uploads\/2020\/06\/15-privacy-policy.jpg","yoast_head":"<!-- This site is optimized with the Yoast SEO Premium plugin v27.4 (Yoast SEO v27.4) - https:\/\/yoast.com\/product\/yoast-seo-premium-wordpress\/ -->\n<title>Adatv\u00e9delmi \u00e9s Adatkezel\u00e9si t\u00e1j\u00e9koztat\u00f3 - Andersen Magyarorsz\u00e1g<\/title>\n<meta name=\"robots\" content=\"index, follow, max-snippet:-1, max-image-preview:large, max-video-preview:-1\" \/>\n<link rel=\"canonical\" href=\"https:\/\/hu.andersen.com\/hu\/adatkezeles-es-adatvedelem\/\" \/>\n<meta property=\"og:locale\" content=\"hu_HU\" \/>\n<meta property=\"og:type\" content=\"article\" \/>\n<meta property=\"og:title\" content=\"Adatv\u00e9delmi \u00e9s Adatkezel\u00e9si t\u00e1j\u00e9koztat\u00f3\" \/>\n<meta property=\"og:url\" content=\"https:\/\/hu.andersen.com\/hu\/adatkezeles-es-adatvedelem\/\" \/>\n<meta property=\"og:site_name\" content=\"Andersen Magyarorsz\u00e1g\" \/>\n<meta property=\"article:modified_time\" content=\"2025-03-06T15:52:00+00:00\" \/>\n<meta property=\"og:image\" content=\"https:\/\/hu.andersen.com\/wp-content\/uploads\/2020\/06\/15-privacy-policy.jpg\" \/>\n\t<meta property=\"og:image:width\" content=\"1170\" \/>\n\t<meta property=\"og:image:height\" content=\"270\" \/>\n\t<meta property=\"og:image:type\" content=\"image\/jpeg\" \/>\n<meta name=\"twitter:card\" content=\"summary_large_image\" \/>\n<meta name=\"twitter:label1\" content=\"Becs\u00fclt olvas\u00e1si id\u0151\" \/>\n\t<meta name=\"twitter:data1\" content=\"12 perc\" \/>\n<script type=\"application\/ld+json\" class=\"yoast-schema-graph\">{\"@context\":\"https:\\\/\\\/schema.org\",\"@graph\":[{\"@type\":\"WebPage\",\"@id\":\"https:\\\/\\\/hu.andersen.com\\\/hu\\\/adatkezeles-es-adatvedelem\\\/\",\"url\":\"https:\\\/\\\/hu.andersen.com\\\/hu\\\/adatkezeles-es-adatvedelem\\\/\",\"name\":\"Adatv\u00e9delmi \u00e9s Adatkezel\u00e9si t\u00e1j\u00e9koztat\u00f3 - Andersen Magyarorsz\u00e1g\",\"isPartOf\":{\"@id\":\"https:\\\/\\\/hu.andersen.com\\\/#website\"},\"primaryImageOfPage\":{\"@id\":\"https:\\\/\\\/hu.andersen.com\\\/hu\\\/adatkezeles-es-adatvedelem\\\/#primaryimage\"},\"image\":{\"@id\":\"https:\\\/\\\/hu.andersen.com\\\/hu\\\/adatkezeles-es-adatvedelem\\\/#primaryimage\"},\"thumbnailUrl\":\"https:\\\/\\\/hu.andersen.com\\\/wp-content\\\/uploads\\\/2020\\\/06\\\/15-privacy-policy.jpg\",\"datePublished\":\"2020-06-17T20:29:26+00:00\",\"dateModified\":\"2025-03-06T15:52:00+00:00\",\"breadcrumb\":{\"@id\":\"https:\\\/\\\/hu.andersen.com\\\/hu\\\/adatkezeles-es-adatvedelem\\\/#breadcrumb\"},\"inLanguage\":\"hu\",\"potentialAction\":[{\"@type\":\"ReadAction\",\"target\":[\"https:\\\/\\\/hu.andersen.com\\\/hu\\\/adatkezeles-es-adatvedelem\\\/\"]}]},{\"@type\":\"ImageObject\",\"inLanguage\":\"hu\",\"@id\":\"https:\\\/\\\/hu.andersen.com\\\/hu\\\/adatkezeles-es-adatvedelem\\\/#primaryimage\",\"url\":\"https:\\\/\\\/hu.andersen.com\\\/wp-content\\\/uploads\\\/2020\\\/06\\\/15-privacy-policy.jpg\",\"contentUrl\":\"https:\\\/\\\/hu.andersen.com\\\/wp-content\\\/uploads\\\/2020\\\/06\\\/15-privacy-policy.jpg\",\"width\":1170,\"height\":270},{\"@type\":\"BreadcrumbList\",\"@id\":\"https:\\\/\\\/hu.andersen.com\\\/hu\\\/adatkezeles-es-adatvedelem\\\/#breadcrumb\",\"itemListElement\":[{\"@type\":\"ListItem\",\"position\":1,\"name\":\"Kezd\u0151lap\",\"item\":\"https:\\\/\\\/hu.andersen.com\\\/hu\\\/\"},{\"@type\":\"ListItem\",\"position\":2,\"name\":\"Adatv\u00e9delmi \u00e9s Adatkezel\u00e9si t\u00e1j\u00e9koztat\u00f3\"}]},{\"@type\":\"WebSite\",\"@id\":\"https:\\\/\\\/hu.andersen.com\\\/#website\",\"url\":\"https:\\\/\\\/hu.andersen.com\\\/\",\"name\":\"Andersen In Hungary\",\"description\":\"Ad\u00f3tan\u00e1csad\u00e1s \u00e9s jogi tan\u00e1csad\u00e1s\",\"potentialAction\":[{\"@type\":\"SearchAction\",\"target\":{\"@type\":\"EntryPoint\",\"urlTemplate\":\"https:\\\/\\\/hu.andersen.com\\\/?s={search_term_string}\"},\"query-input\":{\"@type\":\"PropertyValueSpecification\",\"valueRequired\":true,\"valueName\":\"search_term_string\"}}],\"inLanguage\":\"hu\"}]}<\/script>\n<!-- \/ Yoast SEO Premium plugin. -->","yoast_head_json":{"title":"Adatv\u00e9delmi \u00e9s Adatkezel\u00e9si t\u00e1j\u00e9koztat\u00f3 - Andersen Magyarorsz\u00e1g","robots":{"index":"index","follow":"follow","max-snippet":"max-snippet:-1","max-image-preview":"max-image-preview:large","max-video-preview":"max-video-preview:-1"},"canonical":"https:\/\/hu.andersen.com\/hu\/adatkezeles-es-adatvedelem\/","og_locale":"hu_HU","og_type":"article","og_title":"Adatv\u00e9delmi \u00e9s Adatkezel\u00e9si t\u00e1j\u00e9koztat\u00f3","og_url":"https:\/\/hu.andersen.com\/hu\/adatkezeles-es-adatvedelem\/","og_site_name":"Andersen Magyarorsz\u00e1g","article_modified_time":"2025-03-06T15:52:00+00:00","og_image":[{"width":1170,"height":270,"url":"https:\/\/hu.andersen.com\/wp-content\/uploads\/2020\/06\/15-privacy-policy.jpg","type":"image\/jpeg"}],"twitter_card":"summary_large_image","twitter_misc":{"Becs\u00fclt olvas\u00e1si id\u0151":"12 perc"},"schema":{"@context":"https:\/\/schema.org","@graph":[{"@type":"WebPage","@id":"https:\/\/hu.andersen.com\/hu\/adatkezeles-es-adatvedelem\/","url":"https:\/\/hu.andersen.com\/hu\/adatkezeles-es-adatvedelem\/","name":"Adatv\u00e9delmi \u00e9s Adatkezel\u00e9si t\u00e1j\u00e9koztat\u00f3 - Andersen Magyarorsz\u00e1g","isPartOf":{"@id":"https:\/\/hu.andersen.com\/#website"},"primaryImageOfPage":{"@id":"https:\/\/hu.andersen.com\/hu\/adatkezeles-es-adatvedelem\/#primaryimage"},"image":{"@id":"https:\/\/hu.andersen.com\/hu\/adatkezeles-es-adatvedelem\/#primaryimage"},"thumbnailUrl":"https:\/\/hu.andersen.com\/wp-content\/uploads\/2020\/06\/15-privacy-policy.jpg","datePublished":"2020-06-17T20:29:26+00:00","dateModified":"2025-03-06T15:52:00+00:00","breadcrumb":{"@id":"https:\/\/hu.andersen.com\/hu\/adatkezeles-es-adatvedelem\/#breadcrumb"},"inLanguage":"hu","potentialAction":[{"@type":"ReadAction","target":["https:\/\/hu.andersen.com\/hu\/adatkezeles-es-adatvedelem\/"]}]},{"@type":"ImageObject","inLanguage":"hu","@id":"https:\/\/hu.andersen.com\/hu\/adatkezeles-es-adatvedelem\/#primaryimage","url":"https:\/\/hu.andersen.com\/wp-content\/uploads\/2020\/06\/15-privacy-policy.jpg","contentUrl":"https:\/\/hu.andersen.com\/wp-content\/uploads\/2020\/06\/15-privacy-policy.jpg","width":1170,"height":270},{"@type":"BreadcrumbList","@id":"https:\/\/hu.andersen.com\/hu\/adatkezeles-es-adatvedelem\/#breadcrumb","itemListElement":[{"@type":"ListItem","position":1,"name":"Kezd\u0151lap","item":"https:\/\/hu.andersen.com\/hu\/"},{"@type":"ListItem","position":2,"name":"Adatv\u00e9delmi \u00e9s Adatkezel\u00e9si t\u00e1j\u00e9koztat\u00f3"}]},{"@type":"WebSite","@id":"https:\/\/hu.andersen.com\/#website","url":"https:\/\/hu.andersen.com\/","name":"Andersen In Hungary","description":"Ad\u00f3tan\u00e1csad\u00e1s \u00e9s jogi tan\u00e1csad\u00e1s","potentialAction":[{"@type":"SearchAction","target":{"@type":"EntryPoint","urlTemplate":"https:\/\/hu.andersen.com\/?s={search_term_string}"},"query-input":{"@type":"PropertyValueSpecification","valueRequired":true,"valueName":"search_term_string"}}],"inLanguage":"hu"}]}},"_links":{"self":[{"href":"https:\/\/hu.andersen.com\/hu\/wp-json\/wp\/v2\/pages\/1694","targetHints":{"allow":["GET"]}}],"collection":[{"href":"https:\/\/hu.andersen.com\/hu\/wp-json\/wp\/v2\/pages"}],"about":[{"href":"https:\/\/hu.andersen.com\/hu\/wp-json\/wp\/v2\/types\/page"}],"author":[{"embeddable":true,"href":"https:\/\/hu.andersen.com\/hu\/wp-json\/wp\/v2\/users\/1028"}],"replies":[{"embeddable":true,"href":"https:\/\/hu.andersen.com\/hu\/wp-json\/wp\/v2\/comments?post=1694"}],"version-history":[{"count":13,"href":"https:\/\/hu.andersen.com\/hu\/wp-json\/wp\/v2\/pages\/1694\/revisions"}],"predecessor-version":[{"id":12833,"href":"https:\/\/hu.andersen.com\/hu\/wp-json\/wp\/v2\/pages\/1694\/revisions\/12833"}],"wp:featuredmedia":[{"embeddable":true,"href":"https:\/\/hu.andersen.com\/hu\/wp-json\/wp\/v2\/media\/1536"}],"wp:attachment":[{"href":"https:\/\/hu.andersen.com\/hu\/wp-json\/wp\/v2\/media?parent=1694"}],"curies":[{"name":"wp","href":"https:\/\/api.w.org\/{rel}","templated":true}]}}