{"id":12577,"date":"2025-01-24T19:31:57","date_gmt":"2025-01-24T18:31:57","guid":{"rendered":"https:\/\/hu.andersen.com\/?post_type=services&#038;p=12577"},"modified":"2025-12-15T16:44:26","modified_gmt":"2025-12-15T15:44:26","slug":"adojogszabaly-figyeles","status":"publish","type":"services","link":"https:\/\/hu.andersen.com\/hu\/adotanacsadas-szolgaltatas\/egyeb-szolgaltatasok\/adojogszabaly-figyeles\/","title":{"rendered":"Ad\u00f3jogszab\u00e1ly figyel\u00e9s, ad\u00f3jogszab\u00e1ly k\u00f6vet\u00e9s"},"content":{"rendered":"\n<div style=\"height:32px\" aria-hidden=\"true\" class=\"wp-block-spacer\"><\/div>\n\n\n\n<p><strong>Az ad\u00f3- \u00e9s sz\u00e1mviteli szab\u00e1lyoz\u00e1s (t\u00f6rv\u00e9nyek, rendeletek \u00e9s alacsonyabb rend\u0171 jogszab\u00e1lyok) v\u00e1ltoz\u00e1sainak id\u0151szakos nyomon k\u00f6vet\u00e9s\u00e9re.<\/strong><\/p>\n\n\n\n<h2 class=\"wp-block-heading has-text-color has-link-color has-medium-font-size wp-elements-cc4c057492d2018ef95c826215318e38\" id=\"h-gyakori-adojogszabaly-valtozasok\" style=\"color:#ab0e1e\"><strong>Gyakori ad\u00f3jogszab\u00e1ly v\u00e1ltoz\u00e1sok<\/strong><\/h2>\n\n\n\n<p>Az ad\u00f3jogszab\u00e1lyok gyakori v\u00e1ltoz\u00e1sa a magyar jogalkot\u00e1si gyakorlat egyik saj\u00e1toss\u00e1g\u00e1nak sz\u00e1m\u00edt az elm\u00falt \u00e9vekben. A jelens\u00e9g h\u00e1tter\u00e9ben r\u00e9szben a k\u00fcls\u0151 k\u00f6rnyezet kedvez\u0151tlen alakul\u00e1sa, r\u00e9szben pedig a bels\u0151 gazdas\u00e1gi folyamatok \u00e9s a k\u00f6lts\u00e9gvet\u00e9s helyzete \u00e1ll. A vonatkoz\u00f3 t\u00f6rv\u00e9nyek \u00e9s rendeletek \u00e9vente ak\u00e1r t\u00f6bbsz\u00f6r is v\u00e1ltozhatnak, specifikus \u00e9s nehezen \u00e9rtelmezhet\u0151 rendelkez\u00e9seket tartalmazhatnak, \u00e9s emellett sokszor meghat\u00e1rozott szektorokat vagy az ad\u00f3z\u00f3k egy j\u00f3l k\u00f6r\u00fclhat\u00e1rolhat\u00f3 csoportj\u00e1t c\u00e9lozz\u00e1k. Ez komoly kih\u00edv\u00e1s el\u00e9 \u00e1ll\u00edtja az \u00e9rintett v\u00e1llalkoz\u00e1sokat mind a v\u00e1ltoz\u00e1sok nyomon k\u00f6vet\u00e9se, mind az adapt\u00e1l\u00f3d\u00e1s szempontj\u00e1b\u00f3l.<\/p>\n\n\n\n<h2 class=\"wp-block-heading has-text-color has-link-color has-medium-font-size wp-elements-2d0e6eac2244e19fd888168978be3513\" id=\"h-adojogszabaly-figyeles-szolgaltatas\" style=\"color:#ab0e1e\"><strong>Ad\u00f3jogszab\u00e1ly figyel\u00e9s szolg\u00e1ltat\u00e1s<\/strong><\/h2>\n\n\n\n<p>Az Andersen ad\u00f3jogszab\u00e1ly figyel\u00e9si \u00e9s k\u00f6vet\u00e9si szolg\u00e1ltat\u00e1sa az el\u0151bb v\u00e1zolt kih\u00edv\u00e1sok lek\u00fczd\u00e9s\u00e9hez ny\u00fajt hat\u00e9kony seg\u00edts\u00e9get. A szolg\u00e1ltat\u00e1s keret\u00e9ben \u00f6ssze\u00e1ll\u00edtott id\u0151szakos jelent\u00e9sek (\u00f6sszefoglal\u00f3k) a v\u00e1rhat\u00f3 (el\u0151k\u00e9sz\u00edt\u00e9s alatt \u00e1ll\u00f3), illetve az utols\u00f3 jelent\u00e9s \u00f3ta hat\u00e1lyba l\u00e9pett ad\u00f3- \u00e9s sz\u00e1mviteli v\u00e1ltoz\u00e1sokat egyar\u00e1nt magukban foglalj\u00e1k (a m\u00f3dos\u00edt\u00e1s pontos hivatkoz\u00e1s\u00e1val, r\u00f6vid le\u00edr\u00e1s\u00e1val \u00e9s v\u00e1rhat\u00f3 hat\u00e1s\u00e1val egy\u00fctt).<\/p>\n\n\n\n<h2 class=\"wp-block-heading has-text-color has-link-color has-medium-font-size wp-elements-d7f562ed93b14434ad78683d138e5a04\" id=\"h-a-megfigyelt-jogszabalyok-kore\" style=\"color:#ab0e1e\"><strong>A megfigyelt jogszab\u00e1lyok k\u00f6re<\/strong><\/h2>\n\n\n\n<p>A szolg\u00e1ltat\u00e1s keret\u00e9ben az Andersen ad\u00f3szak\u00e9rt\u0151i alapvet\u0151en az al\u00e1bbi jogszab\u00e1lyokkal kapcsolatos v\u00e1ltoz\u00e1sokat k\u00f6vetik nyomon:<\/p>\n\n\n\n<ul class=\"wp-block-list\">\n<li>2017. \u00e9vi CL. t\u00f6rv\u00e9ny az ad\u00f3z\u00e1s rendj\u00e9r\u0151l<\/li>\n\n\n\n<li>2017. \u00e9vi CLI t\u00f6rv\u00e9ny az ad\u00f3igazgat\u00e1si rendtart\u00e1sr\u00f3l<\/li>\n\n\n\n<li>1995. \u00e9vi CXVII. t\u00f6rv\u00e9ny a szem\u00e9lyi j\u00f6vedelemad\u00f3r\u00f3l<\/li>\n\n\n\n<li>1996. \u00e9vi LXXXI. t\u00f6rv\u00e9ny a t\u00e1rsas\u00e1gi ad\u00f3r\u00f3l<\/li>\n\n\n\n<li>2018. \u00e9vi LII. t\u00f6rv\u00e9ny a szoci\u00e1lis hozz\u00e1j\u00e1rul\u00e1si ad\u00f3r\u00f3l<\/li>\n\n\n\n<li>2019. \u00e9vi CXXII. t\u00f6rv\u00e9ny a t\u00e1rsadalombiztos\u00edt\u00e1sr\u00f3l<\/li>\n\n\n\n<li>2007. \u00e9vi CXXVII. t\u00f6rv\u00e9ny az \u00e1ltal\u00e1nos forgalmi ad\u00f3r\u00f3l<\/li>\n\n\n\n<li>1990. \u00e9vi XCIII. t\u00f6rv\u00e9ny az illet\u00e9kekr\u0151l<\/li>\n\n\n\n<li>1990. \u00e9vi C. t\u00f6rv\u00e9ny a helyi ad\u00f3kr\u00f3l<\/li>\n\n\n\n<li>2000. \u00e9vi C. t\u00f6rv\u00e9ny a sz\u00e1mvitelr\u0151l<\/li>\n\n\n\n<li>2023. \u00e9vi LXXXIV. t\u00f6rv\u00e9ny (glob\u00e1lis minimumad\u00f3 tv.)<\/li>\n<\/ul>\n\n\n\n<p>A fentieken t\u00fal az Andersen figyelemmel k\u00eds\u00e9ri az \u00fan. vesz\u00e9lyhelyzeti jogalkot\u00e1st is, k\u00fcl\u00f6n\u00f6sen a fenti t\u00f6rv\u00e9nyeket m\u00f3dos\u00edt\u00f3 korm\u00e1nyrendeleteket.<\/p>\n\n\n\n<p>Fontos kiemelni, hogy a megfigyelt jogszab\u00e1lyok k\u00f6re szektoronk\u00e9nt \u00e9s c\u00e9genk\u00e9nt is testre szabhat\u00f3, b\u0151v\u00edthet\u0151. A c\u00e9l az, hogy a jelent\u00e9s az \u00f6sszes olyan relev\u00e1ns v\u00e1ltoz\u00e1st tartalmazza, amely k\u00f6zvetlen vagy k\u00f6zvetett hat\u00e1ssal lehet az \u00fcgyf\u00e9l \u00fczleti tev\u00e9kenys\u00e9g\u00e9re, eredm\u00e9ny\u00e9re.<\/p>\n\n\n\n<h2 class=\"wp-block-heading has-text-color has-link-color has-medium-font-size wp-elements-44512a1176ba6ed202af4839e81a54ba\" id=\"h-az-adojogszabaly-figyeles-jelentesek-idozitese\" style=\"color:#ab0e1e\"><strong>Az ad\u00f3jogszab\u00e1ly figyel\u00e9s jelent\u00e9sek id\u0151z\u00edt\u00e9se<\/strong><\/h2>\n\n\n\n<p>A jelent\u00e9sek (\u00f6sszefoglal\u00f3k) elk\u00e9sz\u00edt\u00e9s\u00e9nek id\u0151z\u00edt\u00e9se alkalmazkodik a magyar jogalkot\u00e1s elm\u00falt \u00e9vekben megszokott \u00fctemez\u00e9s\u00e9hez. Ennek megfelel\u0151en a jelent\u00e9sek elk\u00e9sz\u00edt\u00e9s\u00e9nek javasolt id\u0151pontjai az al\u00e1bbiak:<\/p>\n\n\n\n<ul class=\"wp-block-list\">\n<li><span style=\"text-decoration: underline;\">Janu\u00e1r 7. (vagy az azt megel\u0151z\u0151 utols\u00f3 munkanap)<\/span>: az \u00faj \u00e9vvel hat\u00e1lyba l\u00e9p\u0151 jogszab\u00e1lyokra \u00f6sszpontos\u00edtva.<\/li>\n\n\n\n<li><span style=\"text-decoration: underline;\">\u00c1prilis 15.<\/span>: a janu\u00e1r 1. \u00e9s m\u00e1rcius 31. k\u00f6z\u00f6tti id\u0151szak fejlem\u00e9nyeinek r\u00f6gz\u00edt\u00e9s\u00e9re.<\/li>\n\n\n\n<li><span style=\"text-decoration: underline;\">Tavaszi jelent\u00e9s<\/span>: a tavaszi ad\u00f3t\u00f6rv\u00e9ny-m\u00f3dos\u00edt\u00e1si csomagban szerepl\u0151 tervezett v\u00e1ltoz\u00e1sok r\u00f6gz\u00edt\u00e9s\u00e9re (a jelent\u00e9s hat\u00e1rideje a csomag Parlament el\u00e9 terjeszt\u00e9s\u00e9t k\u00f6vet\u0151 8. munkanap).<\/li>\n\n\n\n<li><span style=\"text-decoration: underline;\">Szeptember 15.<\/span>: a ny\u00e1ri id\u0151szakban bek\u00f6vetkezett v\u00e1ltoz\u00e1sok r\u00f6gz\u00edt\u00e9s\u00e9re.<\/li>\n\n\n\n<li><span style=\"text-decoration: underline;\">\u0150szi jelent\u00e9s<\/span>: az \u0151szi\/t\u00e9li ad\u00f3t\u00f6rv\u00e9ny-m\u00f3dos\u00edt\u00e1si csomagban szerepl\u0151 tervezett v\u00e1ltoz\u00e1sok r\u00f6gz\u00edt\u00e9s\u00e9re (a jelent\u00e9s hat\u00e1rideje a csomag Parlament el\u00e9 terjeszt\u00e9s\u00e9t k\u00f6vet\u0151 8. munkanap).<\/li>\n<\/ul>\n\n\n\n<h2 class=\"wp-block-heading has-text-color has-link-color has-medium-font-size wp-elements-0b9f2bb84e283528d5fd0737d450566a\" id=\"h-milyen-elonyokkel-jar-ha-egy-ceg-igenybe-veszi-az-andersen-szolgaltatasat\" style=\"color:#ab0e1e\"><strong>Milyen el\u0151ny\u00f6kkel j\u00e1r, ha egy c\u00e9g ig\u00e9nybe veszi az Andersen szolg\u00e1ltat\u00e1s\u00e1t?<\/strong><\/h2>\n\n\n\n<ol class=\"wp-block-list\">\n<li>Bizonyoss\u00e1got nyer, hogy a sz\u00e1m\u00e1ra relev\u00e1ns ad\u00f3jogszab\u00e1ly-v\u00e1ltoz\u00e1sok nem ker\u00fclik el a figyelm\u00e9t, nem mennek el mellette.<\/li>\n\n\n\n<li>Miel\u0151bb t\u00e1j\u00e9koz\u00f3dhat az esetleges ad\u00f3megtakar\u00edt\u00e1si lehet\u0151s\u00e9gekr\u0151l.<\/li>\n\n\n\n<li>Kihaszn\u00e1lhatja a k\u00e9sz\u00fcl\u0151 v\u00e1ltoz\u00e1sokb\u00f3l fakad\u00f3 el\u0151ny\u00f6ket, illetve cs\u00f6kkentheti a negat\u00edv gazdas\u00e1gi hat\u00e1sokat.<\/li>\n\n\n\n<li>T\u00f6bb id\u0151t nyer a felk\u00e9sz\u00fcl\u00e9sre, \u00e9s megismerheti az \u00faj compliance k\u00f6telezetts\u00e9geket.<\/li>\n<\/ol>\n\n\n\n<h2 class=\"wp-block-heading has-text-color has-link-color has-medium-font-size wp-elements-1c7c4297f306dfee67b41336d8a348e3\" id=\"h-kiknek-ajanljuk\" style=\"color:#ab0e1e\"><strong>Kiknek aj\u00e1nljuk?<\/strong><\/h2>\n\n\n\n<ul class=\"wp-block-list\">\n<li>KKV\u2011k \u00e9s k\u00f6z\u00e9p\u2011l\u00e9pt\u00e9k\u0171 v\u00e1llalatok: ahol a p\u00e9nz\u00fcgyi csapat kapacit\u00e1sa korl\u00e1tozott, de a v\u00e1ltoz\u00e1sok hat\u00e1sa azonnali;<\/li>\n\n\n\n<li>Nagyv\u00e1llalatok \u00e9s c\u00e9gcsoportok: ahol a csoportszint\u0171 d\u00f6nt\u00e9sekhez megb\u00edzhat\u00f3, \u00f6sszehasonl\u00edthat\u00f3 inform\u00e1ci\u00f3 kell, \u00e9s a megfelel\u00e9s t\u00f6bb joghat\u00f3s\u00e1gban zajlik;<\/li>\n\n\n\n<li>Er\u0151sen szab\u00e1lyozott szektorok (energia, p\u00e9nz\u00fcgy, gy\u00f3gyszeripar, IT), ahol az adatszolg\u00e1ltat\u00e1si k\u00f6vetelm\u00e9nyek \u00e9s a hat\u00e1rid\u0151k k\u00fcl\u00f6n\u00f6sen feszesek.<\/li>\n<\/ul>\n\n\n\n<div style=\"height:32px\" aria-hidden=\"true\" class=\"wp-block-spacer\"><\/div>\n\n\n\n<div class=\"wp-block-buttons is-content-justification-center is-layout-flex wp-container-core-buttons-is-layout-16018d1d wp-block-buttons-is-layout-flex\">\n<div class=\"wp-block-button\"><a class=\"wp-block-button__link has-white-color has-text-color has-background has-link-color wp-element-button\" href=\"https:\/\/hu.andersen.com\/hu\/kapcsolat\/\" style=\"background-color:#ab0e1e\"><strong>L\u00e9pjen kapcsolatba vel\u00fcnk!<\/strong><\/a><\/div>\n<\/div>\n","protected":false},"excerpt":{"rendered":"<\/p>\n","protected":false},"featured_media":12582,"parent":12556,"menu_order":0,"template":"","meta":{"_acf_changed":false,"_genesis_hide_title":false,"_genesis_hide_breadcrumbs":false,"_genesis_hide_singular_image":false,"_genesis_hide_footer_widgets":false,"_genesis_custom_body_class":"","_genesis_custom_post_class":"","_genesis_layout":"","footnotes":""},"class_list":{"0":"post-12577","1":"services","2":"type-services","3":"status-publish","4":"has-post-thumbnail","6":"entry"},"acf":[],"yoast_head":"<!-- This site is optimized with the Yoast SEO Premium plugin v27.4 (Yoast SEO v27.4) - https:\/\/yoast.com\/product\/yoast-seo-premium-wordpress\/ -->\n<title>Ad\u00f3jogszab\u00e1ly figyel\u00e9s, ad\u00f3jogszab\u00e1ly k\u00f6vet\u00e9s - Andersen<\/title>\n<meta name=\"description\" content=\"Az ad\u00f3- \u00e9s sz\u00e1mviteli szab\u00e1lyoz\u00e1s (t\u00f6rv\u00e9nyek, rendeletek \u00e9s alacsonyabb rend\u0171 jogszab\u00e1lyok) v\u00e1ltoz\u00e1sainak id\u0151szakos nyomon k\u00f6vet\u00e9s\u00e9re.\" \/>\n<meta name=\"robots\" content=\"index, follow, max-snippet:-1, max-image-preview:large, max-video-preview:-1\" \/>\n<link rel=\"canonical\" href=\"https:\/\/hu.andersen.com\/hu\/adotanacsadas-szolgaltatas\/egyeb-szolgaltatasok\/adojogszabaly-figyeles\/\" \/>\n<meta property=\"og:locale\" content=\"hu_HU\" \/>\n<meta property=\"og:type\" content=\"article\" \/>\n<meta property=\"og:title\" content=\"Ad\u00f3jogszab\u00e1ly figyel\u00e9s, ad\u00f3jogszab\u00e1ly k\u00f6vet\u00e9s\" \/>\n<meta property=\"og:description\" content=\"Az ad\u00f3- \u00e9s sz\u00e1mviteli szab\u00e1lyoz\u00e1s (t\u00f6rv\u00e9nyek, rendeletek \u00e9s alacsonyabb rend\u0171 jogszab\u00e1lyok) v\u00e1ltoz\u00e1sainak id\u0151szakos nyomon k\u00f6vet\u00e9s\u00e9re.\" \/>\n<meta property=\"og:url\" content=\"https:\/\/hu.andersen.com\/hu\/adotanacsadas-szolgaltatas\/egyeb-szolgaltatasok\/adojogszabaly-figyeles\/\" \/>\n<meta property=\"og:site_name\" content=\"Andersen Magyarorsz\u00e1g\" \/>\n<meta property=\"article:modified_time\" content=\"2025-12-15T15:44:26+00:00\" \/>\n<meta property=\"og:image\" content=\"https:\/\/hu.andersen.com\/wp-content\/uploads\/2025\/01\/adojogszabaly-figyeles-szolgaltatas-andersen.jpg\" \/>\n\t<meta property=\"og:image:width\" content=\"201\" \/>\n\t<meta property=\"og:image:height\" content=\"201\" \/>\n\t<meta property=\"og:image:type\" content=\"image\/jpeg\" \/>\n<meta name=\"twitter:card\" content=\"summary_large_image\" \/>\n<meta name=\"twitter:label1\" content=\"Becs\u00fclt olvas\u00e1si id\u0151\" \/>\n\t<meta name=\"twitter:data1\" content=\"5 perc\" \/>\n<script type=\"application\/ld+json\" class=\"yoast-schema-graph\">{\"@context\":\"https:\\\/\\\/schema.org\",\"@graph\":[{\"@type\":\"WebPage\",\"@id\":\"https:\\\/\\\/hu.andersen.com\\\/hu\\\/adotanacsadas-szolgaltatas\\\/egyeb-szolgaltatasok\\\/adojogszabaly-figyeles\\\/\",\"url\":\"https:\\\/\\\/hu.andersen.com\\\/hu\\\/adotanacsadas-szolgaltatas\\\/egyeb-szolgaltatasok\\\/adojogszabaly-figyeles\\\/\",\"name\":\"Ad\u00f3jogszab\u00e1ly figyel\u00e9s, ad\u00f3jogszab\u00e1ly k\u00f6vet\u00e9s - Andersen\",\"isPartOf\":{\"@id\":\"https:\\\/\\\/hu.andersen.com\\\/#website\"},\"primaryImageOfPage\":{\"@id\":\"https:\\\/\\\/hu.andersen.com\\\/hu\\\/adotanacsadas-szolgaltatas\\\/egyeb-szolgaltatasok\\\/adojogszabaly-figyeles\\\/#primaryimage\"},\"image\":{\"@id\":\"https:\\\/\\\/hu.andersen.com\\\/hu\\\/adotanacsadas-szolgaltatas\\\/egyeb-szolgaltatasok\\\/adojogszabaly-figyeles\\\/#primaryimage\"},\"thumbnailUrl\":\"https:\\\/\\\/hu.andersen.com\\\/wp-content\\\/uploads\\\/2025\\\/01\\\/adojogszabaly-figyeles-szolgaltatas-andersen.jpg\",\"datePublished\":\"2025-01-24T18:31:57+00:00\",\"dateModified\":\"2025-12-15T15:44:26+00:00\",\"description\":\"Az ad\u00f3- \u00e9s sz\u00e1mviteli szab\u00e1lyoz\u00e1s (t\u00f6rv\u00e9nyek, rendeletek \u00e9s alacsonyabb rend\u0171 jogszab\u00e1lyok) v\u00e1ltoz\u00e1sainak id\u0151szakos nyomon k\u00f6vet\u00e9s\u00e9re.\",\"breadcrumb\":{\"@id\":\"https:\\\/\\\/hu.andersen.com\\\/hu\\\/adotanacsadas-szolgaltatas\\\/egyeb-szolgaltatasok\\\/adojogszabaly-figyeles\\\/#breadcrumb\"},\"inLanguage\":\"hu\",\"potentialAction\":[{\"@type\":\"ReadAction\",\"target\":[\"https:\\\/\\\/hu.andersen.com\\\/hu\\\/adotanacsadas-szolgaltatas\\\/egyeb-szolgaltatasok\\\/adojogszabaly-figyeles\\\/\"]}]},{\"@type\":\"ImageObject\",\"inLanguage\":\"hu\",\"@id\":\"https:\\\/\\\/hu.andersen.com\\\/hu\\\/adotanacsadas-szolgaltatas\\\/egyeb-szolgaltatasok\\\/adojogszabaly-figyeles\\\/#primaryimage\",\"url\":\"https:\\\/\\\/hu.andersen.com\\\/wp-content\\\/uploads\\\/2025\\\/01\\\/adojogszabaly-figyeles-szolgaltatas-andersen.jpg\",\"contentUrl\":\"https:\\\/\\\/hu.andersen.com\\\/wp-content\\\/uploads\\\/2025\\\/01\\\/adojogszabaly-figyeles-szolgaltatas-andersen.jpg\",\"width\":201,\"height\":201,\"caption\":\"Ad\u00f3jogszab\u00e1ly figyel\u00e9s, ad\u00f3jogszab\u00e1ly k\u00f6vet\u00e9s - Andersen (Tax Legislation Monitoring)\"},{\"@type\":\"BreadcrumbList\",\"@id\":\"https:\\\/\\\/hu.andersen.com\\\/hu\\\/adotanacsadas-szolgaltatas\\\/egyeb-szolgaltatasok\\\/adojogszabaly-figyeles\\\/#breadcrumb\",\"itemListElement\":[{\"@type\":\"ListItem\",\"position\":1,\"name\":\"Kezd\u0151lap\",\"item\":\"https:\\\/\\\/hu.andersen.com\\\/hu\\\/\"},{\"@type\":\"ListItem\",\"position\":2,\"name\":\"Ad\u00f3tan\u00e1csad\u00e1s\",\"item\":\"https:\\\/\\\/hu.andersen.com\\\/hu\\\/adotanacsadas-szolgaltatas\\\/\"},{\"@type\":\"ListItem\",\"position\":3,\"name\":\"Egy\u00e9b szolg\u00e1ltat\u00e1sok\",\"item\":\"https:\\\/\\\/hu.andersen.com\\\/hu\\\/adotanacsadas-szolgaltatas\\\/egyeb-szolgaltatasok\\\/\"},{\"@type\":\"ListItem\",\"position\":4,\"name\":\"Ad\u00f3jogszab\u00e1ly figyel\u00e9s, ad\u00f3jogszab\u00e1ly k\u00f6vet\u00e9s\"}]},{\"@type\":\"WebSite\",\"@id\":\"https:\\\/\\\/hu.andersen.com\\\/#website\",\"url\":\"https:\\\/\\\/hu.andersen.com\\\/\",\"name\":\"Andersen In Hungary\",\"description\":\"Ad\u00f3tan\u00e1csad\u00e1s \u00e9s jogi tan\u00e1csad\u00e1s\",\"potentialAction\":[{\"@type\":\"SearchAction\",\"target\":{\"@type\":\"EntryPoint\",\"urlTemplate\":\"https:\\\/\\\/hu.andersen.com\\\/?s={search_term_string}\"},\"query-input\":{\"@type\":\"PropertyValueSpecification\",\"valueRequired\":true,\"valueName\":\"search_term_string\"}}],\"inLanguage\":\"hu\"}]}<\/script>\n<!-- \/ Yoast SEO Premium plugin. -->","yoast_head_json":{"title":"Ad\u00f3jogszab\u00e1ly figyel\u00e9s, ad\u00f3jogszab\u00e1ly k\u00f6vet\u00e9s - Andersen","description":"Az ad\u00f3- \u00e9s sz\u00e1mviteli szab\u00e1lyoz\u00e1s (t\u00f6rv\u00e9nyek, rendeletek \u00e9s alacsonyabb rend\u0171 jogszab\u00e1lyok) v\u00e1ltoz\u00e1sainak id\u0151szakos nyomon k\u00f6vet\u00e9s\u00e9re.","robots":{"index":"index","follow":"follow","max-snippet":"max-snippet:-1","max-image-preview":"max-image-preview:large","max-video-preview":"max-video-preview:-1"},"canonical":"https:\/\/hu.andersen.com\/hu\/adotanacsadas-szolgaltatas\/egyeb-szolgaltatasok\/adojogszabaly-figyeles\/","og_locale":"hu_HU","og_type":"article","og_title":"Ad\u00f3jogszab\u00e1ly figyel\u00e9s, ad\u00f3jogszab\u00e1ly k\u00f6vet\u00e9s","og_description":"Az ad\u00f3- \u00e9s sz\u00e1mviteli szab\u00e1lyoz\u00e1s (t\u00f6rv\u00e9nyek, rendeletek \u00e9s alacsonyabb rend\u0171 jogszab\u00e1lyok) v\u00e1ltoz\u00e1sainak id\u0151szakos nyomon k\u00f6vet\u00e9s\u00e9re.","og_url":"https:\/\/hu.andersen.com\/hu\/adotanacsadas-szolgaltatas\/egyeb-szolgaltatasok\/adojogszabaly-figyeles\/","og_site_name":"Andersen Magyarorsz\u00e1g","article_modified_time":"2025-12-15T15:44:26+00:00","og_image":[{"width":201,"height":201,"url":"https:\/\/hu.andersen.com\/wp-content\/uploads\/2025\/01\/adojogszabaly-figyeles-szolgaltatas-andersen.jpg","type":"image\/jpeg"}],"twitter_card":"summary_large_image","twitter_misc":{"Becs\u00fclt olvas\u00e1si id\u0151":"5 perc"},"schema":{"@context":"https:\/\/schema.org","@graph":[{"@type":"WebPage","@id":"https:\/\/hu.andersen.com\/hu\/adotanacsadas-szolgaltatas\/egyeb-szolgaltatasok\/adojogszabaly-figyeles\/","url":"https:\/\/hu.andersen.com\/hu\/adotanacsadas-szolgaltatas\/egyeb-szolgaltatasok\/adojogszabaly-figyeles\/","name":"Ad\u00f3jogszab\u00e1ly figyel\u00e9s, ad\u00f3jogszab\u00e1ly k\u00f6vet\u00e9s - Andersen","isPartOf":{"@id":"https:\/\/hu.andersen.com\/#website"},"primaryImageOfPage":{"@id":"https:\/\/hu.andersen.com\/hu\/adotanacsadas-szolgaltatas\/egyeb-szolgaltatasok\/adojogszabaly-figyeles\/#primaryimage"},"image":{"@id":"https:\/\/hu.andersen.com\/hu\/adotanacsadas-szolgaltatas\/egyeb-szolgaltatasok\/adojogszabaly-figyeles\/#primaryimage"},"thumbnailUrl":"https:\/\/hu.andersen.com\/wp-content\/uploads\/2025\/01\/adojogszabaly-figyeles-szolgaltatas-andersen.jpg","datePublished":"2025-01-24T18:31:57+00:00","dateModified":"2025-12-15T15:44:26+00:00","description":"Az ad\u00f3- \u00e9s sz\u00e1mviteli szab\u00e1lyoz\u00e1s (t\u00f6rv\u00e9nyek, rendeletek \u00e9s alacsonyabb rend\u0171 jogszab\u00e1lyok) v\u00e1ltoz\u00e1sainak id\u0151szakos nyomon k\u00f6vet\u00e9s\u00e9re.","breadcrumb":{"@id":"https:\/\/hu.andersen.com\/hu\/adotanacsadas-szolgaltatas\/egyeb-szolgaltatasok\/adojogszabaly-figyeles\/#breadcrumb"},"inLanguage":"hu","potentialAction":[{"@type":"ReadAction","target":["https:\/\/hu.andersen.com\/hu\/adotanacsadas-szolgaltatas\/egyeb-szolgaltatasok\/adojogszabaly-figyeles\/"]}]},{"@type":"ImageObject","inLanguage":"hu","@id":"https:\/\/hu.andersen.com\/hu\/adotanacsadas-szolgaltatas\/egyeb-szolgaltatasok\/adojogszabaly-figyeles\/#primaryimage","url":"https:\/\/hu.andersen.com\/wp-content\/uploads\/2025\/01\/adojogszabaly-figyeles-szolgaltatas-andersen.jpg","contentUrl":"https:\/\/hu.andersen.com\/wp-content\/uploads\/2025\/01\/adojogszabaly-figyeles-szolgaltatas-andersen.jpg","width":201,"height":201,"caption":"Ad\u00f3jogszab\u00e1ly figyel\u00e9s, ad\u00f3jogszab\u00e1ly k\u00f6vet\u00e9s - Andersen (Tax Legislation Monitoring)"},{"@type":"BreadcrumbList","@id":"https:\/\/hu.andersen.com\/hu\/adotanacsadas-szolgaltatas\/egyeb-szolgaltatasok\/adojogszabaly-figyeles\/#breadcrumb","itemListElement":[{"@type":"ListItem","position":1,"name":"Kezd\u0151lap","item":"https:\/\/hu.andersen.com\/hu\/"},{"@type":"ListItem","position":2,"name":"Ad\u00f3tan\u00e1csad\u00e1s","item":"https:\/\/hu.andersen.com\/hu\/adotanacsadas-szolgaltatas\/"},{"@type":"ListItem","position":3,"name":"Egy\u00e9b szolg\u00e1ltat\u00e1sok","item":"https:\/\/hu.andersen.com\/hu\/adotanacsadas-szolgaltatas\/egyeb-szolgaltatasok\/"},{"@type":"ListItem","position":4,"name":"Ad\u00f3jogszab\u00e1ly figyel\u00e9s, ad\u00f3jogszab\u00e1ly k\u00f6vet\u00e9s"}]},{"@type":"WebSite","@id":"https:\/\/hu.andersen.com\/#website","url":"https:\/\/hu.andersen.com\/","name":"Andersen In Hungary","description":"Ad\u00f3tan\u00e1csad\u00e1s \u00e9s jogi tan\u00e1csad\u00e1s","potentialAction":[{"@type":"SearchAction","target":{"@type":"EntryPoint","urlTemplate":"https:\/\/hu.andersen.com\/?s={search_term_string}"},"query-input":{"@type":"PropertyValueSpecification","valueRequired":true,"valueName":"search_term_string"}}],"inLanguage":"hu"}]}},"_links":{"self":[{"href":"https:\/\/hu.andersen.com\/hu\/wp-json\/wp\/v2\/services\/12577","targetHints":{"allow":["GET"]}}],"collection":[{"href":"https:\/\/hu.andersen.com\/hu\/wp-json\/wp\/v2\/services"}],"about":[{"href":"https:\/\/hu.andersen.com\/hu\/wp-json\/wp\/v2\/types\/services"}],"version-history":[{"count":4,"href":"https:\/\/hu.andersen.com\/hu\/wp-json\/wp\/v2\/services\/12577\/revisions"}],"predecessor-version":[{"id":14822,"href":"https:\/\/hu.andersen.com\/hu\/wp-json\/wp\/v2\/services\/12577\/revisions\/14822"}],"up":[{"embeddable":true,"href":"https:\/\/hu.andersen.com\/hu\/wp-json\/wp\/v2\/services\/12556"}],"wp:featuredmedia":[{"embeddable":true,"href":"https:\/\/hu.andersen.com\/hu\/wp-json\/wp\/v2\/media\/12582"}],"wp:attachment":[{"href":"https:\/\/hu.andersen.com\/hu\/wp-json\/wp\/v2\/media?parent=12577"}],"curies":[{"name":"wp","href":"https:\/\/api.w.org\/{rel}","templated":true}]}}