{"id":1588,"date":"2020-06-17T21:13:04","date_gmt":"2020-06-17T19:13:04","guid":{"rendered":"https:\/\/hu.andersen.com\/?post_type=services&#038;p=1588"},"modified":"2026-02-09T12:33:10","modified_gmt":"2026-02-09T11:33:10","slug":"adokedvezmenyek-es-allami-tamogatasok","status":"publish","type":"services","link":"https:\/\/hu.andersen.com\/hu\/adotanacsadas-szolgaltatas\/adokedvezmenyek-es-allami-tamogatasok\/","title":{"rendered":"Ad\u00f3kedvezm\u00e9nyek \u00e9s \u00e1llami t\u00e1mogat\u00e1sok"},"content":{"rendered":"\n<div style=\"height:32px\" aria-hidden=\"true\" class=\"wp-block-spacer\"><\/div>\n\n\n\n<p><strong>Az ad\u00f3kedvezm\u00e9nyek \u00e9s az \u00e1llami t\u00e1mogat\u00e1sok a gazdas\u00e1gfejleszt\u00e9s kulcseszk\u00f6zei: c\u00e9lzottan \u00f6szt\u00f6nzik a beruh\u00e1z\u00e1sokat, az innov\u00e1ci\u00f3t \u00e9s a termel\u00e9kenys\u00e9g n\u00f6vel\u00e9s\u00e9t, mik\u00f6zben seg\u00edtik a munkahelyteremt\u00e9st, a k\u00e9pz\u00e9st \u00e9s az energiahat\u00e9konys\u00e1gi \u00e1t\u00e1ll\u00e1st. A v\u00e1llalatok sz\u00e1m\u00e1ra mindez k\u00e9zzelfoghat\u00f3 p\u00e9nz\u00fcgyi el\u0151nyt jelent: cs\u00f6kken\u0151 ad\u00f3teher, javul\u00f3 cash<\/strong><strong>\u2011flow, kedvez<\/strong><strong>\u0151bb projekt<\/strong><strong>\u2011megt<\/strong><strong>\u00e9r<\/strong><strong>\u00fcl<\/strong><strong>\u00e9s <\/strong><strong>\u00e9s gyorsabb megval<\/strong><strong>\u00f3s<\/strong><strong>\u00edt<\/strong><strong>\u00e1s form\u00e1j\u00e1ban. Legyen sz<\/strong><strong>\u00f3 K+F tev<\/strong><strong>\u00e9kenys<\/strong><strong>\u00e9gr<\/strong><strong>\u0151l, kapacit<\/strong><strong>\u00e1sb<\/strong><strong>\u0151v<\/strong><strong>\u00edt<\/strong><strong>\u0151 beruh<\/strong><strong>\u00e1z<\/strong><strong>\u00e1sr<\/strong><strong>\u00f3l vagy fenntarthat<\/strong><strong>\u00f3s<\/strong><strong>\u00e1gi fejleszt<\/strong><strong>\u00e9sr<\/strong><strong>\u0151l, a hazai <\/strong><strong>\u00e9s uni\u00f3s (EU) programok, valamint a k\u00fcl\u00f6nf\u00e9le ad\u00f3kedvezm\u00e9nyek strat\u00e9giai finansz\u00edroz\u00e1si pill\u00e9rekk\u00e9 v\u00e1lhatnak.<\/strong><\/p>\n\n\n\n<p>A megfelel\u0151 t\u00e1mogat\u00e1si konstrukci\u00f3 kiv\u00e1laszt\u00e1sa azonban szakmai el\u0151k\u00e9sz\u00edt\u00e9st \u00e9s megfelel\u0151s\u00e9get k\u00edv\u00e1n: az ig\u00e9nybev\u00e9tel felt\u00e9telei, az elsz\u00e1molhat\u00f3s\u00e1g, a maxim\u00e1lis t\u00e1mogat\u00e1si intenzit\u00e1s \u00e9s az \u00f6sszesz\u00e1m\u00edt\u00e1si (kumul\u00e1ci\u00f3s) szab\u00e1lyok \u00f6sszetettek, az EU\u2011s \u00e9s hazai jogszab\u00e1lyi k\u00f6rnyezet pedig pontos dokument\u00e1ci\u00f3t \u00e9s ut\u00f3k\u00f6vet\u00e9st \u00edr el\u0151. \u00c9ppen ez\u00e9rt a folyamat a lehet\u0151s\u00e9gek felt\u00e9rk\u00e9pez\u00e9s\u00e9t\u0151l \u00e9s a megt\u00e9r\u00fcl\u00e9si sz\u00e1m\u00edt\u00e1sokt\u00f3l indul, majd a p\u00e1ly\u00e1zati\/ig\u00e9nybev\u00e9teli dokument\u00e1ci\u00f3 elk\u00e9sz\u00edt\u00e9s\u00e9n, a hat\u00f3s\u00e1gi egyeztet\u00e9seken \u00e9s a projektmonitoringon \u00e1t vezet. A j\u00f3l megtervezett ad\u00f3kedvezm\u00e9ny\u2011 \u00e9s t\u00e1mogat\u00e1si strat\u00e9gia nemcsak r\u00f6vid t\u00e1v\u00fa p\u00e9nz\u00fcgyi el\u0151nyt ad, hanem hossz\u00fa t\u00e1von is er\u0151s\u00edti a v\u00e1llalat versenyk\u00e9pess\u00e9g\u00e9t.<\/p>\n\n\n\n<h2 class=\"wp-block-heading has-text-color has-link-color has-medium-font-size wp-elements-3e96697c01e8853345a8b010125588ea\" id=\"h-unios-penzek-nelkul-is-van-mozgaster-adokedvezmenyek-es-celzott-hazai-konstrukciok\" style=\"color:#ab0e1e\"><strong>Uni\u00f3s p\u00e9nzek n\u00e9lk\u00fcl is van mozg\u00e1st\u00e9r: ad\u00f3kedvezm\u00e9nyek \u00e9s c\u00e9lzott hazai konstrukci\u00f3k<\/strong><\/h2>\n\n\n\n<p>Az elm\u00falt \u00e9vekben er\u0151sen besz\u0171k\u00fclt a vissza nem t\u00e9r\u00edtend\u0151 k\u00e9szp\u00e9nzt\u00e1mogat\u00e1st biztos\u00edt\u00f3 p\u00e1ly\u00e1zati k\u00edn\u00e1lat. A v\u00e1llalkoz\u00e1sok napi p\u00e1ly\u00e1zati \u00e9rtes\u00edt\u0151i is jellemz\u0151en kev\u00e9s, sz\u0171k c\u00e9lcsoportot \u00e9rint\u0151 felh\u00edv\u00e1st mutatnak, mik\u00f6zben a meghirdetett programok (pl. a <a href=\"https:\/\/hipa.hu\/hir\/gyarmento-programot-indit-a-kormany\/\">Gy\u00e1rment\u0151 Program<\/a>) kerete percek alatt kimer\u00fcl. Ebben a k\u00f6rnyezetben a v\u00e1llalati beruh\u00e1z\u00e1sok tervez\u00e9s\u00e9n\u00e9l nem \u00e9rdemes kiz\u00e1r\u00f3lag ezen forr\u00e1sokra \u00e9p\u00edteni. A gyakorlatban ez azt jelenti, hogy a c\u00e9geknek a k\u00f6zvetlen t\u00e1mogat\u00e1sok helyett \/ mellett egy\u00e9b \u00f6szt\u00f6nz\u0151kre, mindenekel\u0151tt ad\u00f3kedvezm\u00e9nyekre is \u00e9rdemes t\u00e1maszkodniuk.<\/p>\n\n\n\n<p>Az ad\u00f3kedvezm\u00e9nyek t\u00f6bbnyire nem k\u00e9szp\u00e9nzalap\u00fa t\u00e1mogat\u00e1snak min\u0151s\u00fclnek, hanem a j\u00f6v\u0151beni fizetend\u0151 ad\u00f3terhet m\u00e9rs\u00e9klik, vagyis sz\u00fcks\u00e9ges m\u00f6g\u00f6tt\u00fck a nyeres\u00e9gtermel\u0151 m\u0171k\u00f6d\u00e9s. Cser\u00e9be viszont ugyanazt a projektm\u00e9retet \u00e9s intenzit\u00e1st k\u00e9pesek t\u00e1mogatni, mint a k\u00f6zvetlen \u00e1llami t\u00e1mogat\u00e1sok, \u00fagy, hogy ak\u00e1r nagyobb t\u00e1mogat\u00e1si intenzit\u00e1s is el\u00e9rhet\u0151 a szab\u00e1lyok keretei k\u00f6z\u00f6tt. Tapasztalat, hogy a kor\u00e1bbi b\u0151kez\u0171 p\u00e1ly\u00e1zati id\u0151szak \u201eleszoktatta\u201d a c\u00e9geket az ad\u00f3kedvezm\u00e9nyek tudatos ig\u00e9nybev\u00e9tel\u00e9r\u0151l, mik\u00f6zben beruh\u00e1z\u00e1sok tov\u00e1bbra is vannak. \u00c9rdemes teh\u00e1t \u00fajra el\u0151t\u00e9rbe helyezni az ad\u00f3kedvezm\u00e9ny\u2011alap\u00fa finansz\u00edroz\u00e1si logik\u00e1t.<\/p>\n\n\n\n<h2 class=\"wp-block-heading has-text-color has-link-color has-medium-font-size wp-elements-cb73c15bcaf96c0859e73501e1bfe5d7\" id=\"h-kkv-statusz-es-lokacio-a-hozzaferes-kulcsai\" style=\"color:#ab0e1e\"><strong>KKV\u2011st\u00e1tusz \u00e9s lok\u00e1ci\u00f3: a hozz\u00e1f\u00e9r\u00e9s kulcsai<\/strong><\/h2>\n\n\n\n<p>Budapesten a fejleszt\u00e9si ad\u00f3kedvezm\u00e9ny korl\u00e1tozottabban vehet\u0151 ig\u00e9nybe, m\u00edg energiahat\u00e9konys\u00e1gi \u00e9s K+F c\u00e9l\u00fa kedvezm\u00e9nyek a f\u0151v\u00e1rosban is el\u00e9rhet\u0151k, k\u00fcl\u00f6n\u00f6sen KKV\u2011k eset\u00e9ben. A KKV\u2011min\u0151s\u00edt\u00e9s c\u00e9gcsoport\u2011szinten \u00e9rtelmezend\u0151, \u00e9s folyamatos monitoringot ig\u00e9nyel. A f\u0151 saroksz\u00e1mok: &lt;250 f\u0151 foglalkoztatott \u00e9s \u226450 milli\u00f3 \u20ac \u00e1rbev\u00e9tel vagy \u226443 milli\u00f3 \u20ac m\u00e9rlegf\u0151\u00f6sszeg. Gyakori hiba, hogy a c\u00e9gek ezt a min\u0151s\u00edt\u00e9st nem k\u00f6vetik tudatosan, holott a t\u00e1mogat\u00e1si jogosults\u00e1g \u00e9s intenzit\u00e1s m\u00falhat rajta.<\/p>\n\n\n\n<h2 class=\"wp-block-heading has-text-color has-link-color has-medium-font-size wp-elements-fb3c3a2955aa5aa46eac394756ded210\" id=\"h-energiahatekonysagi-tao-kedvezmeny-egyszerubb-szabalyok-eros-szamok\" style=\"color:#ab0e1e\"><strong>Energiahat\u00e9konys\u00e1gi TAO\u2011kedvezm\u00e9ny: egyszer\u0171bb szab\u00e1lyok, er\u0151s sz\u00e1mok<\/strong><\/h2>\n\n\n\n<p>Az energiahat\u00e9konys\u00e1gi ad\u00f3kedvezm\u00e9ny ma az egyik legk\u00e9zzelfoghat\u00f3bb lehet\u0151s\u00e9g: f\u0151szab\u00e1ly szerint Budapesten 30%, vid\u00e9ken 45% t\u00e1mogat\u00e1si intenzit\u00e1s \u00e9rhet\u0151 el (100 egys\u00e9g beruh\u00e1z\u00e1sra rendre 30\/45 egys\u00e9g ad\u00f3kedvezm\u00e9ny), amely KKV-k eset\u00e9n 10 \/ 20%-kal n\u00f6velhet\u0151. \u00daj k\u00f6nny\u00edt\u00e9s, hogy k\u00f6zvetlen energiahat\u00e9konys\u00e1gi c\u00e9l eset\u00e9n nem kell alternat\u00edv beruh\u00e1z\u00e1shoz viszony\u00edtott \u201et\u00f6bbletk\u00f6lts\u00e9get\u201d igazolni; az elsz\u00e1molhat\u00f3 k\u00f6lts\u00e9g a teljes beruh\u00e1z\u00e1si\/fel\u00faj\u00edt\u00e1si \u00e9rt\u00e9k lehet.\u00a0 L\u00e9tezik egy egyszer\u0171s\u00edtett \u00fat is, ahol az intenzit\u00e1s felez\u0151dik (nagyv\u00e1llalat eset\u00e9n 15% Budapest \/ 22,5% vid\u00e9k), viszont az adminisztrat\u00edv teher \u00e9s a dokument\u00e1ci\u00f3s kock\u00e1zat is jelent\u0151sen cs\u00f6kken. Fontos a v\u00e9gs\u0151 energia\u2011megtakar\u00edt\u00e1s igazol\u00e1sa (energetikai auditorral), de minim\u00e1lis beruh\u00e1z\u00e1si \u00e9rt\u00e9k nincs. Egy sz\u00e9ls\u0151s\u00e9ges p\u00e9ld\u00e1val \u00e9lve: m\u00e9g egy energiahat\u00e9konyabb laptopcsere is belef\u00e9rhet ebbe a kateg\u00f3ri\u00e1ba.<\/p>\n\n\n\n<h2 class=\"wp-block-heading has-text-color has-link-color has-medium-font-size wp-elements-954d106d29a04f07a5858ae32ce2944a\" id=\"h-ekd-egyedi-kormanydontesen-alapulo-tamogatas-nem-csak-oriasgyaraknak\" style=\"color:#ab0e1e\"><strong>EKD (Egyedi Korm\u00e1nyd\u00f6nt\u00e9sen alapul\u00f3 t\u00e1mogat\u00e1s): nem csak \u201e\u00f3ri\u00e1sgy\u00e1raknak\u201d<\/strong><\/h2>\n\n\n\n<p>Az EKD t\u00e1mogat\u00e1sokat sokan a nagy, z\u00f6ldmez\u0151s projektekhez k\u00f6tik, pedig a minimum beruh\u00e1z\u00e1si k\u00fcsz\u00f6b a k\u00f6zelm\u00faltban t\u00f6bb t\u00e9rs\u00e9gben 2 milli\u00f3 \u20ac szintre cs\u00f6kkent, \u00edgy ez a kisebb l\u00e9pt\u00e9k\u0171 beruh\u00e1z\u00e1sokn\u00e1l is vizsg\u00e1land\u00f3 opci\u00f3.\u00a0 R\u00e1ad\u00e1sul az EKD ad\u00f3kedvezm\u00e9nyekkel is kombin\u00e1lhat\u00f3: p\u00e9ld\u00e1ul egy 30%-os EKD t\u00e1mogat\u00e1s mellett a ter\u00fclet maxim\u00e1lis t\u00e1mogat\u00e1si intenzit\u00e1s\u00e1ig fejleszt\u00e9si ad\u00f3kedvezm\u00e9ny is ig\u00e9nybe vehet\u0151.<\/p>\n\n\n\n<h2 class=\"wp-block-heading has-text-color has-link-color has-medium-font-size wp-elements-4a7c342106c4ea57d633dbb3712496a1\" id=\"h-mit-erdemes-most-tenni-az-adokedvezmenyek-elerese-erdekeben\" style=\"color:#ab0e1e\"><strong>Mit \u00e9rdemes most tenni az ad\u00f3kedvezm\u00e9nyek el\u00e9r\u00e9se \u00e9rdek\u00e9ben?<\/strong><\/h2>\n\n\n\n<p>A jelenlegi gazdas\u00e1gi k\u00f6rnyezetben a projekt\u2011tervez\u00e9s els\u0151 l\u00e9p\u00e9se legyen az ad\u00f3kedvezm\u00e9nyek felt\u00e9rk\u00e9pez\u00e9se (lok\u00e1ci\u00f3, KKV\u2011st\u00e1tusz, tev\u00e9kenys\u00e9g, energetikai c\u00e9lok, K+F\u2011profil). Ha relev\u00e1ns, az EKD \u00e9s a ritk\u00e1bban megjelen\u0151 hazai c\u00e9lprogramok vizsg\u00e1lata is sz\u00f3ba j\u00f6het. \u00cdgy az EU\u2011s forr\u00e1sok hi\u00e1ny\u00e1ban is \u00f6ssze\u00e1ll\u00edthat\u00f3 egy p\u00e9nz\u00fcgyileg robusztus finansz\u00edroz\u00e1si mix, amely k\u00e9zzelfoghat\u00f3an jav\u00edtja a beruh\u00e1z\u00e1sok megt\u00e9r\u00fcl\u00e9s\u00e9t \u00e9s v\u00e9grehajthat\u00f3s\u00e1g\u00e1t.<\/p>\n\n\n\n<h2 class=\"wp-block-heading has-text-color has-link-color has-medium-font-size wp-elements-2ce02ae58dc7220f1750668e5d56e402\" id=\"h-milyen-beruhazasok-jogositanak-adokedvezmenyekre-es-penzbeli-tamogatasokra\" style=\"color:#ab0e1e\"><strong>Milyen beruh\u00e1z\u00e1sok jogos\u00edtanak ad\u00f3kedvezm\u00e9nyekre \u00e9s p\u00e9nzbeli t\u00e1mogat\u00e1sokra?<\/strong><\/h2>\n\n\n\n<ul class=\"wp-block-list\">\n<li><a href=\"https:\/\/hu.andersen.com\/hu\/adotanacsadas-szolgaltatas\/adokedvezmenyek-es-allami-tamogatasok\/kutatas-es-fejlesztes\/\" target=\"_blank\" rel=\"noreferrer noopener\"><span style=\"color:#ab0e1e\" class=\"has-inline-color\">K+F tev\u00e9kenys\u00e9gek vagy K+F tev\u00e9kenys\u00e9geket szolg\u00e1l\u00f3 eszk\u00f6zberuh\u00e1z\u00e1sok<\/span><\/a><\/li>\n\n\n\n<li>K\u00e9pz\u00e9sekkel \u00f6sszef\u00fcgg\u0151 k\u00f6lts\u00e9gek (h\u00e1zon bel\u00fcli \u00e9s k\u00fcls\u0151s egyar\u00e1nt)<\/li>\n\n\n\n<li>Term\u00e9kgy\u00e1rt\u00e1st, ingatlan- vagy szoftverfejleszt\u00e9st szolg\u00e1l\u00f3 beruh\u00e1z\u00e1sok<\/li>\n\n\n\n<li>Energiahat\u00e9konys\u00e1gi vagy k\u00f6rnyezetv\u00e9delmi c\u00e9lokra ir\u00e1nyul\u00f3 beruh\u00e1z\u00e1sok<\/li>\n<\/ul>\n\n\n\n<h2 class=\"wp-block-heading has-text-color has-link-color has-medium-font-size wp-elements-66c5bd2899baedf6cb4f8ea59ff9eeef\" id=\"h-milyen-egyeb-osztonzok-allnak-rendelkezesre\" style=\"color:#ab0e1e\"><strong>Milyen egy\u00e9b \u00f6szt\u00f6nz\u0151k \u00e1llnak rendelkez\u00e9sre?<\/strong><\/h2>\n\n\n\n<ul class=\"wp-block-list\">\n<li><a href=\"https:\/\/hu.andersen.com\/hu\/adotanacsadas-szolgaltatas\/adokedvezmenyek-es-allami-tamogatasok\/sport-es-filmalkotasok-tamogatasa\/\" target=\"_blank\" rel=\"noreferrer noopener\"><span style=\"color:#ab0e1e\" class=\"has-inline-color\">Sportszervezetek t\u00e1mogat\u00e1s\u00e1val kapcsolatos ad\u00f3kedvezm\u00e9nyek<\/span><\/a><\/li>\n\n\n\n<li><a href=\"https:\/\/hu.andersen.com\/hu\/adotanacsadas-szolgaltatas\/adokedvezmenyek-es-allami-tamogatasok\/sport-es-filmalkotasok-tamogatasa\/\" target=\"_blank\" rel=\"noreferrer noopener\"><span style=\"color:#ab0e1e\" class=\"has-inline-color\">Filmprodukci\u00f3k t\u00e1mogat\u00e1s\u00e1val kapcsolatos ad\u00f3kedvezm\u00e9nyek<\/span><\/a><\/li>\n<\/ul>\n\n\n\n<h2 class=\"wp-block-heading has-text-color has-link-color has-medium-font-size wp-elements-321ddd7cfe86d654b89686a02fe5d8ef\" id=\"h-az-andersen-adokedvezmenyek-es-allami-tamogatasok-kapcsan-nyujtott-szolgaltatasai\" style=\"color:#ab0e1e\"><strong><strong>Az Andersen ad\u00f3kedvezm\u00e9nyek \u00e9s \u00e1llami t\u00e1mogat\u00e1sok kapcs\u00e1n ny\u00fajtott szolg\u00e1ltat\u00e1sai<\/strong><\/strong><\/h2>\n\n\n\n<p>Szakemberekb\u0151l \u00e1ll\u00f3 csapatunk seg\u00edts\u00e9get ny\u00fajt \u00d6nnek p\u00e9nzbeli t\u00e1mogat\u00e1sok vagy ad\u00f3kedvezm\u00e9nyek form\u00e1j\u00e1ban t\u00f6rt\u00e9n\u0151 \u00e1llami t\u00e1mogat\u00e1sok meghat\u00e1roz\u00e1s\u00e1ban \u00e9s ig\u00e9nyl\u00e9s\u00e9ben.<\/p>\n\n\n\n<ul class=\"wp-block-list\">\n<li>Ad\u00f3z\u00e1si oldalr\u00f3l t\u00e1mogatjuk a befektet\u00e9si helysz\u00edn kiv\u00e1laszt\u00e1si folyamat\u00e1t Eur\u00f3p\u00e1n bel\u00fcl, amely sor\u00e1n az egyes potenci\u00e1lis helysz\u00edneket \u00f6sszehasonl\u00edtjuk \u00e9s elemz\u00e9s\u00e9t k\u00e9sz\u00edt\u00fcnk az el\u00e9rhet\u0151 t\u00e1mogat\u00e1sokr\u00f3l<\/li>\n\n\n\n<li>Seg\u00edts\u00e9get ny\u00fajtunk az ad\u00f3kedvezm\u00e9nyekre \u00e9s t\u00e1mogat\u00e1si \u00f6szt\u00f6nz\u0151kre jogosult beruh\u00e1z\u00e1sok \u00e9s K+F tev\u00e9kenys\u00e9gek azonos\u00edt\u00e1s\u00e1ban<\/li>\n\n\n\n<li>Seg\u00edts\u00e9get ny\u00fajtunk az \u00e1llami t\u00e1mogat\u00e1sok ig\u00e9nyl\u00e9s\u00e9ben, az ad\u00f3kedvezm\u00e9nyek maximaliz\u00e1l\u00e1s\u00e1ban, a hat\u00f3s\u00e1gokkal folytatott egyeztet\u00e9seken, tov\u00e1bb\u00e1 v\u00e1llaljuk a p\u00e1ly\u00e1zati folyamat menedzsel\u00e9s\u00e9t \u00e9s koordin\u00e1l\u00e1s\u00e1t<\/li>\n\n\n\n<li>A felhaszn\u00e1lt \u00e1llami t\u00e1mogat\u00e1sok, ad\u00f3kedvezm\u00e9nyek \u00e9s a kapcsol\u00f3d\u00f3 k\u00f6lts\u00e9gek \u00e1tvizsg\u00e1l\u00e1s\u00e1t k\u00f6vet\u0151en tan\u00e1csot adunk a rendelkez\u00e9sre \u00e1ll\u00f3 \u00f6szt\u00f6nz\u0151k optim\u00e1lis felhaszn\u00e1l\u00e1s\u00e1ra vonatkoz\u00f3an<\/li>\n<\/ul>\n","protected":false},"excerpt":{"rendered":"<p>Az ad\u00f3kedvezm\u00e9nyekre \u00e9s p\u00e9nzbeli t\u00e1mogat\u00e1sokra jogos\u00edt\u00f3 kutat\u00e1si \u00e9s fejleszt\u00e9si (K+F) tev\u00e9kenys\u00e9gek vagy egy\u00e9b beruh\u00e1z\u00e1sok azonos\u00edt\u00e1sa kih\u00edv\u00e1st jelenthet a v\u00e1llalkoz\u00e1sok sz\u00e1m\u00e1ra.<\/p>\n","protected":false},"featured_media":1159,"parent":0,"menu_order":17,"template":"","meta":{"_acf_changed":false,"_genesis_hide_title":false,"_genesis_hide_breadcrumbs":false,"_genesis_hide_singular_image":false,"_genesis_hide_footer_widgets":false,"_genesis_custom_body_class":"","_genesis_custom_post_class":"","_genesis_layout":"","footnotes":""},"class_list":{"0":"post-1588","1":"services","2":"type-services","3":"status-publish","4":"has-post-thumbnail","6":"entry"},"acf":[],"yoast_head":"<!-- This site is optimized with the Yoast SEO Premium plugin v27.4 (Yoast SEO v27.4) - https:\/\/yoast.com\/product\/yoast-seo-premium-wordpress\/ -->\n<title>Ad\u00f3kedvezm\u00e9nyek \u00e9s \u00e1llami t\u00e1mogat\u00e1sok - Andersen<\/title>\n<meta name=\"description\" content=\"Szakembereink seg\u00edts\u00e9get ny\u00fajtanak a p\u00e9nzbeli t\u00e1mogat\u00e1sok vagy ad\u00f3kedvezm\u00e9nyek form\u00e1j\u00e1ban ny\u00fajthat\u00f3 \u00e1llami t\u00e1mogat\u00e1sok ig\u00e9nyl\u00e9s\u00e9ben.\" \/>\n<meta name=\"robots\" content=\"index, follow, max-snippet:-1, max-image-preview:large, max-video-preview:-1\" \/>\n<link rel=\"canonical\" href=\"https:\/\/hu.andersen.com\/hu\/adotanacsadas-szolgaltatas\/adokedvezmenyek-es-allami-tamogatasok\/\" \/>\n<meta property=\"og:locale\" content=\"hu_HU\" \/>\n<meta property=\"og:type\" content=\"article\" \/>\n<meta property=\"og:title\" content=\"Ad\u00f3kedvezm\u00e9nyek \u00e9s \u00e1llami t\u00e1mogat\u00e1sok\" \/>\n<meta property=\"og:description\" content=\"Szakembereink seg\u00edts\u00e9get ny\u00fajtanak a p\u00e9nzbeli t\u00e1mogat\u00e1sok vagy ad\u00f3kedvezm\u00e9nyek form\u00e1j\u00e1ban ny\u00fajthat\u00f3 \u00e1llami t\u00e1mogat\u00e1sok ig\u00e9nyl\u00e9s\u00e9ben.\" \/>\n<meta property=\"og:url\" content=\"https:\/\/hu.andersen.com\/hu\/adotanacsadas-szolgaltatas\/adokedvezmenyek-es-allami-tamogatasok\/\" \/>\n<meta property=\"og:site_name\" content=\"Andersen Magyarorsz\u00e1g\" \/>\n<meta property=\"article:modified_time\" content=\"2026-02-09T11:33:10+00:00\" \/>\n<meta property=\"og:image\" content=\"https:\/\/hu.andersen.com\/wp-content\/uploads\/2020\/05\/01-grants-and-incentives-1.jpg\" \/>\n\t<meta property=\"og:image:width\" content=\"201\" \/>\n\t<meta property=\"og:image:height\" content=\"201\" \/>\n\t<meta property=\"og:image:type\" content=\"image\/jpeg\" \/>\n<meta name=\"twitter:card\" content=\"summary_large_image\" \/>\n<meta name=\"twitter:label1\" content=\"Becs\u00fclt olvas\u00e1si id\u0151\" \/>\n\t<meta name=\"twitter:data1\" content=\"1 perc\" \/>\n<script type=\"application\/ld+json\" class=\"yoast-schema-graph\">{\"@context\":\"https:\\\/\\\/schema.org\",\"@graph\":[{\"@type\":\"WebPage\",\"@id\":\"https:\\\/\\\/hu.andersen.com\\\/hu\\\/adotanacsadas-szolgaltatas\\\/adokedvezmenyek-es-allami-tamogatasok\\\/\",\"url\":\"https:\\\/\\\/hu.andersen.com\\\/hu\\\/adotanacsadas-szolgaltatas\\\/adokedvezmenyek-es-allami-tamogatasok\\\/\",\"name\":\"Ad\u00f3kedvezm\u00e9nyek \u00e9s \u00e1llami t\u00e1mogat\u00e1sok - Andersen\",\"isPartOf\":{\"@id\":\"https:\\\/\\\/hu.andersen.com\\\/#website\"},\"primaryImageOfPage\":{\"@id\":\"https:\\\/\\\/hu.andersen.com\\\/hu\\\/adotanacsadas-szolgaltatas\\\/adokedvezmenyek-es-allami-tamogatasok\\\/#primaryimage\"},\"image\":{\"@id\":\"https:\\\/\\\/hu.andersen.com\\\/hu\\\/adotanacsadas-szolgaltatas\\\/adokedvezmenyek-es-allami-tamogatasok\\\/#primaryimage\"},\"thumbnailUrl\":\"https:\\\/\\\/hu.andersen.com\\\/wp-content\\\/uploads\\\/2020\\\/05\\\/01-grants-and-incentives-1.jpg\",\"datePublished\":\"2020-06-17T19:13:04+00:00\",\"dateModified\":\"2026-02-09T11:33:10+00:00\",\"description\":\"Szakembereink seg\u00edts\u00e9get ny\u00fajtanak a p\u00e9nzbeli t\u00e1mogat\u00e1sok vagy ad\u00f3kedvezm\u00e9nyek form\u00e1j\u00e1ban ny\u00fajthat\u00f3 \u00e1llami t\u00e1mogat\u00e1sok ig\u00e9nyl\u00e9s\u00e9ben.\",\"breadcrumb\":{\"@id\":\"https:\\\/\\\/hu.andersen.com\\\/hu\\\/adotanacsadas-szolgaltatas\\\/adokedvezmenyek-es-allami-tamogatasok\\\/#breadcrumb\"},\"inLanguage\":\"hu\",\"potentialAction\":[{\"@type\":\"ReadAction\",\"target\":[\"https:\\\/\\\/hu.andersen.com\\\/hu\\\/adotanacsadas-szolgaltatas\\\/adokedvezmenyek-es-allami-tamogatasok\\\/\"]}]},{\"@type\":\"ImageObject\",\"inLanguage\":\"hu\",\"@id\":\"https:\\\/\\\/hu.andersen.com\\\/hu\\\/adotanacsadas-szolgaltatas\\\/adokedvezmenyek-es-allami-tamogatasok\\\/#primaryimage\",\"url\":\"https:\\\/\\\/hu.andersen.com\\\/wp-content\\\/uploads\\\/2020\\\/05\\\/01-grants-and-incentives-1.jpg\",\"contentUrl\":\"https:\\\/\\\/hu.andersen.com\\\/wp-content\\\/uploads\\\/2020\\\/05\\\/01-grants-and-incentives-1.jpg\",\"width\":201,\"height\":201,\"caption\":\"Ad\u00f3kedvezm\u00e9nyek \u00e9s \u00e1llami t\u00e1mogat\u00e1sok - Andersen\"},{\"@type\":\"BreadcrumbList\",\"@id\":\"https:\\\/\\\/hu.andersen.com\\\/hu\\\/adotanacsadas-szolgaltatas\\\/adokedvezmenyek-es-allami-tamogatasok\\\/#breadcrumb\",\"itemListElement\":[{\"@type\":\"ListItem\",\"position\":1,\"name\":\"Kezd\u0151lap\",\"item\":\"https:\\\/\\\/hu.andersen.com\\\/hu\\\/\"},{\"@type\":\"ListItem\",\"position\":2,\"name\":\"Ad\u00f3tan\u00e1csad\u00e1s\",\"item\":\"https:\\\/\\\/hu.andersen.com\\\/hu\\\/adotanacsadas-szolgaltatas\\\/\"},{\"@type\":\"ListItem\",\"position\":3,\"name\":\"Ad\u00f3kedvezm\u00e9nyek \u00e9s \u00e1llami t\u00e1mogat\u00e1sok\"}]},{\"@type\":\"WebSite\",\"@id\":\"https:\\\/\\\/hu.andersen.com\\\/#website\",\"url\":\"https:\\\/\\\/hu.andersen.com\\\/\",\"name\":\"Andersen In Hungary\",\"description\":\"Ad\u00f3tan\u00e1csad\u00e1s \u00e9s jogi tan\u00e1csad\u00e1s\",\"potentialAction\":[{\"@type\":\"SearchAction\",\"target\":{\"@type\":\"EntryPoint\",\"urlTemplate\":\"https:\\\/\\\/hu.andersen.com\\\/?s={search_term_string}\"},\"query-input\":{\"@type\":\"PropertyValueSpecification\",\"valueRequired\":true,\"valueName\":\"search_term_string\"}}],\"inLanguage\":\"hu\"}]}<\/script>\n<!-- \/ Yoast SEO Premium plugin. -->","yoast_head_json":{"title":"Ad\u00f3kedvezm\u00e9nyek \u00e9s \u00e1llami t\u00e1mogat\u00e1sok - Andersen","description":"Szakembereink seg\u00edts\u00e9get ny\u00fajtanak a p\u00e9nzbeli t\u00e1mogat\u00e1sok vagy ad\u00f3kedvezm\u00e9nyek form\u00e1j\u00e1ban ny\u00fajthat\u00f3 \u00e1llami t\u00e1mogat\u00e1sok ig\u00e9nyl\u00e9s\u00e9ben.","robots":{"index":"index","follow":"follow","max-snippet":"max-snippet:-1","max-image-preview":"max-image-preview:large","max-video-preview":"max-video-preview:-1"},"canonical":"https:\/\/hu.andersen.com\/hu\/adotanacsadas-szolgaltatas\/adokedvezmenyek-es-allami-tamogatasok\/","og_locale":"hu_HU","og_type":"article","og_title":"Ad\u00f3kedvezm\u00e9nyek \u00e9s \u00e1llami t\u00e1mogat\u00e1sok","og_description":"Szakembereink seg\u00edts\u00e9get ny\u00fajtanak a p\u00e9nzbeli t\u00e1mogat\u00e1sok vagy ad\u00f3kedvezm\u00e9nyek form\u00e1j\u00e1ban ny\u00fajthat\u00f3 \u00e1llami t\u00e1mogat\u00e1sok ig\u00e9nyl\u00e9s\u00e9ben.","og_url":"https:\/\/hu.andersen.com\/hu\/adotanacsadas-szolgaltatas\/adokedvezmenyek-es-allami-tamogatasok\/","og_site_name":"Andersen Magyarorsz\u00e1g","article_modified_time":"2026-02-09T11:33:10+00:00","og_image":[{"width":201,"height":201,"url":"https:\/\/hu.andersen.com\/wp-content\/uploads\/2020\/05\/01-grants-and-incentives-1.jpg","type":"image\/jpeg"}],"twitter_card":"summary_large_image","twitter_misc":{"Becs\u00fclt olvas\u00e1si id\u0151":"1 perc"},"schema":{"@context":"https:\/\/schema.org","@graph":[{"@type":"WebPage","@id":"https:\/\/hu.andersen.com\/hu\/adotanacsadas-szolgaltatas\/adokedvezmenyek-es-allami-tamogatasok\/","url":"https:\/\/hu.andersen.com\/hu\/adotanacsadas-szolgaltatas\/adokedvezmenyek-es-allami-tamogatasok\/","name":"Ad\u00f3kedvezm\u00e9nyek \u00e9s \u00e1llami t\u00e1mogat\u00e1sok - Andersen","isPartOf":{"@id":"https:\/\/hu.andersen.com\/#website"},"primaryImageOfPage":{"@id":"https:\/\/hu.andersen.com\/hu\/adotanacsadas-szolgaltatas\/adokedvezmenyek-es-allami-tamogatasok\/#primaryimage"},"image":{"@id":"https:\/\/hu.andersen.com\/hu\/adotanacsadas-szolgaltatas\/adokedvezmenyek-es-allami-tamogatasok\/#primaryimage"},"thumbnailUrl":"https:\/\/hu.andersen.com\/wp-content\/uploads\/2020\/05\/01-grants-and-incentives-1.jpg","datePublished":"2020-06-17T19:13:04+00:00","dateModified":"2026-02-09T11:33:10+00:00","description":"Szakembereink seg\u00edts\u00e9get ny\u00fajtanak a p\u00e9nzbeli t\u00e1mogat\u00e1sok vagy ad\u00f3kedvezm\u00e9nyek form\u00e1j\u00e1ban ny\u00fajthat\u00f3 \u00e1llami t\u00e1mogat\u00e1sok ig\u00e9nyl\u00e9s\u00e9ben.","breadcrumb":{"@id":"https:\/\/hu.andersen.com\/hu\/adotanacsadas-szolgaltatas\/adokedvezmenyek-es-allami-tamogatasok\/#breadcrumb"},"inLanguage":"hu","potentialAction":[{"@type":"ReadAction","target":["https:\/\/hu.andersen.com\/hu\/adotanacsadas-szolgaltatas\/adokedvezmenyek-es-allami-tamogatasok\/"]}]},{"@type":"ImageObject","inLanguage":"hu","@id":"https:\/\/hu.andersen.com\/hu\/adotanacsadas-szolgaltatas\/adokedvezmenyek-es-allami-tamogatasok\/#primaryimage","url":"https:\/\/hu.andersen.com\/wp-content\/uploads\/2020\/05\/01-grants-and-incentives-1.jpg","contentUrl":"https:\/\/hu.andersen.com\/wp-content\/uploads\/2020\/05\/01-grants-and-incentives-1.jpg","width":201,"height":201,"caption":"Ad\u00f3kedvezm\u00e9nyek \u00e9s \u00e1llami t\u00e1mogat\u00e1sok - Andersen"},{"@type":"BreadcrumbList","@id":"https:\/\/hu.andersen.com\/hu\/adotanacsadas-szolgaltatas\/adokedvezmenyek-es-allami-tamogatasok\/#breadcrumb","itemListElement":[{"@type":"ListItem","position":1,"name":"Kezd\u0151lap","item":"https:\/\/hu.andersen.com\/hu\/"},{"@type":"ListItem","position":2,"name":"Ad\u00f3tan\u00e1csad\u00e1s","item":"https:\/\/hu.andersen.com\/hu\/adotanacsadas-szolgaltatas\/"},{"@type":"ListItem","position":3,"name":"Ad\u00f3kedvezm\u00e9nyek \u00e9s \u00e1llami t\u00e1mogat\u00e1sok"}]},{"@type":"WebSite","@id":"https:\/\/hu.andersen.com\/#website","url":"https:\/\/hu.andersen.com\/","name":"Andersen In Hungary","description":"Ad\u00f3tan\u00e1csad\u00e1s \u00e9s jogi tan\u00e1csad\u00e1s","potentialAction":[{"@type":"SearchAction","target":{"@type":"EntryPoint","urlTemplate":"https:\/\/hu.andersen.com\/?s={search_term_string}"},"query-input":{"@type":"PropertyValueSpecification","valueRequired":true,"valueName":"search_term_string"}}],"inLanguage":"hu"}]}},"_links":{"self":[{"href":"https:\/\/hu.andersen.com\/hu\/wp-json\/wp\/v2\/services\/1588","targetHints":{"allow":["GET"]}}],"collection":[{"href":"https:\/\/hu.andersen.com\/hu\/wp-json\/wp\/v2\/services"}],"about":[{"href":"https:\/\/hu.andersen.com\/hu\/wp-json\/wp\/v2\/types\/services"}],"version-history":[{"count":7,"href":"https:\/\/hu.andersen.com\/hu\/wp-json\/wp\/v2\/services\/1588\/revisions"}],"predecessor-version":[{"id":15100,"href":"https:\/\/hu.andersen.com\/hu\/wp-json\/wp\/v2\/services\/1588\/revisions\/15100"}],"wp:featuredmedia":[{"embeddable":true,"href":"https:\/\/hu.andersen.com\/hu\/wp-json\/wp\/v2\/media\/1159"}],"wp:attachment":[{"href":"https:\/\/hu.andersen.com\/hu\/wp-json\/wp\/v2\/media?parent=1588"}],"curies":[{"name":"wp","href":"https:\/\/api.w.org\/{rel}","templated":true}]}}