{"id":1600,"date":"2020-06-17T21:20:51","date_gmt":"2020-06-17T19:20:51","guid":{"rendered":"https:\/\/hu.andersen.com\/?post_type=services&#038;p=1600"},"modified":"2026-04-30T13:15:08","modified_gmt":"2026-04-30T11:15:08","slug":"szemelyi-jovedelemado-tervezes","status":"publish","type":"services","link":"https:\/\/hu.andersen.com\/hu\/adotanacsadas-szolgaltatas\/szemelyi-jovedelemado-tervezes\/","title":{"rendered":"Szem\u00e9lyi j\u00f6vedelemad\u00f3-tervez\u00e9s"},"content":{"rendered":"\n<div style=\"height:32px\" aria-hidden=\"true\" class=\"wp-block-spacer\"><\/div>\n\n\n\n<p><strong>Az Andersen szem\u00e9lyi j\u00f6vedelemad\u00f3\u2011tervez\u00e9s szolg\u00e1ltat\u00e1sai \u00e1tfog\u00f3 t\u00e1mogat\u00e1st ny\u00fajtanak mag\u00e1nszem\u00e9lyeknek \u00e9s vezet\u0151knek a jogszab\u00e1lyoknak megfelel\u0151 ad\u00f3terhel\u00e9s optimaliz\u00e1l\u00e1s\u00e1hoz \u00e9s a kock\u00e1zatok cs\u00f6kkent\u00e9s\u00e9hez. Tan\u00e1csad\u00f3ink hazai \u00e9s nemzetk\u00f6zi j\u00f6vedelmek eset\u00e9n is seg\u00edtenek a megfelel\u0151 strukt\u00far\u00e1k, kedvezm\u00e9nyek \u00e9s dokument\u00e1ci\u00f3 kiv\u00e1laszt\u00e1s\u00e1ban.<\/strong><\/p>\n\n\n\n<h2 class=\"wp-block-heading has-text-color has-link-color has-medium-font-size wp-elements-e6aeeaf79fe91078289540a994d74bb4\" id=\"h-kulfoldon-elo-magyar-allampolgarok-jovedelemadozasa-bevallas-es-adotervezes\" style=\"color:#ab0e1e\"><strong>K\u00fclf\u00f6ld\u00f6n \u00e9l\u0151 magyar \u00e1llampolg\u00e1rok j\u00f6vedelemad\u00f3z\u00e1sa: bevall\u00e1s \u00e9s ad\u00f3tervez\u00e9s<\/strong><\/h2>\n\n\n\n<p>A mai glob\u00e1lisan mobilis k\u00f6rnyezetben egyre gyakoribb\u00e1 v\u00e1lik az, hogy a mag\u00e1nszem\u00e9lyek k\u00fcl\u00f6nf\u00e9le orsz\u00e1gokb\u00f3l j\u00f6vedelmet kapnak, jellemz\u0151en hat\u00e1rokon \u00e1tny\u00fal\u00f3 megb\u00edz\u00e1sok vagy befektet\u00e9sek eredm\u00e9nyek\u00e9nt (pl. fizet\u00e9s, r\u00e9szv\u00e9nyopci\u00f3k, osztal\u00e9kok, kamat, \u00e1rfolyamnyeres\u00e9g, ingatlan b\u00e9rbead\u00e1sb\u00f3l sz\u00e1rmaz\u00f3 j\u00f6vedelem).\u00a0 Ezekben az esetekben k\u00e9rd\u00e9sk\u00e9nt mer\u00fclhet fel:<\/p>\n\n\n\n<ul class=\"wp-block-list\">\n<li>Hol kell bevallani ezt a j\u00f6vedelmet?<\/li>\n\n\n\n<li>Hol fizetek ad\u00f3t?<\/li>\n\n\n\n<li>Visszaig\u00e9nyelhetem-e \u00a0a k\u00fclf\u00f6ld\u00f6n levont ad\u00f3t?<\/li>\n\n\n\n<li>Hol fizetek t\u00e1rsadalombiztos\u00edt\u00e1si j\u00e1rul\u00e9kokat?<\/li>\n\n\n\n<li>Van-e m\u00e9g valami, amire figyelnem kell? <\/li>\n<\/ul>\n\n\n\n<p>A v\u00e1laszok a sz\u00e1mos k\u00f6r\u00fclm\u00e9nyt\u0151l f\u00fcggenek (mint p\u00e9ld\u00e1ul az ad\u00f3\u00fcgyi illet\u0151s\u00e9g, a j\u00f6vedelem sz\u00e1rmaz\u00e1si hely \u00e9s t\u00edpusa), amelyeket a helyi \u00e9s a nemzetk\u00f6zi jogszab\u00e1lyok szab\u00e1lyoznak.<\/p>\n\n\n\n<h2 class=\"wp-block-heading has-text-color has-link-color has-medium-font-size wp-elements-ffc8ec9d54aad4d5c898008354108dcb\" id=\"h-kulfoldon-elo-magyar-allampolgarok-jovedelemadozasahoz-kapcsolodo-szolgaltatasaink\" style=\"color:#ab0e1e\"><strong>K\u00fclf\u00f6ld\u00f6n \u00e9l\u0151 magyar \u00e1llampolg\u00e1rok j\u00f6vedelemad\u00f3z\u00e1s\u00e1hoz kapcsol\u00f3d\u00f3 szolg\u00e1ltat\u00e1saink<\/strong><\/h2>\n\n\n\n<ul class=\"wp-block-list\">\n<li>Kett\u0151s ad\u00f3ztat\u00e1s elker\u00fcl\u00e9s\u00e9r\u0151l sz\u00f3l\u00f3 egyezm\u00e9nyek, t\u00e1rsadalombiztos\u00edt\u00e1si (szoci\u00e1lis biztons\u00e1gi) egyezm\u00e9nyek, \u00e9s a szoci\u00e1lis biztons\u00e1g koordin\u00e1ci\u00f3j\u00e1ra vonatkoz\u00f3 uni\u00f3s rendelkez\u00e9sek elemz\u00e9se<\/li>\n\n\n\n<li>Az ad\u00f3z\u00e1s hely\u00e9nek, illetve a t\u00e1rsadalombiztos\u00edt\u00e1si j\u00e1rul\u00e9kok befizet\u00e9s\u00e9nek hely\u00e9nek meghat\u00e1roz\u00e1sa<\/li>\n\n\n\n<li>A k\u00fclf\u00f6ldr\u0151l sz\u00e1rmaz\u00f3 j\u00f6vedelem, valamint a magyar ad\u00f3- \u00e9s t\u00e1rsadalombiztos\u00edt\u00e1si k\u00f6telezetts\u00e9gek kisz\u00e1m\u00edt\u00e1sa<\/li>\n\n\n\n<li>Seg\u00edts\u00e9gny\u00fajt\u00e1s a k\u00fclf\u00f6ldr\u0151l sz\u00e1rmaz\u00f3 j\u00f6vedelem magyarorsz\u00e1gi bevall\u00e1s\u00e1ban<\/li>\n\n\n\n<li>A kett\u0151s ad\u00f3ztat\u00e1s elker\u00fcl\u00e9s\u00e9r\u0151l sz\u00f3l\u00f3 egyezm\u00e9ny szerinti m\u00e9rt\u00e9ket meghalad\u00f3an t\u00falvont k\u00fclf\u00f6ldi forr\u00e1sad\u00f3 visszaig\u00e9nyl\u00e9s\u00e9vel kapcsolatos seg\u00edts\u00e9gny\u00fajt\u00e1s<\/li>\n<\/ul>\n\n\n\n<h2 class=\"wp-block-heading has-text-color has-link-color has-medium-font-size wp-elements-74bce1d9627336d6948671983527f285\" id=\"h-kulfoldi-maganszemelyek-magyarorszagi-adozasa-adoilletoseg-bevallasi-kotelezettsegek-kedvezmenyek-hataridok\" style=\"color:#ab0e1e\"><strong>K\u00fclf\u00f6ldi mag\u00e1nszem\u00e9lyek magyarorsz\u00e1gi ad\u00f3z\u00e1sa: ad\u00f3illet\u0151s\u00e9g, bevall\u00e1si k\u00f6telezetts\u00e9gek, kedvezm\u00e9nyek, hat\u00e1rid\u0151k<\/strong><\/h2>\n\n\n\n<p>A globaliz\u00e1ci\u00f3 \u00e9s a gyorsan b\u0151v\u00fcl\u0151 nemzetk\u00f6zi kereskedelmi kapcsolatok eredm\u00e9nyek\u00e9nt folyamatosan n\u00f6vekszik azon k\u00fclf\u00f6ldi mag\u00e1nszem\u00e9lyek sz\u00e1ma, akik Magyarorsz\u00e1gra munkav\u00e9gz\u00e9s c\u00e9lj\u00e1b\u00f3l \u00e9rkeznek. Ezen mag\u00e1nszem\u00e9lyekkel kapcsolatos ad\u00f3z\u00e1si \u00e9s t\u00e1rsadalombiztos\u00edt\u00e1si k\u00e9rd\u00e9sek tiszt\u00e1z\u00e1sa kulcsfontoss\u00e1g\u00fa nemcsak a munkav\u00e1llal\u00f3, hanem mind a kik\u00fcld\u0151, mind pedig a befogad\u00f3 munk\u00e1ltat\u00f3 szempontj\u00e1b\u00f3l is.<\/p>\n\n\n\n<h2 class=\"wp-block-heading has-text-color has-link-color has-medium-font-size wp-elements-d8b636003690834d8cb86467f5358940\" id=\"h-kulfoldi-maganszemelyek-magyarorszagi-adozasahoz-kapcsolodo-szolgaltatasaink\" style=\"color:#ab0e1e\"><strong>K\u00fclf\u00f6ldi mag\u00e1nszem\u00e9lyek magyarorsz\u00e1gi ad\u00f3z\u00e1s\u00e1hoz kapcsol\u00f3d\u00f3 szolg\u00e1ltat\u00e1saink<\/strong><\/h2>\n\n\n\n<ul class=\"wp-block-list\">\n<li>A kett\u0151s ad\u00f3ztat\u00e1s elker\u00fcl\u00e9s\u00e9r\u0151l sz\u00f3l\u00f3 egyezm\u00e9nyek alapj\u00e1n az ad\u00f3jogi illet\u0151s\u00e9g; meg\u00e1llap\u00edt\u00e1sa, illetve a munkav\u00e1llal\u00f3 gazdas\u00e1gi munk\u00e1ltat\u00f3j\u00e1nak meghat\u00e1roz\u00e1sa<\/li>\n\n\n\n<li>A k\u00fclf\u00f6ldi szem\u00e9ly t\u00e1rsadalombiztos\u00edt\u00e1si helyzet\u00e9nek meghat\u00e1roz\u00e1sa<\/li>\n\n\n\n<li>A k\u00fclf\u00f6ldi munkav\u00e1llal\u00f3knak ny\u00fajtott juttat\u00e1sok ad\u00f3- \u00e9s j\u00e1rul\u00e9kvonzatainak meghat\u00e1roz\u00e1sa<\/li>\n\n\n\n<li>Negyed\u00e9ves szem\u00e9lyi j\u00f6vedelemad\u00f3 el\u0151leg kalkul\u00e1ci\u00f3 elk\u00e9sz\u00edt\u00e9se<\/li>\n\n\n\n<li>Az \u00e9ves szem\u00e9lyi j\u00f6vedelemad\u00f3-bevall\u00e1s elk\u00e9sz\u00edt\u00e9se<\/li>\n<\/ul>\n\n\n\n<h2 class=\"wp-block-heading has-text-color has-link-color has-medium-font-size wp-elements-c7a04d5f075037ab1fb28f603ce99789\" id=\"h-munkavallaloi-osztonzo-rendszerek-dolgozoi-reszvenyprogramok-cafeteria\" style=\"color:#ab0e1e\"><strong>Munkav\u00e1llal\u00f3i \u00f6szt\u00f6nz\u0151 rendszerek: dolgoz\u00f3i r\u00e9szv\u00e9nyprogramok, cafeteria<\/strong><\/h2>\n\n\n\n<p>A hat\u00e9kony munkav\u00e1llal\u00f3i \u00f6szt\u00f6nz\u0151 rendszernek nagy jelent\u0151s\u00e9ge van a munkav\u00e1llal\u00f3k toborz\u00e1s\u00e1ban \u00e9s megtart\u00e1s\u00e1ban, k\u00fcl\u00f6n\u00f6s tekintettel a kulcsfontoss\u00e1g\u00fa alkalmazottak \u00e9s a vezet\u0151 beoszt\u00e1s\u00fa munkat\u00e1rsak eset\u00e9ben, akiknek a p\u00f3tl\u00e1sa jelent\u0151s neh\u00e9zs\u00e9get okozhat. A munk\u00e1ltat\u00f3k k\u00f6lts\u00e9ghat\u00e9kony \u00f6szt\u00f6nz\u0151 rendszereket k\u00edv\u00e1nnak fel\u00e1ll\u00edtani, \u00e9s az ad\u00f3hat\u00e9konys\u00e1g szint\u00e9n n\u00e9lk\u00fcl\u00f6zhetetlen t\u00e9nyez\u0151, amelyet figyelembe kell venni az \u00f6szt\u00f6nz\u0151 rendszereknek a kialak\u00edt\u00e1sakor.<\/p>\n\n\n\n<h2 class=\"wp-block-heading has-text-color has-link-color has-medium-font-size wp-elements-f2d25a2cebd45ff447b995a105b49f5e\" id=\"h-munkavallaloi-osztonzo-rendszerekhez-kapcsolodo-szolgaltatasaink\" style=\"color:#ab0e1e\"><strong>Munkav\u00e1llal\u00f3i \u00f6szt\u00f6nz\u0151 rendszerekhez kapcsol\u00f3d\u00f3 szolg\u00e1ltat\u00e1saink<\/strong><\/h2>\n\n\n\n<ul class=\"wp-block-list\">\n<li>K\u00fcl\u00f6nb\u00f6z\u0151 vezet\u0151i \u00e9s munkav\u00e1llal\u00f3i \u00f6szt\u00f6nz\u0151 rendszerek (MRP, dolgoz\u00f3i r\u00e9szv\u00e9nyprogramok, egy\u00e9b tulajdonosi r\u00e9szesed\u00e9si programok) kidolgoz\u00e1sa, az ehhez kapcsol\u00f3d\u00f3 ad\u00f3z\u00e1si k\u00f6vetkezm\u00e9nyek elemz\u00e9se, ad\u00f3tervez\u00e9s, ad\u00f3hat\u00f3s\u00e1gi \u00e1ll\u00e1sfoglal\u00e1sok megszerz\u00e9se<\/li>\n\n\n\n<li>Tan\u00e1csad\u00e1s a k\u00fclf\u00f6ldi r\u00e9szv\u00e9ny\u00f6szt\u00f6nz\u0151 rendszerek magyar ad\u00f3- \u00e9s t\u00e1rsadalombiztos\u00edt\u00e1si k\u00f6vetkezm\u00e9nyeivel kapcsolatban<\/li>\n\n\n\n<li>Cafeteria rendszer keret\u00e9ben ny\u00fajtott juttat\u00e1sok ad\u00f3z\u00e1s\u00e1val kapcsolatos tan\u00e1csad\u00e1s, az ad\u00f3- \u00e9s j\u00e1rul\u00e9khat\u00e1sok optimaliz\u00e1l\u00e1sa<\/li>\n\n\n\n<li>A megl\u00e9v\u0151 cafeteria rendszerek \u00e1tvil\u00e1g\u00edt\u00e1sa, illetve tan\u00e1csad\u00e1s a cafeteria rendszer bevezet\u00e9se el\u0151tt<\/li>\n<\/ul>\n\n\n\n<h2 class=\"wp-block-heading has-text-color has-link-color has-medium-font-size wp-elements-f1c0b0a88e2b69b3432dfdcf447895f3\" id=\"h-reszesedes-elidegenitese-generaciovaltas-oroklestervezes\" style=\"color:#ab0e1e\"><strong>R\u00e9szesed\u00e9s elidegen\u00edt\u00e9se, gener\u00e1ci\u00f3v\u00e1lt\u00e1s, \u00f6r\u00f6kl\u00e9stervez\u00e9s\u00a0<\/strong><\/h2>\n\n\n\n<p>A magyar tulajdonban l\u00e9v\u0151 v\u00e1llalkoz\u00e1sok eset\u00e9ben is elj\u00f6n az id\u0151, amikor az alap\u00edt\u00f3 (t\u00f6bbs\u00e9gi) tulajdonosnak gondoskodnia kell a c\u00e9g j\u00f6v\u0151j\u00e9r\u0151l, annak tov\u00e1bbvitel\u00e9r\u0151l. B\u00e1r az ut\u00f3dl\u00e1s k\u00e9rd\u00e9se nem els\u0151sorban ad\u00f3 \u00e1ltal meghat\u00e1rozott d\u00f6nt\u00e9s, m\u00e9gsem elhanyagolhat\u00f3, hogy mekkora k\u00f6zterheket kell ler\u00f3ni a staf\u00e9tabot \u2013 jelentsen ez tulajdonr\u00e9sz elidegen\u00edt\u00e9st \u00e9s\/vagy m\u00e1s szem\u00e9lyek menedzsmentbe val\u00f3 bevon\u00e1s\u00e1t \u2013 \u00e1tad\u00e1sa kapcs\u00e1n<strong>.<\/strong><\/p>\n\n\n\n<h2 class=\"wp-block-heading has-text-color has-link-color has-medium-font-size wp-elements-81834d7cb8aabdf0dd85e394428fcab2\" id=\"h-kapcsolodo-szolgaltatasaink\" style=\"color:#ab0e1e\"><strong>Kapcsol\u00f3d\u00f3 szolg\u00e1ltat\u00e1saink<\/strong><\/h2>\n\n\n\n<ul class=\"wp-block-list\">\n<li>Ad\u00f3hat\u00e9kony megval\u00f3s\u00edt\u00e1si lehet\u0151s\u00e9gek felv\u00e1zol\u00e1sa a tulajdonos \u00e1ltal megadott szempontoknak megfelel\u0151en<\/li>\n\n\n\n<li>Akt\u00edv r\u00e9szv\u00e9tel a kiv\u00e1lasztott megold\u00e1s implement\u00e1l\u00e1s\u00e1ban, bele\u00e9rtve a megval\u00f3s\u00edt\u00e1shoz sz\u00fcks\u00e9ges tranzakci\u00f3k r\u00e9szleteinek kidolgoz\u00e1s\u00e1t \u00e9s a szerz\u0151d\u00e9sek tervezet\u00e9nek v\u00e9lem\u00e9nyez\u00e9s\u00e9t az optim\u00e1lis ad\u00f3- \u00e9s illet\u00e9kvonzatok el\u00e9r\u00e9se \u00e9rdek\u00e9ben<\/li>\n\n\n\n<li>K\u00f6zrem\u0171k\u00f6d\u00e9s bizalmi vagyonkezel\u00e9si strukt\u00far\u00e1k l\u00e9trehoz\u00e1s\u00e1ban<\/li>\n\n\n\n<li>A v\u00e1rt ad\u00f3- \u00e9s illet\u00e9kvonzatok P\u00e9nz\u00fcgyminiszt\u00e9rium \u00e1ltali meger\u0151s\u00edt\u00e9se \u00e9rdek\u00e9ben felt\u00e9teles ad\u00f3meg\u00e1llap\u00edt\u00e1si k\u00e9relem k\u00e9sz\u00edt\u00e9se a kiv\u00e1lasztott forgat\u00f3k\u00f6nyvre szabva<\/li>\n<\/ul>\n\n\n\n<div style=\"height:32px\" aria-hidden=\"true\" class=\"wp-block-spacer\"><\/div>\n\n\n\n<div class=\"wp-block-buttons is-content-justification-center is-layout-flex wp-container-core-buttons-is-layout-16018d1d wp-block-buttons-is-layout-flex\">\n<div class=\"wp-block-button\"><a class=\"wp-block-button__link has-white-color has-text-color has-background has-link-color wp-element-button\" href=\"https:\/\/hu.andersen.com\/hu\/kapcsolat\/\" style=\"background-color:#ab0e1e\"><strong>L\u00e9pjen kapcsolatba vel\u00fcnk!<\/strong><\/a><\/div>\n<\/div>\n","protected":false},"excerpt":{"rendered":"<p>A mai glob\u00e1lisan mobilis k\u00f6rnyezetben egyre gyakoribb\u00e1 v\u00e1lik az, hogy a mag\u00e1nszem\u00e9lyek k\u00fcl\u00f6nf\u00e9le orsz\u00e1gokb\u00f3l j\u00f6vedelmet kapnak , jellemz\u0151en hat\u00e1rokon \u00e1tny\u00fal\u00f3 megb\u00edz\u00e1sok vagy befektet\u00e9sek eredm\u00e9nyek\u00e9nt.<\/p>\n","protected":false},"featured_media":1371,"parent":0,"menu_order":13,"template":"","meta":{"_acf_changed":false,"_genesis_hide_title":false,"_genesis_hide_breadcrumbs":false,"_genesis_hide_singular_image":false,"_genesis_hide_footer_widgets":false,"_genesis_custom_body_class":"","_genesis_custom_post_class":"","_genesis_layout":"","footnotes":""},"class_list":{"0":"post-1600","1":"services","2":"type-services","3":"status-publish","4":"has-post-thumbnail","6":"entry"},"acf":[],"yoast_head":"<!-- This site is optimized with the Yoast SEO Premium plugin v27.4 (Yoast SEO v27.4) - https:\/\/yoast.com\/product\/yoast-seo-premium-wordpress\/ -->\n<title>Szem\u00e9lyi j\u00f6vedelemad\u00f3 tervez\u00e9s - Andersen Magyarorsz\u00e1g<\/title>\n<meta name=\"description\" content=\"Szem\u00e9lyi j\u00f6vedelemad\u00f3 tervez\u00e9s k\u00fclf\u00f6ld\u00f6n dolgoz\u00f3 magyar \u00e1llampolg\u00e1roknak \u00e9s Magyarorsz\u00e1gon \u00e9l\u0151 k\u00fclf\u00f6ldieknek.\" \/>\n<meta name=\"robots\" content=\"index, follow, max-snippet:-1, max-image-preview:large, max-video-preview:-1\" \/>\n<link rel=\"canonical\" href=\"https:\/\/hu.andersen.com\/hu\/adotanacsadas-szolgaltatas\/szemelyi-jovedelemado-tervezes\/\" \/>\n<meta property=\"og:locale\" content=\"hu_HU\" \/>\n<meta property=\"og:type\" content=\"article\" \/>\n<meta property=\"og:title\" content=\"Szem\u00e9lyi j\u00f6vedelemad\u00f3-tervez\u00e9s\" \/>\n<meta property=\"og:description\" content=\"Szem\u00e9lyi j\u00f6vedelemad\u00f3 tervez\u00e9s k\u00fclf\u00f6ld\u00f6n dolgoz\u00f3 magyar \u00e1llampolg\u00e1roknak \u00e9s Magyarorsz\u00e1gon \u00e9l\u0151 k\u00fclf\u00f6ldieknek.\" \/>\n<meta property=\"og:url\" content=\"https:\/\/hu.andersen.com\/hu\/adotanacsadas-szolgaltatas\/szemelyi-jovedelemado-tervezes\/\" \/>\n<meta property=\"og:site_name\" content=\"Andersen Magyarorsz\u00e1g\" \/>\n<meta property=\"article:modified_time\" content=\"2026-04-30T11:15:08+00:00\" \/>\n<meta property=\"og:image\" content=\"https:\/\/hu.andersen.com\/wp-content\/uploads\/2020\/04\/03-personal-income-tax-planning.jpg\" \/>\n\t<meta property=\"og:image:width\" content=\"201\" \/>\n\t<meta property=\"og:image:height\" content=\"201\" \/>\n\t<meta property=\"og:image:type\" content=\"image\/jpeg\" \/>\n<meta name=\"twitter:card\" content=\"summary_large_image\" \/>\n<meta name=\"twitter:label1\" content=\"Becs\u00fclt olvas\u00e1si id\u0151\" \/>\n\t<meta name=\"twitter:data1\" content=\"3 perc\" \/>\n<script type=\"application\/ld+json\" class=\"yoast-schema-graph\">{\"@context\":\"https:\\\/\\\/schema.org\",\"@graph\":[{\"@type\":\"WebPage\",\"@id\":\"https:\\\/\\\/hu.andersen.com\\\/hu\\\/adotanacsadas-szolgaltatas\\\/szemelyi-jovedelemado-tervezes\\\/\",\"url\":\"https:\\\/\\\/hu.andersen.com\\\/hu\\\/adotanacsadas-szolgaltatas\\\/szemelyi-jovedelemado-tervezes\\\/\",\"name\":\"Szem\u00e9lyi j\u00f6vedelemad\u00f3 tervez\u00e9s - Andersen Magyarorsz\u00e1g\",\"isPartOf\":{\"@id\":\"https:\\\/\\\/hu.andersen.com\\\/#website\"},\"primaryImageOfPage\":{\"@id\":\"https:\\\/\\\/hu.andersen.com\\\/hu\\\/adotanacsadas-szolgaltatas\\\/szemelyi-jovedelemado-tervezes\\\/#primaryimage\"},\"image\":{\"@id\":\"https:\\\/\\\/hu.andersen.com\\\/hu\\\/adotanacsadas-szolgaltatas\\\/szemelyi-jovedelemado-tervezes\\\/#primaryimage\"},\"thumbnailUrl\":\"https:\\\/\\\/hu.andersen.com\\\/wp-content\\\/uploads\\\/2020\\\/04\\\/03-personal-income-tax-planning.jpg\",\"datePublished\":\"2020-06-17T19:20:51+00:00\",\"dateModified\":\"2026-04-30T11:15:08+00:00\",\"description\":\"Szem\u00e9lyi j\u00f6vedelemad\u00f3 tervez\u00e9s k\u00fclf\u00f6ld\u00f6n dolgoz\u00f3 magyar \u00e1llampolg\u00e1roknak \u00e9s Magyarorsz\u00e1gon \u00e9l\u0151 k\u00fclf\u00f6ldieknek.\",\"breadcrumb\":{\"@id\":\"https:\\\/\\\/hu.andersen.com\\\/hu\\\/adotanacsadas-szolgaltatas\\\/szemelyi-jovedelemado-tervezes\\\/#breadcrumb\"},\"inLanguage\":\"hu\",\"potentialAction\":[{\"@type\":\"ReadAction\",\"target\":[\"https:\\\/\\\/hu.andersen.com\\\/hu\\\/adotanacsadas-szolgaltatas\\\/szemelyi-jovedelemado-tervezes\\\/\"]}]},{\"@type\":\"ImageObject\",\"inLanguage\":\"hu\",\"@id\":\"https:\\\/\\\/hu.andersen.com\\\/hu\\\/adotanacsadas-szolgaltatas\\\/szemelyi-jovedelemado-tervezes\\\/#primaryimage\",\"url\":\"https:\\\/\\\/hu.andersen.com\\\/wp-content\\\/uploads\\\/2020\\\/04\\\/03-personal-income-tax-planning.jpg\",\"contentUrl\":\"https:\\\/\\\/hu.andersen.com\\\/wp-content\\\/uploads\\\/2020\\\/04\\\/03-personal-income-tax-planning.jpg\",\"width\":201,\"height\":201},{\"@type\":\"BreadcrumbList\",\"@id\":\"https:\\\/\\\/hu.andersen.com\\\/hu\\\/adotanacsadas-szolgaltatas\\\/szemelyi-jovedelemado-tervezes\\\/#breadcrumb\",\"itemListElement\":[{\"@type\":\"ListItem\",\"position\":1,\"name\":\"Kezd\u0151lap\",\"item\":\"https:\\\/\\\/hu.andersen.com\\\/hu\\\/\"},{\"@type\":\"ListItem\",\"position\":2,\"name\":\"Ad\u00f3tan\u00e1csad\u00e1s\",\"item\":\"https:\\\/\\\/hu.andersen.com\\\/hu\\\/adotanacsadas-szolgaltatas\\\/\"},{\"@type\":\"ListItem\",\"position\":3,\"name\":\"Szem\u00e9lyi j\u00f6vedelemad\u00f3-tervez\u00e9s\"}]},{\"@type\":\"WebSite\",\"@id\":\"https:\\\/\\\/hu.andersen.com\\\/#website\",\"url\":\"https:\\\/\\\/hu.andersen.com\\\/\",\"name\":\"Andersen In Hungary\",\"description\":\"Ad\u00f3tan\u00e1csad\u00e1s \u00e9s jogi tan\u00e1csad\u00e1s\",\"potentialAction\":[{\"@type\":\"SearchAction\",\"target\":{\"@type\":\"EntryPoint\",\"urlTemplate\":\"https:\\\/\\\/hu.andersen.com\\\/?s={search_term_string}\"},\"query-input\":{\"@type\":\"PropertyValueSpecification\",\"valueRequired\":true,\"valueName\":\"search_term_string\"}}],\"inLanguage\":\"hu\"}]}<\/script>\n<!-- \/ Yoast SEO Premium plugin. -->","yoast_head_json":{"title":"Szem\u00e9lyi j\u00f6vedelemad\u00f3 tervez\u00e9s - Andersen Magyarorsz\u00e1g","description":"Szem\u00e9lyi j\u00f6vedelemad\u00f3 tervez\u00e9s k\u00fclf\u00f6ld\u00f6n dolgoz\u00f3 magyar \u00e1llampolg\u00e1roknak \u00e9s Magyarorsz\u00e1gon \u00e9l\u0151 k\u00fclf\u00f6ldieknek.","robots":{"index":"index","follow":"follow","max-snippet":"max-snippet:-1","max-image-preview":"max-image-preview:large","max-video-preview":"max-video-preview:-1"},"canonical":"https:\/\/hu.andersen.com\/hu\/adotanacsadas-szolgaltatas\/szemelyi-jovedelemado-tervezes\/","og_locale":"hu_HU","og_type":"article","og_title":"Szem\u00e9lyi j\u00f6vedelemad\u00f3-tervez\u00e9s","og_description":"Szem\u00e9lyi j\u00f6vedelemad\u00f3 tervez\u00e9s k\u00fclf\u00f6ld\u00f6n dolgoz\u00f3 magyar \u00e1llampolg\u00e1roknak \u00e9s Magyarorsz\u00e1gon \u00e9l\u0151 k\u00fclf\u00f6ldieknek.","og_url":"https:\/\/hu.andersen.com\/hu\/adotanacsadas-szolgaltatas\/szemelyi-jovedelemado-tervezes\/","og_site_name":"Andersen Magyarorsz\u00e1g","article_modified_time":"2026-04-30T11:15:08+00:00","og_image":[{"width":201,"height":201,"url":"https:\/\/hu.andersen.com\/wp-content\/uploads\/2020\/04\/03-personal-income-tax-planning.jpg","type":"image\/jpeg"}],"twitter_card":"summary_large_image","twitter_misc":{"Becs\u00fclt olvas\u00e1si id\u0151":"3 perc"},"schema":{"@context":"https:\/\/schema.org","@graph":[{"@type":"WebPage","@id":"https:\/\/hu.andersen.com\/hu\/adotanacsadas-szolgaltatas\/szemelyi-jovedelemado-tervezes\/","url":"https:\/\/hu.andersen.com\/hu\/adotanacsadas-szolgaltatas\/szemelyi-jovedelemado-tervezes\/","name":"Szem\u00e9lyi j\u00f6vedelemad\u00f3 tervez\u00e9s - Andersen Magyarorsz\u00e1g","isPartOf":{"@id":"https:\/\/hu.andersen.com\/#website"},"primaryImageOfPage":{"@id":"https:\/\/hu.andersen.com\/hu\/adotanacsadas-szolgaltatas\/szemelyi-jovedelemado-tervezes\/#primaryimage"},"image":{"@id":"https:\/\/hu.andersen.com\/hu\/adotanacsadas-szolgaltatas\/szemelyi-jovedelemado-tervezes\/#primaryimage"},"thumbnailUrl":"https:\/\/hu.andersen.com\/wp-content\/uploads\/2020\/04\/03-personal-income-tax-planning.jpg","datePublished":"2020-06-17T19:20:51+00:00","dateModified":"2026-04-30T11:15:08+00:00","description":"Szem\u00e9lyi j\u00f6vedelemad\u00f3 tervez\u00e9s k\u00fclf\u00f6ld\u00f6n dolgoz\u00f3 magyar \u00e1llampolg\u00e1roknak \u00e9s Magyarorsz\u00e1gon \u00e9l\u0151 k\u00fclf\u00f6ldieknek.","breadcrumb":{"@id":"https:\/\/hu.andersen.com\/hu\/adotanacsadas-szolgaltatas\/szemelyi-jovedelemado-tervezes\/#breadcrumb"},"inLanguage":"hu","potentialAction":[{"@type":"ReadAction","target":["https:\/\/hu.andersen.com\/hu\/adotanacsadas-szolgaltatas\/szemelyi-jovedelemado-tervezes\/"]}]},{"@type":"ImageObject","inLanguage":"hu","@id":"https:\/\/hu.andersen.com\/hu\/adotanacsadas-szolgaltatas\/szemelyi-jovedelemado-tervezes\/#primaryimage","url":"https:\/\/hu.andersen.com\/wp-content\/uploads\/2020\/04\/03-personal-income-tax-planning.jpg","contentUrl":"https:\/\/hu.andersen.com\/wp-content\/uploads\/2020\/04\/03-personal-income-tax-planning.jpg","width":201,"height":201},{"@type":"BreadcrumbList","@id":"https:\/\/hu.andersen.com\/hu\/adotanacsadas-szolgaltatas\/szemelyi-jovedelemado-tervezes\/#breadcrumb","itemListElement":[{"@type":"ListItem","position":1,"name":"Kezd\u0151lap","item":"https:\/\/hu.andersen.com\/hu\/"},{"@type":"ListItem","position":2,"name":"Ad\u00f3tan\u00e1csad\u00e1s","item":"https:\/\/hu.andersen.com\/hu\/adotanacsadas-szolgaltatas\/"},{"@type":"ListItem","position":3,"name":"Szem\u00e9lyi j\u00f6vedelemad\u00f3-tervez\u00e9s"}]},{"@type":"WebSite","@id":"https:\/\/hu.andersen.com\/#website","url":"https:\/\/hu.andersen.com\/","name":"Andersen In Hungary","description":"Ad\u00f3tan\u00e1csad\u00e1s \u00e9s jogi tan\u00e1csad\u00e1s","potentialAction":[{"@type":"SearchAction","target":{"@type":"EntryPoint","urlTemplate":"https:\/\/hu.andersen.com\/?s={search_term_string}"},"query-input":{"@type":"PropertyValueSpecification","valueRequired":true,"valueName":"search_term_string"}}],"inLanguage":"hu"}]}},"_links":{"self":[{"href":"https:\/\/hu.andersen.com\/hu\/wp-json\/wp\/v2\/services\/1600","targetHints":{"allow":["GET"]}}],"collection":[{"href":"https:\/\/hu.andersen.com\/hu\/wp-json\/wp\/v2\/services"}],"about":[{"href":"https:\/\/hu.andersen.com\/hu\/wp-json\/wp\/v2\/types\/services"}],"version-history":[{"count":8,"href":"https:\/\/hu.andersen.com\/hu\/wp-json\/wp\/v2\/services\/1600\/revisions"}],"predecessor-version":[{"id":15425,"href":"https:\/\/hu.andersen.com\/hu\/wp-json\/wp\/v2\/services\/1600\/revisions\/15425"}],"wp:featuredmedia":[{"embeddable":true,"href":"https:\/\/hu.andersen.com\/hu\/wp-json\/wp\/v2\/media\/1371"}],"wp:attachment":[{"href":"https:\/\/hu.andersen.com\/hu\/wp-json\/wp\/v2\/media?parent=1600"}],"curies":[{"name":"wp","href":"https:\/\/api.w.org\/{rel}","templated":true}]}}