{"id":1613,"date":"2020-06-17T21:30:20","date_gmt":"2020-06-17T19:30:20","guid":{"rendered":"https:\/\/hu.andersen.com\/?post_type=services&#038;p=1613"},"modified":"2025-12-15T14:55:43","modified_gmt":"2025-12-15T13:55:43","slug":"altalanos-forgalmi-ado","status":"publish","type":"services","link":"https:\/\/hu.andersen.com\/hu\/adotanacsadas-szolgaltatas\/altalanos-forgalmi-ado\/","title":{"rendered":"\u00c1ltal\u00e1nos forgalmi ad\u00f3 (\u00c1FA) tan\u00e1csad\u00e1s"},"content":{"rendered":"\n<div style=\"height:32px\" aria-hidden=\"true\" class=\"wp-block-spacer\"><\/div>\n\n\n\n<p><strong>Az \u00e1ltal\u00e1nos forgalmi ad\u00f3 (\u00c1FA) fontos szerepet j\u00e1tszik a <a href=\"https:\/\/hu.wikipedia.org\/wiki\/Magyarorsz%C3%A1g_ad%C3%B3rendszere\">magyar ad\u00f3rendszerben<\/a>. A k\u00f6lts\u00e9gvet\u00e9s ad\u00f3bev\u00e9teleinek legnagyobb r\u00e9sze, k\u00f6zel egyharmada az \u00e1fa bev\u00e9telekb\u0151l sz\u00e1rmazik. Ennek megfelel\u0151en az ad\u00f3hat\u00f3s\u00e1g nagy figyelmet ford\u00edt az \u00e1fa-k\u00f6telezetts\u00e9gek ellen\u0151rz\u00e9s\u00e9re, \u00e9s a meg\u00e1llap\u00edt\u00e1sok t\u00f6bb mint 80% -a \u00e1f\u00e1hoz kapcsol\u00f3dik.<\/strong><\/p>\n\n\n\n<h2 class=\"wp-block-heading has-text-color has-link-color has-medium-font-size wp-elements-29b29cf5055664c7ee9028f0e46f99cf\" id=\"h-afa-kotelezettseg-teljesitese\" style=\"color:#831f1f\"><strong>\u00c1FA-k\u00f6telezetts\u00e9g teljes\u00edt\u00e9se<\/strong><\/h2>\n\n\n\n<p>Az ad\u00f3kock\u00e1zatok minimaliz\u00e1l\u00e1sa \u00e9rdek\u00e9ben alapvet\u0151 fontoss\u00e1g\u00fa, hogy az ad\u00f3fizet\u0151k nagyobb figyelmet ford\u00edtsanak \u00e1fa-k\u00f6telezetts\u00e9geik teljes\u00edt\u00e9s\u00e9re, a tranzakci\u00f3k megfelel\u0151 \u00e1fa-kezel\u00e9s\u00e9re \u00e9s az ad\u00f3ellen\u0151rz\u00e9sekre t\u00f6rt\u00e9n\u0151 felk\u00e9sz\u00fcl\u00e9sre.<\/p>\n\n\n\n<p>Ez nem csak az\u00e9rt t\u00e1maszt jelent\u0151s kih\u00edv\u00e1sokat az ad\u00f3z\u00f3k r\u00e9sz\u00e9re, mert a szab\u00e1lyoz\u00e1s rengeteg bizonytalans\u00e1got hordoz mag\u00e1ban, hanem az\u00e9rt is mert a szab\u00e1lyok \u00e9rtelmez\u00e9sekor, alkalmaz\u00e1sakor figyelemmel kell lenni az Eur\u00f3pai Uni\u00f3 k\u00f6z\u00f6s hozz\u00e1adott\u00e9rt\u00e9k-ad\u00f3 rendszer\u00e9nek elveire \u00e9s el\u0151\u00edr\u00e1saira is. Tov\u00e1bbi neh\u00e9zs\u00e9get jelent az is, hogy az elm\u00falt \u00e9vekben az \u00e1ltal\u00e1nos forgalmi ad\u00f3 jogszab\u00e1lyokban sz\u00e1mos v\u00e1ltoz\u00e1s t\u00f6rt\u00e9nt a nemzeti \u00e9s az Eur\u00f3pai Uni\u00f3 \u00e1ltal ir\u00e1ny\u00edtott kezdem\u00e9nyez\u00e9sek eredm\u00e9nyek\u00e9nt, p\u00e9ld\u00e1ul a szolg\u00e1ltat\u00e1sok teljes\u00edt\u00e9si helye, a sz\u00e1ml\u00e1z\u00e1s \u00e9s a sz\u00e1ml\u00e1z\u00e1si rendszer k\u00f6vetelm\u00e9nyei, a hat\u00e1rokon \u00e1tny\u00fal\u00f3 tranzakci\u00f3k, e-sz\u00e1ml\u00e1z\u00e1s, sz\u00e1ml\u00e1k t\u00e1rol\u00e1sa \u00e9s <a href=\"https:\/\/hu.andersen.com\/hu\/andersen-adoszotar\/forditott-afa-forditott-adozas\/\">ford\u00edtott ad\u00f3z\u00e1s<\/a> mechanizmusa ter\u00fclet\u00e9n. Emellett, a n\u00f6vekv\u0151 m\u00e9rt\u00e9k\u0171 \u00e1fa csal\u00e1sok visszaszor\u00edt\u00e1sa \u00e9rdek\u00e9ben az ad\u00f3hat\u00f3s\u00e1g \u00e9vr\u0151l \u00e9vre szigor\u00fabb \u00e9s r\u00e9szletesebb jelent\u00e9si \u00e9s dokument\u00e1ci\u00f3s k\u00f6vetelm\u00e9nyeket t\u00e1maszt.&nbsp; Az ezeknek val\u00f3 megfelel\u00e9s, az id\u0151ben t\u00f6rt\u00e9n\u0151 alkalmazkod\u00e1s gyakran lehetetlen a kell\u0151 inform\u00e1ci\u00f3 vagy a sz\u00fcks\u00e9ges kapacit\u00e1s hi\u00e1ny\u00e1ban.<\/p>\n\n\n\n<p>Szolg\u00e1ltat\u00e1sainkkal igyeksz\u00fcnk el\u0151seg\u00edteni az \u00e1fa szab\u00e1lyok helyes gyakorlati alkalmaz\u00e1s\u00e1t, a magyarorsz\u00e1gi \u00e9s EU-s szab\u00e1lyoz\u00e1s v\u00e1ltoz\u00e1sainak megfelel\u0151 k\u00f6vet\u00e9s\u00e9t \u00e9s ez\u00e1ltal az \u00e1fa kock\u00e1zatok beazonos\u00edt\u00e1s\u00e1t, valamint az \u00e1fa szempontb\u00f3l legoptim\u00e1lisabb konstrukci\u00f3k kialak\u00edt\u00e1s\u00e1t.<\/p>\n\n\n\n<h2 class=\"wp-block-heading has-text-color has-link-color has-medium-font-size wp-elements-c1aad80765600ac93c843c4cae1851ef\" id=\"h-altalanos-forgalmi-ado-kapcsan-nyujtott-szolgaltatasaink\" style=\"color:#831f1f\"><strong>\u00c1ltal\u00e1nos forgalmi ad\u00f3 kapcs\u00e1n ny\u00fajtott szolg\u00e1ltat\u00e1saink<\/strong><\/h2>\n\n\n\n<ul class=\"wp-block-list\">\n<li>A hat\u00e1rokon \u00e1tny\u00fal\u00f3 \u00fcgyletek \u00e1fa-k\u00f6vetkezm\u00e9nyeinek meghat\u00e1roz\u00e1sa<\/li>\n\n\n\n<li>Speci\u00e1lis \u00fcgyletek (pl. l\u00e1nc\u00fcgyletek, vev\u0151i k\u00e9szlet, saj\u00e1t \u00e1ru k\u00fclf\u00f6ldre mozgat\u00e1sa, bizom\u00e1nyosi konstrukci\u00f3k, b\u00e9rmunka, k\u00f6zvet\u00edtett szolg\u00e1ltat\u00e1sok, \u00fczlet\u00e1g\u00e1tad\u00e1s, garancia \u00fcgyek, engedm\u00e9nyek, rendezv\u00e9nyek, fi\u00f3kteleppel\/telephellyel folytatott \u00fcgyletek) \u00e1fa kezel\u00e9s\u00e9nek meghat\u00e1roz\u00e1sa<\/li>\n\n\n\n<li>A kell\u0151 k\u00f6r\u00fcltekint\u00e9s k\u00f6vetelm\u00e9nyeinek val\u00f3 megfelel\u00e9s vizsg\u00e1lata ad\u00f3mentess\u00e9g \u00e9s \u00e1fa levon\u00e1si jog \u00e9rv\u00e9nyes\u00edthet\u0151s\u00e9ge \u00e9rdek\u00e9ben, dokument\u00e1ci\u00f3 ellen\u0151rz\u00e9se, bels\u0151 szab\u00e1lyzat kidolgoz\u00e1sa<\/li>\n\n\n\n<li>Tan\u00e1csad\u00e1s sz\u00e1ml\u00e1z\u00e1ssal, sz\u00e1ml\u00e1z\u00e1si szoftver-k\u00f6vetelm\u00e9nyekkel, e-sz\u00e1ml\u00e1z\u00e1ssal kapcsolatban<\/li>\n\n\n\n<li>A k\u00fclf\u00f6ldi v\u00e1llalkoz\u00e1sok magyar \u00e1fa-k\u00f6telezetts\u00e9geinek meghat\u00e1roz\u00e1sa; seg\u00edts\u00e9g ny\u00fajt\u00e1s \u00e1fa-regisztr\u00e1ci\u00f3ban, az \u00e1fa visszaig\u00e9nyl\u00e9s\u00e9ben, \u00e1fa telephely keletkez\u00e9s\u00e9nek vizsg\u00e1lata<\/li>\n\n\n\n<li>Ingatlanokkal kapcsolatos tranzakci\u00f3k ad\u00f3\u00fcgyi k\u00f6vetkezm\u00e9nyeinek vizsg\u00e1lata (ford\u00edtott ad\u00f3z\u00e1s alkalmazhat\u00f3s\u00e1ga, r\u00e9szfizet\u00e9sek kezel\u00e9se, teljes\u00edt\u00e9si hely meghat\u00e1roz\u00e1sa)<\/li>\n\n\n\n<li>\u00c1fa szempont\u00fa \u00e1tvil\u00e1g\u00edt\u00e1s: a kock\u00e1zatok \u00e9s a megtakar\u00edt\u00e1si lehet\u0151s\u00e9gek kisz\u0171r\u00e9se az \u00e1fa rendszer tranzakci\u00f3 \u00e9s\/vagy dokumentum alap\u00fa vizsg\u00e1lat\u00e1val<\/li>\n\n\n\n<li>\u00c1fa-bevall\u00e1sok \u00e1ttekint\u00e9se \u00e9s seg\u00edts\u00e9gny\u00fajt\u00e1s az \u00f6nellen\u0151rz\u00e9sek v\u00e9grehajt\u00e1s\u00e1ban<\/li>\n\n\n\n<li>Az \u00fcgyf\u00e9l k\u00e9pviselete, seg\u00edts\u00e9gny\u00fajt\u00e1s az ad\u00f3vizsg\u00e1latok, kiutal\u00e1s el\u0151tti ellen\u0151rz\u00e9sek sor\u00e1n<\/li>\n\n\n\n<li>A fenti t\u00e9m\u00e1khoz kapcsol\u00f3d\u00f3 EU-s jogesetek \u00e9rtelmez\u00e9se, alkalmazhat\u00f3s\u00e1g\u00e1nak vizsg\u00e1lata<\/li>\n\n\n\n<li>Eseti tan\u00e1csad\u00e1s<\/li>\n\n\n\n<li><a href=\"https:\/\/hu.andersen.com\/hu\/adotanacsadas-szolgaltatas\/altalanos-forgalmi-ado\/eafa-bevallas\/\">e\u00c1FA-bevall\u00e1sok kapcs\u00e1n ny\u00fajtott szolg\u00e1ltat\u00e1saink<\/a><\/li>\n\n\n\n<li><a href=\"https:\/\/hu.andersen.com\/hu\/andersen-adoszotar\/afa-csoport\/\">Teljes k\u00f6r\u0171 t\u00e1mogat\u00e1s \u00e1fa csoport kialak\u00edt\u00e1sa sor\u00e1n<\/a><\/li>\n<\/ul>\n\n\n\n<div class=\"wp-block-buttons is-content-justification-center is-layout-flex wp-container-core-buttons-is-layout-16018d1d wp-block-buttons-is-layout-flex\">\n<div class=\"wp-block-button\"><a class=\"wp-block-button__link has-white-color has-text-color has-background has-link-color wp-element-button\" href=\"https:\/\/hu.andersen.com\/hu\/kapcsolat\/\" style=\"background-color:#921b1b\">L\u00e9pjen vel\u00fcnk kapcsolatba!<\/a><\/div>\n<\/div>\n","protected":false},"excerpt":{"rendered":"<p>Az \u00e1ltal\u00e1nos forgalmi ad\u00f3 (\u00e1fa) fontos szerepet j\u00e1tszik a magyar ad\u00f3rendszerben : a k\u00f6lts\u00e9gvet\u00e9s ad\u00f3bev\u00e9teleinek legnagyobb r\u00e9sze, k\u00f6zel egyharmada az \u00e1fa bev\u00e9telekb\u0151l sz\u00e1rmazik. <\/p>\n","protected":false},"featured_media":13290,"parent":0,"menu_order":1,"template":"","meta":{"_acf_changed":false,"_genesis_hide_title":false,"_genesis_hide_breadcrumbs":false,"_genesis_hide_singular_image":false,"_genesis_hide_footer_widgets":false,"_genesis_custom_body_class":"","_genesis_custom_post_class":"","_genesis_layout":"","footnotes":""},"class_list":{"0":"post-1613","1":"services","2":"type-services","3":"status-publish","4":"has-post-thumbnail","6":"entry"},"acf":[],"yoast_head":"<!-- This site is optimized with the Yoast SEO Premium plugin v27.4 (Yoast SEO v27.4) - https:\/\/yoast.com\/product\/yoast-seo-premium-wordpress\/ -->\n<title>\u00c1ltal\u00e1nos forgalmi ad\u00f3 (\u00c1FA) tan\u00e1csad\u00e1s - Andersen Magyarorsz\u00e1g<\/title>\n<meta name=\"description\" content=\"Seg\u00edtj\u00fck az \u00e1ltal\u00e1nos forgalmi ad\u00f3 szab\u00e1lyok alkalmaz\u00e1s\u00e1t, az itthoni \u00e9s EU-s szab\u00e1lyv\u00e1ltoz\u00e1sok k\u00f6vet\u00e9s\u00e9t, \u00e1fa kock\u00e1zatok beazonos\u00edt\u00e1s\u00e1t.\" \/>\n<meta name=\"robots\" content=\"index, follow, max-snippet:-1, max-image-preview:large, max-video-preview:-1\" \/>\n<link rel=\"canonical\" href=\"https:\/\/hu.andersen.com\/hu\/adotanacsadas-szolgaltatas\/altalanos-forgalmi-ado\/\" \/>\n<meta property=\"og:locale\" content=\"hu_HU\" \/>\n<meta property=\"og:type\" content=\"article\" \/>\n<meta property=\"og:title\" content=\"\u00c1ltal\u00e1nos forgalmi ad\u00f3 (\u00c1FA) tan\u00e1csad\u00e1s\" \/>\n<meta property=\"og:description\" content=\"Seg\u00edtj\u00fck az \u00e1ltal\u00e1nos forgalmi ad\u00f3 szab\u00e1lyok alkalmaz\u00e1s\u00e1t, az itthoni \u00e9s EU-s szab\u00e1lyv\u00e1ltoz\u00e1sok k\u00f6vet\u00e9s\u00e9t, \u00e1fa kock\u00e1zatok beazonos\u00edt\u00e1s\u00e1t.\" \/>\n<meta property=\"og:url\" content=\"https:\/\/hu.andersen.com\/hu\/adotanacsadas-szolgaltatas\/altalanos-forgalmi-ado\/\" \/>\n<meta property=\"og:site_name\" content=\"Andersen Magyarorsz\u00e1g\" \/>\n<meta property=\"article:modified_time\" content=\"2025-12-15T13:55:43+00:00\" \/>\n<meta property=\"og:image\" content=\"https:\/\/hu.andersen.com\/wp-content\/uploads\/2020\/06\/AFA-TANACSADAS-370-370.jpg\" \/>\n\t<meta property=\"og:image:width\" content=\"370\" \/>\n\t<meta property=\"og:image:height\" content=\"370\" \/>\n\t<meta property=\"og:image:type\" content=\"image\/jpeg\" \/>\n<meta name=\"twitter:card\" content=\"summary_large_image\" \/>\n<meta name=\"twitter:label1\" content=\"Becs\u00fclt olvas\u00e1si id\u0151\" \/>\n\t<meta name=\"twitter:data1\" content=\"2 perc\" \/>\n<script type=\"application\/ld+json\" class=\"yoast-schema-graph\">{\"@context\":\"https:\\\/\\\/schema.org\",\"@graph\":[{\"@type\":\"WebPage\",\"@id\":\"https:\\\/\\\/hu.andersen.com\\\/hu\\\/adotanacsadas-szolgaltatas\\\/altalanos-forgalmi-ado\\\/\",\"url\":\"https:\\\/\\\/hu.andersen.com\\\/hu\\\/adotanacsadas-szolgaltatas\\\/altalanos-forgalmi-ado\\\/\",\"name\":\"\u00c1ltal\u00e1nos forgalmi ad\u00f3 (\u00c1FA) tan\u00e1csad\u00e1s - Andersen Magyarorsz\u00e1g\",\"isPartOf\":{\"@id\":\"https:\\\/\\\/hu.andersen.com\\\/#website\"},\"primaryImageOfPage\":{\"@id\":\"https:\\\/\\\/hu.andersen.com\\\/hu\\\/adotanacsadas-szolgaltatas\\\/altalanos-forgalmi-ado\\\/#primaryimage\"},\"image\":{\"@id\":\"https:\\\/\\\/hu.andersen.com\\\/hu\\\/adotanacsadas-szolgaltatas\\\/altalanos-forgalmi-ado\\\/#primaryimage\"},\"thumbnailUrl\":\"https:\\\/\\\/hu.andersen.com\\\/wp-content\\\/uploads\\\/2020\\\/06\\\/AFA-TANACSADAS-370-370.jpg\",\"datePublished\":\"2020-06-17T19:30:20+00:00\",\"dateModified\":\"2025-12-15T13:55:43+00:00\",\"description\":\"Seg\u00edtj\u00fck az \u00e1ltal\u00e1nos forgalmi ad\u00f3 szab\u00e1lyok alkalmaz\u00e1s\u00e1t, az itthoni \u00e9s EU-s szab\u00e1lyv\u00e1ltoz\u00e1sok k\u00f6vet\u00e9s\u00e9t, \u00e1fa kock\u00e1zatok beazonos\u00edt\u00e1s\u00e1t.\",\"breadcrumb\":{\"@id\":\"https:\\\/\\\/hu.andersen.com\\\/hu\\\/adotanacsadas-szolgaltatas\\\/altalanos-forgalmi-ado\\\/#breadcrumb\"},\"inLanguage\":\"hu\",\"potentialAction\":[{\"@type\":\"ReadAction\",\"target\":[\"https:\\\/\\\/hu.andersen.com\\\/hu\\\/adotanacsadas-szolgaltatas\\\/altalanos-forgalmi-ado\\\/\"]}]},{\"@type\":\"ImageObject\",\"inLanguage\":\"hu\",\"@id\":\"https:\\\/\\\/hu.andersen.com\\\/hu\\\/adotanacsadas-szolgaltatas\\\/altalanos-forgalmi-ado\\\/#primaryimage\",\"url\":\"https:\\\/\\\/hu.andersen.com\\\/wp-content\\\/uploads\\\/2020\\\/06\\\/AFA-TANACSADAS-370-370.jpg\",\"contentUrl\":\"https:\\\/\\\/hu.andersen.com\\\/wp-content\\\/uploads\\\/2020\\\/06\\\/AFA-TANACSADAS-370-370.jpg\",\"width\":370,\"height\":370,\"caption\":\"\u00c1ltal\u00e1nos forgalmi ad\u00f3 (\u00c1FA) tan\u00e1csad\u00e1s\"},{\"@type\":\"BreadcrumbList\",\"@id\":\"https:\\\/\\\/hu.andersen.com\\\/hu\\\/adotanacsadas-szolgaltatas\\\/altalanos-forgalmi-ado\\\/#breadcrumb\",\"itemListElement\":[{\"@type\":\"ListItem\",\"position\":1,\"name\":\"Kezd\u0151lap\",\"item\":\"https:\\\/\\\/hu.andersen.com\\\/hu\\\/\"},{\"@type\":\"ListItem\",\"position\":2,\"name\":\"Ad\u00f3tan\u00e1csad\u00e1s\",\"item\":\"https:\\\/\\\/hu.andersen.com\\\/hu\\\/adotanacsadas-szolgaltatas\\\/\"},{\"@type\":\"ListItem\",\"position\":3,\"name\":\"\u00c1ltal\u00e1nos forgalmi ad\u00f3 (\u00c1FA) tan\u00e1csad\u00e1s\"}]},{\"@type\":\"WebSite\",\"@id\":\"https:\\\/\\\/hu.andersen.com\\\/#website\",\"url\":\"https:\\\/\\\/hu.andersen.com\\\/\",\"name\":\"Andersen In Hungary\",\"description\":\"Ad\u00f3tan\u00e1csad\u00e1s \u00e9s jogi tan\u00e1csad\u00e1s\",\"potentialAction\":[{\"@type\":\"SearchAction\",\"target\":{\"@type\":\"EntryPoint\",\"urlTemplate\":\"https:\\\/\\\/hu.andersen.com\\\/?s={search_term_string}\"},\"query-input\":{\"@type\":\"PropertyValueSpecification\",\"valueRequired\":true,\"valueName\":\"search_term_string\"}}],\"inLanguage\":\"hu\"}]}<\/script>\n<!-- \/ Yoast SEO Premium plugin. -->","yoast_head_json":{"title":"\u00c1ltal\u00e1nos forgalmi ad\u00f3 (\u00c1FA) tan\u00e1csad\u00e1s - Andersen Magyarorsz\u00e1g","description":"Seg\u00edtj\u00fck az \u00e1ltal\u00e1nos forgalmi ad\u00f3 szab\u00e1lyok alkalmaz\u00e1s\u00e1t, az itthoni \u00e9s EU-s szab\u00e1lyv\u00e1ltoz\u00e1sok k\u00f6vet\u00e9s\u00e9t, \u00e1fa kock\u00e1zatok beazonos\u00edt\u00e1s\u00e1t.","robots":{"index":"index","follow":"follow","max-snippet":"max-snippet:-1","max-image-preview":"max-image-preview:large","max-video-preview":"max-video-preview:-1"},"canonical":"https:\/\/hu.andersen.com\/hu\/adotanacsadas-szolgaltatas\/altalanos-forgalmi-ado\/","og_locale":"hu_HU","og_type":"article","og_title":"\u00c1ltal\u00e1nos forgalmi ad\u00f3 (\u00c1FA) tan\u00e1csad\u00e1s","og_description":"Seg\u00edtj\u00fck az \u00e1ltal\u00e1nos forgalmi ad\u00f3 szab\u00e1lyok alkalmaz\u00e1s\u00e1t, az itthoni \u00e9s EU-s szab\u00e1lyv\u00e1ltoz\u00e1sok k\u00f6vet\u00e9s\u00e9t, \u00e1fa kock\u00e1zatok beazonos\u00edt\u00e1s\u00e1t.","og_url":"https:\/\/hu.andersen.com\/hu\/adotanacsadas-szolgaltatas\/altalanos-forgalmi-ado\/","og_site_name":"Andersen Magyarorsz\u00e1g","article_modified_time":"2025-12-15T13:55:43+00:00","og_image":[{"width":370,"height":370,"url":"https:\/\/hu.andersen.com\/wp-content\/uploads\/2020\/06\/AFA-TANACSADAS-370-370.jpg","type":"image\/jpeg"}],"twitter_card":"summary_large_image","twitter_misc":{"Becs\u00fclt olvas\u00e1si id\u0151":"2 perc"},"schema":{"@context":"https:\/\/schema.org","@graph":[{"@type":"WebPage","@id":"https:\/\/hu.andersen.com\/hu\/adotanacsadas-szolgaltatas\/altalanos-forgalmi-ado\/","url":"https:\/\/hu.andersen.com\/hu\/adotanacsadas-szolgaltatas\/altalanos-forgalmi-ado\/","name":"\u00c1ltal\u00e1nos forgalmi ad\u00f3 (\u00c1FA) tan\u00e1csad\u00e1s - Andersen Magyarorsz\u00e1g","isPartOf":{"@id":"https:\/\/hu.andersen.com\/#website"},"primaryImageOfPage":{"@id":"https:\/\/hu.andersen.com\/hu\/adotanacsadas-szolgaltatas\/altalanos-forgalmi-ado\/#primaryimage"},"image":{"@id":"https:\/\/hu.andersen.com\/hu\/adotanacsadas-szolgaltatas\/altalanos-forgalmi-ado\/#primaryimage"},"thumbnailUrl":"https:\/\/hu.andersen.com\/wp-content\/uploads\/2020\/06\/AFA-TANACSADAS-370-370.jpg","datePublished":"2020-06-17T19:30:20+00:00","dateModified":"2025-12-15T13:55:43+00:00","description":"Seg\u00edtj\u00fck az \u00e1ltal\u00e1nos forgalmi ad\u00f3 szab\u00e1lyok alkalmaz\u00e1s\u00e1t, az itthoni \u00e9s EU-s szab\u00e1lyv\u00e1ltoz\u00e1sok k\u00f6vet\u00e9s\u00e9t, \u00e1fa kock\u00e1zatok beazonos\u00edt\u00e1s\u00e1t.","breadcrumb":{"@id":"https:\/\/hu.andersen.com\/hu\/adotanacsadas-szolgaltatas\/altalanos-forgalmi-ado\/#breadcrumb"},"inLanguage":"hu","potentialAction":[{"@type":"ReadAction","target":["https:\/\/hu.andersen.com\/hu\/adotanacsadas-szolgaltatas\/altalanos-forgalmi-ado\/"]}]},{"@type":"ImageObject","inLanguage":"hu","@id":"https:\/\/hu.andersen.com\/hu\/adotanacsadas-szolgaltatas\/altalanos-forgalmi-ado\/#primaryimage","url":"https:\/\/hu.andersen.com\/wp-content\/uploads\/2020\/06\/AFA-TANACSADAS-370-370.jpg","contentUrl":"https:\/\/hu.andersen.com\/wp-content\/uploads\/2020\/06\/AFA-TANACSADAS-370-370.jpg","width":370,"height":370,"caption":"\u00c1ltal\u00e1nos forgalmi ad\u00f3 (\u00c1FA) tan\u00e1csad\u00e1s"},{"@type":"BreadcrumbList","@id":"https:\/\/hu.andersen.com\/hu\/adotanacsadas-szolgaltatas\/altalanos-forgalmi-ado\/#breadcrumb","itemListElement":[{"@type":"ListItem","position":1,"name":"Kezd\u0151lap","item":"https:\/\/hu.andersen.com\/hu\/"},{"@type":"ListItem","position":2,"name":"Ad\u00f3tan\u00e1csad\u00e1s","item":"https:\/\/hu.andersen.com\/hu\/adotanacsadas-szolgaltatas\/"},{"@type":"ListItem","position":3,"name":"\u00c1ltal\u00e1nos forgalmi ad\u00f3 (\u00c1FA) tan\u00e1csad\u00e1s"}]},{"@type":"WebSite","@id":"https:\/\/hu.andersen.com\/#website","url":"https:\/\/hu.andersen.com\/","name":"Andersen In Hungary","description":"Ad\u00f3tan\u00e1csad\u00e1s \u00e9s jogi tan\u00e1csad\u00e1s","potentialAction":[{"@type":"SearchAction","target":{"@type":"EntryPoint","urlTemplate":"https:\/\/hu.andersen.com\/?s={search_term_string}"},"query-input":{"@type":"PropertyValueSpecification","valueRequired":true,"valueName":"search_term_string"}}],"inLanguage":"hu"}]}},"_links":{"self":[{"href":"https:\/\/hu.andersen.com\/hu\/wp-json\/wp\/v2\/services\/1613","targetHints":{"allow":["GET"]}}],"collection":[{"href":"https:\/\/hu.andersen.com\/hu\/wp-json\/wp\/v2\/services"}],"about":[{"href":"https:\/\/hu.andersen.com\/hu\/wp-json\/wp\/v2\/types\/services"}],"version-history":[{"count":9,"href":"https:\/\/hu.andersen.com\/hu\/wp-json\/wp\/v2\/services\/1613\/revisions"}],"predecessor-version":[{"id":14792,"href":"https:\/\/hu.andersen.com\/hu\/wp-json\/wp\/v2\/services\/1613\/revisions\/14792"}],"wp:featuredmedia":[{"embeddable":true,"href":"https:\/\/hu.andersen.com\/hu\/wp-json\/wp\/v2\/media\/13290"}],"wp:attachment":[{"href":"https:\/\/hu.andersen.com\/hu\/wp-json\/wp\/v2\/media?parent=1613"}],"curies":[{"name":"wp","href":"https:\/\/api.w.org\/{rel}","templated":true}]}}