{"id":11974,"date":"2024-10-22T16:32:38","date_gmt":"2024-10-22T14:32:38","guid":{"rendered":"https:\/\/hu.andersen.com\/?post_type=glossary&#038;p=11974"},"modified":"2025-09-23T17:00:28","modified_gmt":"2025-09-23T15:00:28","slug":"adategyeztetesi-eljaras-nav","status":"publish","type":"tax-guide","link":"https:\/\/hu.andersen.com\/hu\/andersen-adoszotar\/adategyeztetesi-eljaras-nav\/","title":{"rendered":"Adategyeztet\u00e9si elj\u00e1r\u00e1s (NAV)"},"content":{"rendered":"\n<p><strong>Az adategyeztet\u00e9si elj\u00e1r\u00e1s egy \u00faj ad\u00f3hat\u00f3s\u00e1gi elj\u00e1r\u00e1st\u00edpus, amelyet el\u0151sz\u00f6r a 2024. okt\u00f3ber 16-\u00e1n t\u00e1rsadalmi egyeztet\u00e9sre bocs\u00e1tott <a href=\"https:\/\/kormany.hu\/dokumentumtar\/egyes-adotorvenyek-modositasa-2024-osz\">\u0151szi ad\u00f3csomag<\/a> neves\u00edtett. Az ad\u00f3hat\u00f3s\u00e1g \u00e1ltal alkalmazhat\u00f3 \u00faj ellen\u0151rz\u00e9si form\u00e1ra vonatkoz\u00f3 szab\u00e1lyokat az Orsz\u00e1ggy\u0171l\u00e9s az\u00f3ta elfogadta, \u00edgy ezek 2025. janu\u00e1r 1-j\u00e9t\u0151l \u00e9letbe l\u00e9ptek.<\/strong><\/p>\n\n\n\n<h2 class=\"wp-block-heading has-text-color has-link-color has-medium-font-size wp-elements-fe3616f1d16e030668581575fb2e3b72\" id=\"h-mi-az-adategyeztetesi-eljaras-celja\" style=\"color:#901414\"><strong>Mi az adategyeztet\u00e9si elj\u00e1r\u00e1s c\u00e9lja?<\/strong><\/h2>\n\n\n\n<p>J\u00f3llehet az \u00faj elj\u00e1r\u00e1st nemcsak a sz\u00e1mlaadat-szolg\u00e1ltat\u00e1s, hanem b\u00e1rminem\u0171 adatszolg\u00e1ltat\u00e1s kapcs\u00e1n bevetheti a NAV, azt egy\u00e9rtelm\u0171en az Online Sz\u00e1mla rendszerben l\u00e9v\u0151 adatok tiszt\u00edt\u00e1s\u00e1ra fogja haszn\u00e1lni. A hat\u00e1lyba l\u00e9pett \u00faj szab\u00e1lyoz\u00e1s szerint az \u00faj elj\u00e1r\u00e1st\u00edpusban, amennyiben az ad\u00f3hat\u00f3s\u00e1g az ad\u00f3z\u00f3 \u00e9s\/vagy a vele kapcsolatban \u00e1ll\u00f3 m\u00e1sik ad\u00f3z\u00f3 \u00e1ltal ny\u00fajtott adatszolg\u00e1ltat\u00e1s adataiban hi\u00e1nyoss\u00e1got, elt\u00e9r\u00e9st t\u00e1r fel, az ad\u00f3z\u00f3t a felt\u00e1rt hi\u00e1nyoss\u00e1gok, elt\u00e9r\u00e9sek tiszt\u00e1z\u00e1s\u00e1ra h\u00edvja fel.&nbsp; Erre a felh\u00edv\u00e1st\u00f3l sz\u00e1m\u00edtott 15 nap \u00e1ll rendelkez\u00e9s\u00e9re. Ezt k\u00f6vet\u0151en az ad\u00f3hat\u00f3s\u00e1g megvizsg\u00e1lja az elv\u00e9gzett m\u00f3dos\u00edt\u00e1sokat, \u00e9s \u00e9rtes\u00edti az ad\u00f3z\u00f3kat az adategyeztet\u00e9s eredm\u00e9ny\u00e9r\u0151l.<\/p>\n\n\n\n<h2 class=\"wp-block-heading has-text-color has-link-color has-medium-font-size wp-elements-ab01ad3926e06bb742906bf596f43af3\" id=\"h-hogyan-illeszkedik-az-adategyeztetesi-eljaras-az-adohatosag-eszkoztaraba\" style=\"color:#901414\"><strong>Hogyan illeszkedik az adategyeztet\u00e9si elj\u00e1r\u00e1s az ad\u00f3hat\u00f3s\u00e1g eszk\u00f6zt\u00e1r\u00e1ba?<\/strong><\/h2>\n\n\n\n<p>A vonatkoz\u00f3 jogszab\u00e1lyok 2024 v\u00e9g\u00e9ig bez\u00e1r\u00f3lag <a href=\"https:\/\/hu.andersen.com\/hu\/adotanacsadas-szolgaltatas\/adohatosagi-ugyek\/\">n\u00e9gy elj\u00e1r\u00e1si form\u00e1t <\/a>hat\u00e1roznak meg, amelyet a kock\u00e1zatelemz\u00e9s alapj\u00e1n a NAV elrendelhet: a t\u00e1mogat\u00f3 elj\u00e1r\u00e1st, a jogk\u00f6vet\u00e9si vizsg\u00e1latot, az ad\u00f3ellen\u0151rz\u00e9st \u00e9s a b\u00fcntet\u0151elj\u00e1r\u00e1st. 2025. janu\u00e1r 1-j\u00e9n ezek sora b\u0151v\u00fclt az \u00faj ad\u00f3hat\u00f3s\u00e1gi eszk\u00f6z, az adategyeztet\u00e9si elj\u00e1r\u00e1s hat\u00e1lyba l\u00e9p\u00e9s\u00e9vel, amely s\u00faly\u00e1t \u00e9s az alkalmazhat\u00f3 szankci\u00f3kat vizsg\u00e1lva a legenyh\u00e9bb elj\u00e1r\u00e1sform\u00e1nak tekinthet\u0151.<\/p>\n\n\n\n<h2 class=\"wp-block-heading has-text-color has-link-color has-medium-font-size wp-elements-635a4f725e941ff78935d2c0975cc0f6\" id=\"h-milyen-adateltereseket-vizsgal-a-nav\" style=\"color:#901414\"><strong>Milyen adatelt\u00e9r\u00e9seket vizsg\u00e1l a NAV?<\/strong><\/h2>\n\n\n\n<p>Az ad\u00f3hat\u00f3s\u00e1g elk\u00e9peszt\u0151 mennyis\u00e9g\u0171 tranzakci\u00f3s adatot gy\u0171jt be, haszn\u00e1l fel \u00e9s elemez a tev\u00e9kenys\u00e9ge sor\u00e1n. Az online sz\u00e1mlaadat szolg\u00e1ltat\u00e1ssal kapcsolatos kock\u00e1zatelemz\u00e9s r\u00e9szek\u00e9nt alapvet\u0151en az al\u00e1bbi adatokat, adatforr\u00e1sokat veti \u00f6ssze a bevall\u00e1sokkal:<\/p>\n\n\n\n<ul class=\"wp-block-list\">\n<li>t\u00e9teles \u00e1fa\u00f6sszes\u00edt\u0151 jelent\u00e9sek<\/li>\n\n\n\n<li>online p\u00e9nzt\u00e1rg\u00e9p adatok<\/li>\n\n\n\n<li>a kezel\u0151szem\u00e9lyzet n\u00e9lk\u00fcli automata szolg\u00e1ltat\u00e1sok adatai<\/li>\n\n\n\n<li>foglalkoztatotti bejelent\u00e9sek \u00e9s a j\u00e1rul\u00e9kbevall\u00e1sok<\/li>\n\n\n\n<li>EKAER adatok<\/li>\n\n\n\n<li>import adatok<\/li>\n\n\n\n<li>az uni\u00f3s tag\u00e1llami, k\u00f6z\u00f6ss\u00e9gi \u00fcgyletek kontrolladatai<\/li>\n\n\n\n<li>NTAK (Nemzeti Turisztikai Adatszolg\u00e1ltat\u00f3 K\u00f6zpont) adatok<\/li>\n<\/ul>\n\n\n\n<p>Abban az esetben, ha a felsorolt adatk\u00f6r\u00f6k \u00e9s a bevall\u00e1sok k\u00f6z\u00f6tt elt\u00e9r\u00e9s mutatkozik, akkor az ad\u00f3hat\u00f3s\u00e1gnak teend\u0151je van. Ehhez ny\u00fajt eszk\u00f6zt sz\u00e1m\u00e1ra az adategyeztet\u00e9si elj\u00e1r\u00e1s.<\/p>\n\n\n<div class=\"wp-block-image\">\n<figure class=\"aligncenter size-full\"><img loading=\"lazy\" decoding=\"async\" width=\"700\" height=\"417\" src=\"https:\/\/hu.andersen.com\/wp-content\/uploads\/2024\/10\/adategyeztetesi-eljaras-andersen-adokonferencia-eloadas.jpg\" alt=\"Adategyeztet\u00e9si elj\u00e1r\u00e1s - Horv\u00e1th Tibor, a NAV f\u0151oszt\u00e1lyvezet\u0151j\u00e9nek el\u0151ad\u00e1sa az Andersen Ad\u00f3konferenci\u00e1j\u00e1n\" class=\"wp-image-12438\" srcset=\"https:\/\/hu.andersen.com\/wp-content\/uploads\/2024\/10\/adategyeztetesi-eljaras-andersen-adokonferencia-eloadas.jpg 700w, https:\/\/hu.andersen.com\/wp-content\/uploads\/2024\/10\/adategyeztetesi-eljaras-andersen-adokonferencia-eloadas-300x179.jpg 300w\" sizes=\"auto, (max-width: 700px) 100vw, 700px\" \/><figcaption class=\"wp-element-caption\"><em>Adategyeztet\u00e9si elj\u00e1r\u00e1s &#8211; Horv\u00e1th Tibor, a NAV f\u0151oszt\u00e1lyvezet\u0151j\u00e9nek el\u0151ad\u00e1sa az Andersen Ad\u00f3konferenci\u00e1j\u00e1n<\/em><\/figcaption><\/figure>\n<\/div>\n\n\n<h2 class=\"wp-block-heading has-text-color has-link-color has-medium-font-size wp-elements-1326521e6f468becdda1ee544961aa5d\" id=\"h-az-adategyeztetesi-eljaras-menete\" style=\"color:#901414\"><strong>Az adategyeztet\u00e9si elj\u00e1r\u00e1s menete<\/strong><\/h2>\n\n\n\n<p>A 2025 elej\u00e9t\u0151l hat\u00e1lyba l\u00e9pett \u00faj elj\u00e1r\u00e1sforma az ad\u00f3hat\u00f3s\u00e1g oldal\u00e1r\u00f3l egy automatiz\u00e1lt, informatikai \u00e9s a g\u00e9pi eszk\u00f6z\u00f6kkel t\u00e1mogatott folyamat, amely alapvet\u0151en nem ig\u00e9nyel emberi beavatkoz\u00e1st. Az elj\u00e1r\u00e1s menete az al\u00e1bbi f\u0151bb l\u00e9p\u00e9sekb\u0151l \u00e1ll:<\/p>\n\n\n\n<ul class=\"wp-block-list\">\n<li>a kock\u00e1zatelemz\u00e9si rendszerek egy olyan adatb\u00e1zist gener\u00e1lnak, amely a hib\u00e1s adatszolg\u00e1ltat\u00e1sok tartalmazza;<\/li>\n\n\n\n<li>a NAV ez alapj\u00e1n automatiz\u00e1ltan ki\u00e9rtes\u00edti az ad\u00f3z\u00f3kat;<\/li>\n\n\n\n<li>az \u00e9rintett ad\u00f3z\u00f3k egy online fel\u00fcleten reag\u00e1lhatnak a megkeres\u00e9sre: itt vagy azt jelezhetik, hogy jav\u00edtott\u00e1k a hib\u00e1t, vagy azt, hogy nem \u00e9rtenek egyet a meg\u00e1llap\u00edt\u00e1ssal (ezt meg kell alapozniuk);<\/li>\n\n\n\n<li>ha az ad\u00f3z\u00f3k nem reag\u00e1lnak hat\u00e1rid\u0151n bel\u00fcl (15 nap), akkor az ad\u00f3hat\u00f3s\u00e1g szankci\u00f3kkal \u00e9lhet.<\/li>\n<\/ul>\n\n\n\n<h2 class=\"wp-block-heading has-text-color has-link-color has-medium-font-size wp-elements-03812755c6662b9fdf329441a738b773\" id=\"h-lepcsozetes-szankciorendszer\" style=\"color:#901414\"><strong>L\u00e9pcs\u0151zetes szankci\u00f3rendszer<\/strong><\/h2>\n\n\n\n<p>Fontos kiemelni, hogy az ad\u00f3z\u00f3nak k\u00f6teless\u00e9ge r\u00e9szt vennie az adategyeztet\u00e9si elj\u00e1r\u00e1sban. Ha figyelmen k\u00edv\u00fcl hagyja az ad\u00f3hat\u00f3s\u00e1g ezzel kapcsolatos felh\u00edv\u00e1s\u00e1t, \u00e9rtes\u00edt\u00e9s\u00e9t, mulaszt\u00e1si b\u00edrs\u00e1gra sz\u00e1m\u00edthat, amelynek t\u00e9telei l\u00e9pcs\u0151zetesen emelkednek. A 15 napos hat\u00e1rid\u0151 elmulaszt\u00e1sakor 300 000 forint a b\u00edrs\u00e1g kiszabott \u00f6sszege, amely az \u00fajabb felh\u00edv\u00e1s 15 napos hat\u00e1ridej\u00e9nek letelte ut\u00e1n plusz 100 000 forinttal emelkedik. Amennyiben az ad\u00f3z\u00f3 a harmadik l\u00e9pcs\u0151ben megism\u00e9telt felh\u00edv\u00e1sra sem reag\u00e1l (szint\u00e9n 15 napos hat\u00e1rid\u0151vel), akkor 500 000 forint b\u00edrs\u00e1g szabhat\u00f3 ki r\u00e1.&nbsp;<\/p>\n\n\n\n<p>Teljes passzivit\u00e1st k\u00f6vet\u0151en v\u00e1rhat\u00f3an egy jogk\u00f6vet\u00e9si elj\u00e1r\u00e1sban, ad\u00f3ellen\u0151rz\u00e9s megind\u00edt\u00e1sa \u00fatj\u00e1n pr\u00f3b\u00e1lja majd tiszt\u00e1zni az ad\u00f3hat\u00f3s\u00e1g, hogy az egym\u00e1snak ellentmond\u00f3 adatok, hib\u00e1k m\u00f6g\u00f6tt milyen probl\u00e9ma \u00e1llhat.<\/p>\n\n\n\n<h2 class=\"wp-block-heading has-text-color has-link-color has-medium-font-size wp-elements-56fa6481542cb9cbc81b5b202610e7ab\" id=\"h-miert-van-szukseg-az-adategyeztetesi-eljaras-bevezetesere\" style=\"color:#901414\"><strong>Mi\u00e9rt van sz\u00fcks\u00e9g az adategyeztet\u00e9si elj\u00e1r\u00e1s bevezet\u00e9s\u00e9re?<\/strong><\/h2>\n\n\n\n<p>Hi\u00e1ba telt el hat \u00e9v az online sz\u00e1mlaadat szolg\u00e1ltat\u00e1s (Online Sz\u00e1mla Rendszer) indul\u00e1sa \u00f3ta, m\u00e9g mindig rengeteg a hiba az ad\u00f3hat\u00f3s\u00e1ghoz automatikusan be\u00e9rkez\u0151 adatokban. Ezek sz\u00e1ma a rendelkez\u00e9sre \u00e1ll\u00f3 inform\u00e1ci\u00f3k alapj\u00e1n a t\u00edzmilli\u00f3s nagys\u00e1grendet is el\u00e9rheti havonta. Az ad\u00f3hat\u00f3s\u00e1gnak eddig nem volt megfelel\u0151 eszk\u00f6ze ahhoz, hogy r\u00e1vegye az ad\u00f3z\u00f3kat a hib\u00e1k jav\u00edt\u00e1s\u00e1ra \u00e9s az adatszolg\u00e1ltat\u00e1suk kitiszt\u00e1z\u00e1s\u00e1ra. A kamp\u00e1nyszer\u0171en kik\u00fcld\u00f6tt t\u00e1j\u00e9koztat\u00f3kat kevesen vett\u00e9k komolyan, annak ellen\u00e9re, hogy a hib\u00e1k kik\u00fcsz\u00f6b\u00f6l\u00e9se jogszab\u00e1lyb\u00f3l ered\u0151 k\u00f6telezetts\u00e9g. A NAV-nak igaz\u00e1b\u00f3l egyetlen eszk\u00f6ze volt arra, hogy cselekv\u00e9sre k\u00e9nyszer\u00edtse az \u00e9rintetteket: az ad\u00f3ellen\u0151rz\u00e9s. A szervezet kapacit\u00e1sai azonban korl\u00e1tosak, ez\u00e9rt volt sz\u00fcks\u00e9g az \u00faj elj\u00e1r\u00e1sforma, az adategyeztet\u00e9si elj\u00e1r\u00e1s bevezet\u00e9s\u00e9re.<\/p>\n\n\n\n<h2 class=\"wp-block-heading has-text-color has-link-color has-medium-font-size wp-elements-e92c28230819bc81bd9086ca36d93ea3\" id=\"h-elso-korben-a-sulyosabb-eltereseket-veszik-gorcso-ala\" style=\"color:#901414\"><strong>Els\u0151 k\u00f6rben a s\u00falyosabb elt\u00e9r\u00e9seket veszik g\u00f3rcs\u0151 al\u00e1<\/strong><\/h2>\n\n\n\n<p>A hivatalos t\u00e1j\u00e9koztat\u00e1s szerint az ad\u00f3hat\u00f3s\u00e1g 2025. febru\u00e1r 24-\u00e9n k\u00fcldte ki az els\u0151 felh\u00edv\u00e1sokat. A NAV kock\u00e1zatelemz\u0151i els\u0151 k\u00f6rben a s\u00falyosabb elt\u00e9r\u00e9sekre koncentr\u00e1ltak. Azokat a c\u00e9geket sz\u0171rt\u00e9k ki, amelyekn\u00e9l az online sz\u00e1mla \u00e9s online p\u00e9nzt\u00e1rg\u00e9p forgalom j\u00f3val magasabb volt, mint az \u00e1fabevall\u00e1sban felt\u00fcntetett \u00f6sszeg. Az adategyeztet\u00e9si elj\u00e1r\u00e1sok az els\u0151 egyeztet\u00e9si k\u00f6r tapasztalatainak feldolgoz\u00e1s\u00e1t k\u00f6vet\u0151en tov\u00e1bb folytat\u00f3dtak.<\/p>\n\n\n\n<p>Kapcsol\u00f3d\u00f3 fejlem\u00e9ny, hogy 2025 szeptember\u00e9t\u0151l az online sz\u00e1mlaadat-szolg\u00e1ltat\u00e1s rendszer\u00e9ben az eddigi figyelmeztet\u00e9sek k\u00f6z\u00fcl sz\u00e1mos hiba blokkol\u00f3v\u00e1 v\u00e1lt, \u00edgy a NAV a hib\u00e1snak tal\u00e1lt sz\u00e1ml\u00e1k adatszolg\u00e1ltat\u00e1s\u00e1t visszautas\u00edthatja. Ennek k\u00f6vetkezt\u00e9ben a sz\u00e1ml\u00e1k rendez\u00e9se is elh\u00faz\u00f3dhat, ami komoly kih\u00edv\u00e1st jelenthet a v\u00e1llalkoz\u00e1sok sz\u00e1m\u00e1ra.<\/p>\n\n\n\n<h2 class=\"wp-block-heading has-text-color has-link-color has-medium-font-size wp-elements-af5d07e72d4795f9ca3a30570657192f\" id=\"h-hogyan-segithet-onnek-az-andersen-magyarorszag\" style=\"color:#901414\"><strong>Hogyan seg\u00edthet \u00d6nnek az Andersen Magyarorsz\u00e1g?<\/strong><\/h2>\n\n\n\n<p>Az Andersen ad\u00f3szak\u00e9rt\u0151i az Online Sz\u00e1mla rendszer \u00e9s az adategyeztet\u00e9si elj\u00e1r\u00e1s kapcs\u00e1n az al\u00e1bbi szolg\u00e1ltat\u00e1sokkal \u00e1llnak az \u00fcgyfelek rendelkez\u00e9s\u00e9re:<\/p>\n\n\n\n<ul class=\"wp-block-list\">\n<li>az adatszolg\u00e1ltat\u00e1ssal kapcsolatos hiba\u00fczenetek vizsg\u00e1lata,<\/li>\n\n\n\n<li>a hib\u00e1k okainak felt\u00e1r\u00e1sa,<\/li>\n\n\n\n<li>javaslat a hib\u00e1k jav\u00edt\u00e1s\u00e1ra, \u00e9s<\/li>\n\n\n\n<li>az ad\u00f3hat\u00f3s\u00e1ggal t\u00f6rt\u00e9n\u0151 egyeztet\u00e9s az elj\u00e1r\u00e1s megindul\u00e1sa kapcs\u00e1n.<\/li>\n<\/ul>\n\n\n\n<p><strong>A Nyugt\u00e1val dics\u00e9rd a NAV-ot podcast szak\u00e9rt\u0151i az al\u00e1bbi ad\u00e1sban foglalkoztak r\u00e9szletesen az adategyeztet\u00e9si elj\u00e1r\u00e1s \u00e9s az online sz\u00e1mlaadatok t\u00e9m\u00e1j\u00e1val.<\/strong><\/p>\n\n\n<div style=\"width: 100%; \" class=\"ub-advanced-video-container wp-embed-aspect-16-9 wp-has-aspect-ratio wp-block-ub-advanced-video\" id=\"ub-advanced-video-13126b23-60fb-475a-b8e3-31a5d52c5373\"><div class=\"ub-advanced-video-embed ub-advanced-video-autofit-youtube\" style=\"box-shadow: 0px -0px 0px 0px rgba(0, 0, 0, 1); border-top: 0px solid ; border-left: 0px solid ; border-right: 0px solid ; border-bottom: 0px solid ; border-top-left-radius: 0px; border-top-right-radius: 0px; border-bottom-left-radius: 0px; border-bottom-right-radius: 0px; --ub-advanced-video-aspect-ratio: 16\/9; \"><iframe loading=\"lazy\" width=\"1280\" height=\"720\" src=\"\/\/www.youtube.com\/embed\/Ngcxs5EXL5A\" frameborder=\"0\" allow=\"accelerometer; autoplay; clipboard-write; encrypted-media; gyroscope; picture-in-picture; web-share\" referrerpolicy=\"strict-origin-when-cross-origin\" allowfullscreen><\/iframe><\/div><\/div>","protected":false},"excerpt":{"rendered":"<p>Az adategyeztet\u00e9si elj\u00e1r\u00e1s egy \u00faj elj\u00e1r\u00e1st\u00edpus, amelyet el\u0151sz\u00f6r a 2024. okt\u00f3ber 16-\u00e1n t\u00e1rsadalmi egyeztet\u00e9sre bocs\u00e1tott \u0151szi ad\u00f3csomag neves\u00edtett&#8230;<\/p>\n","protected":false},"featured_media":0,"parent":0,"menu_order":0,"template":"","meta":{"_acf_changed":false,"_genesis_hide_title":false,"_genesis_hide_breadcrumbs":false,"_genesis_hide_singular_image":false,"_genesis_hide_footer_widgets":false,"_genesis_custom_body_class":"","_genesis_custom_post_class":"","_genesis_layout":"","footnotes":""},"class_list":{"0":"post-11974","1":"tax-guide","2":"type-tax-guide","3":"status-publish","5":"entry"},"acf":[],"yoast_head":"<!-- This site is optimized with the Yoast SEO Premium plugin v27.4 (Yoast SEO v27.4) - https:\/\/yoast.com\/product\/yoast-seo-premium-wordpress\/ -->\n<title>Adategyeztet\u00e9si elj\u00e1r\u00e1s (NAV) - Andersen Ad\u00f3sz\u00f3t\u00e1r<\/title>\n<meta name=\"description\" content=\"Az adategyeztet\u00e9si elj\u00e1r\u00e1s egy \u00faj ad\u00f3hat\u00f3s\u00e1gi elj\u00e1r\u00e1st\u00edpus, amelyet el\u0151sz\u00f6r a 2024 \u0151szi ad\u00f3csomag neves\u00edtett.\" \/>\n<meta name=\"robots\" content=\"index, follow, max-snippet:-1, max-image-preview:large, max-video-preview:-1\" \/>\n<link rel=\"canonical\" href=\"https:\/\/hu.andersen.com\/hu\/andersen-adoszotar\/adategyeztetesi-eljaras-nav\/\" \/>\n<meta property=\"og:locale\" content=\"hu_HU\" \/>\n<meta property=\"og:type\" content=\"article\" \/>\n<meta property=\"og:title\" content=\"Adategyeztet\u00e9si elj\u00e1r\u00e1s (NAV)\" \/>\n<meta property=\"og:description\" content=\"Az adategyeztet\u00e9si elj\u00e1r\u00e1s egy \u00faj ad\u00f3hat\u00f3s\u00e1gi elj\u00e1r\u00e1st\u00edpus, amelyet el\u0151sz\u00f6r a 2024 \u0151szi ad\u00f3csomag neves\u00edtett.\" \/>\n<meta property=\"og:url\" content=\"https:\/\/hu.andersen.com\/hu\/andersen-adoszotar\/adategyeztetesi-eljaras-nav\/\" \/>\n<meta property=\"og:site_name\" content=\"Andersen Magyarorsz\u00e1g\" \/>\n<meta property=\"article:modified_time\" content=\"2025-09-23T15:00:28+00:00\" \/>\n<meta property=\"og:image\" content=\"https:\/\/hu.andersen.com\/wp-content\/uploads\/2024\/10\/adategyeztetesi-eljaras-andersen-adokonferencia-eloadas.jpg\" \/>\n\t<meta property=\"og:image:width\" content=\"700\" \/>\n\t<meta property=\"og:image:height\" content=\"417\" \/>\n\t<meta property=\"og:image:type\" content=\"image\/jpeg\" \/>\n<meta name=\"twitter:card\" content=\"summary_large_image\" \/>\n<meta name=\"twitter:label1\" content=\"Becs\u00fclt olvas\u00e1si id\u0151\" \/>\n\t<meta name=\"twitter:data1\" content=\"7 perc\" \/>\n<script type=\"application\/ld+json\" class=\"yoast-schema-graph\">{\"@context\":\"https:\\\/\\\/schema.org\",\"@graph\":[{\"@type\":\"WebPage\",\"@id\":\"https:\\\/\\\/hu.andersen.com\\\/hu\\\/andersen-adoszotar\\\/adategyeztetesi-eljaras-nav\\\/\",\"url\":\"https:\\\/\\\/hu.andersen.com\\\/hu\\\/andersen-adoszotar\\\/adategyeztetesi-eljaras-nav\\\/\",\"name\":\"Adategyeztet\u00e9si elj\u00e1r\u00e1s (NAV) - Andersen Ad\u00f3sz\u00f3t\u00e1r\",\"isPartOf\":{\"@id\":\"https:\\\/\\\/hu.andersen.com\\\/#website\"},\"primaryImageOfPage\":{\"@id\":\"https:\\\/\\\/hu.andersen.com\\\/hu\\\/andersen-adoszotar\\\/adategyeztetesi-eljaras-nav\\\/#primaryimage\"},\"image\":{\"@id\":\"https:\\\/\\\/hu.andersen.com\\\/hu\\\/andersen-adoszotar\\\/adategyeztetesi-eljaras-nav\\\/#primaryimage\"},\"thumbnailUrl\":\"https:\\\/\\\/hu.andersen.com\\\/wp-content\\\/uploads\\\/2024\\\/10\\\/adategyeztetesi-eljaras-andersen-adokonferencia-eloadas.jpg\",\"datePublished\":\"2024-10-22T14:32:38+00:00\",\"dateModified\":\"2025-09-23T15:00:28+00:00\",\"description\":\"Az adategyeztet\u00e9si elj\u00e1r\u00e1s egy \u00faj ad\u00f3hat\u00f3s\u00e1gi elj\u00e1r\u00e1st\u00edpus, amelyet el\u0151sz\u00f6r a 2024 \u0151szi ad\u00f3csomag neves\u00edtett.\",\"breadcrumb\":{\"@id\":\"https:\\\/\\\/hu.andersen.com\\\/hu\\\/andersen-adoszotar\\\/adategyeztetesi-eljaras-nav\\\/#breadcrumb\"},\"inLanguage\":\"hu\",\"potentialAction\":[{\"@type\":\"ReadAction\",\"target\":[\"https:\\\/\\\/hu.andersen.com\\\/hu\\\/andersen-adoszotar\\\/adategyeztetesi-eljaras-nav\\\/\"]}]},{\"@type\":\"ImageObject\",\"inLanguage\":\"hu\",\"@id\":\"https:\\\/\\\/hu.andersen.com\\\/hu\\\/andersen-adoszotar\\\/adategyeztetesi-eljaras-nav\\\/#primaryimage\",\"url\":\"https:\\\/\\\/hu.andersen.com\\\/wp-content\\\/uploads\\\/2024\\\/10\\\/adategyeztetesi-eljaras-andersen-adokonferencia-eloadas.jpg\",\"contentUrl\":\"https:\\\/\\\/hu.andersen.com\\\/wp-content\\\/uploads\\\/2024\\\/10\\\/adategyeztetesi-eljaras-andersen-adokonferencia-eloadas.jpg\"},{\"@type\":\"BreadcrumbList\",\"@id\":\"https:\\\/\\\/hu.andersen.com\\\/hu\\\/andersen-adoszotar\\\/adategyeztetesi-eljaras-nav\\\/#breadcrumb\",\"itemListElement\":[{\"@type\":\"ListItem\",\"position\":1,\"name\":\"Kezd\u0151lap\",\"item\":\"https:\\\/\\\/hu.andersen.com\\\/hu\\\/\"},{\"@type\":\"ListItem\",\"position\":2,\"name\":\"Tax Guide\",\"item\":\"https:\\\/\\\/hu.andersen.com\\\/tax-guide\\\/\"},{\"@type\":\"ListItem\",\"position\":3,\"name\":\"Adategyeztet\u00e9si elj\u00e1r\u00e1s (NAV)\"}]},{\"@type\":\"WebSite\",\"@id\":\"https:\\\/\\\/hu.andersen.com\\\/#website\",\"url\":\"https:\\\/\\\/hu.andersen.com\\\/\",\"name\":\"Andersen In Hungary\",\"description\":\"Ad\u00f3tan\u00e1csad\u00e1s \u00e9s jogi tan\u00e1csad\u00e1s\",\"potentialAction\":[{\"@type\":\"SearchAction\",\"target\":{\"@type\":\"EntryPoint\",\"urlTemplate\":\"https:\\\/\\\/hu.andersen.com\\\/?s={search_term_string}\"},\"query-input\":{\"@type\":\"PropertyValueSpecification\",\"valueRequired\":true,\"valueName\":\"search_term_string\"}}],\"inLanguage\":\"hu\"}]}<\/script>\n<!-- \/ Yoast SEO Premium plugin. -->","yoast_head_json":{"title":"Adategyeztet\u00e9si elj\u00e1r\u00e1s (NAV) - Andersen Ad\u00f3sz\u00f3t\u00e1r","description":"Az adategyeztet\u00e9si elj\u00e1r\u00e1s egy \u00faj ad\u00f3hat\u00f3s\u00e1gi elj\u00e1r\u00e1st\u00edpus, amelyet el\u0151sz\u00f6r a 2024 \u0151szi ad\u00f3csomag neves\u00edtett.","robots":{"index":"index","follow":"follow","max-snippet":"max-snippet:-1","max-image-preview":"max-image-preview:large","max-video-preview":"max-video-preview:-1"},"canonical":"https:\/\/hu.andersen.com\/hu\/andersen-adoszotar\/adategyeztetesi-eljaras-nav\/","og_locale":"hu_HU","og_type":"article","og_title":"Adategyeztet\u00e9si elj\u00e1r\u00e1s (NAV)","og_description":"Az adategyeztet\u00e9si elj\u00e1r\u00e1s egy \u00faj ad\u00f3hat\u00f3s\u00e1gi elj\u00e1r\u00e1st\u00edpus, amelyet el\u0151sz\u00f6r a 2024 \u0151szi ad\u00f3csomag neves\u00edtett.","og_url":"https:\/\/hu.andersen.com\/hu\/andersen-adoszotar\/adategyeztetesi-eljaras-nav\/","og_site_name":"Andersen Magyarorsz\u00e1g","article_modified_time":"2025-09-23T15:00:28+00:00","og_image":[{"width":700,"height":417,"url":"https:\/\/hu.andersen.com\/wp-content\/uploads\/2024\/10\/adategyeztetesi-eljaras-andersen-adokonferencia-eloadas.jpg","type":"image\/jpeg"}],"twitter_card":"summary_large_image","twitter_misc":{"Becs\u00fclt olvas\u00e1si id\u0151":"7 perc"},"schema":{"@context":"https:\/\/schema.org","@graph":[{"@type":"WebPage","@id":"https:\/\/hu.andersen.com\/hu\/andersen-adoszotar\/adategyeztetesi-eljaras-nav\/","url":"https:\/\/hu.andersen.com\/hu\/andersen-adoszotar\/adategyeztetesi-eljaras-nav\/","name":"Adategyeztet\u00e9si elj\u00e1r\u00e1s (NAV) - Andersen Ad\u00f3sz\u00f3t\u00e1r","isPartOf":{"@id":"https:\/\/hu.andersen.com\/#website"},"primaryImageOfPage":{"@id":"https:\/\/hu.andersen.com\/hu\/andersen-adoszotar\/adategyeztetesi-eljaras-nav\/#primaryimage"},"image":{"@id":"https:\/\/hu.andersen.com\/hu\/andersen-adoszotar\/adategyeztetesi-eljaras-nav\/#primaryimage"},"thumbnailUrl":"https:\/\/hu.andersen.com\/wp-content\/uploads\/2024\/10\/adategyeztetesi-eljaras-andersen-adokonferencia-eloadas.jpg","datePublished":"2024-10-22T14:32:38+00:00","dateModified":"2025-09-23T15:00:28+00:00","description":"Az adategyeztet\u00e9si elj\u00e1r\u00e1s egy \u00faj ad\u00f3hat\u00f3s\u00e1gi elj\u00e1r\u00e1st\u00edpus, amelyet el\u0151sz\u00f6r a 2024 \u0151szi ad\u00f3csomag neves\u00edtett.","breadcrumb":{"@id":"https:\/\/hu.andersen.com\/hu\/andersen-adoszotar\/adategyeztetesi-eljaras-nav\/#breadcrumb"},"inLanguage":"hu","potentialAction":[{"@type":"ReadAction","target":["https:\/\/hu.andersen.com\/hu\/andersen-adoszotar\/adategyeztetesi-eljaras-nav\/"]}]},{"@type":"ImageObject","inLanguage":"hu","@id":"https:\/\/hu.andersen.com\/hu\/andersen-adoszotar\/adategyeztetesi-eljaras-nav\/#primaryimage","url":"https:\/\/hu.andersen.com\/wp-content\/uploads\/2024\/10\/adategyeztetesi-eljaras-andersen-adokonferencia-eloadas.jpg","contentUrl":"https:\/\/hu.andersen.com\/wp-content\/uploads\/2024\/10\/adategyeztetesi-eljaras-andersen-adokonferencia-eloadas.jpg"},{"@type":"BreadcrumbList","@id":"https:\/\/hu.andersen.com\/hu\/andersen-adoszotar\/adategyeztetesi-eljaras-nav\/#breadcrumb","itemListElement":[{"@type":"ListItem","position":1,"name":"Kezd\u0151lap","item":"https:\/\/hu.andersen.com\/hu\/"},{"@type":"ListItem","position":2,"name":"Tax Guide","item":"https:\/\/hu.andersen.com\/tax-guide\/"},{"@type":"ListItem","position":3,"name":"Adategyeztet\u00e9si elj\u00e1r\u00e1s (NAV)"}]},{"@type":"WebSite","@id":"https:\/\/hu.andersen.com\/#website","url":"https:\/\/hu.andersen.com\/","name":"Andersen In Hungary","description":"Ad\u00f3tan\u00e1csad\u00e1s \u00e9s jogi tan\u00e1csad\u00e1s","potentialAction":[{"@type":"SearchAction","target":{"@type":"EntryPoint","urlTemplate":"https:\/\/hu.andersen.com\/?s={search_term_string}"},"query-input":{"@type":"PropertyValueSpecification","valueRequired":true,"valueName":"search_term_string"}}],"inLanguage":"hu"}]}},"_links":{"self":[{"href":"https:\/\/hu.andersen.com\/hu\/wp-json\/wp\/v2\/tax-guide\/11974","targetHints":{"allow":["GET"]}}],"collection":[{"href":"https:\/\/hu.andersen.com\/hu\/wp-json\/wp\/v2\/tax-guide"}],"about":[{"href":"https:\/\/hu.andersen.com\/hu\/wp-json\/wp\/v2\/types\/tax-guide"}],"version-history":[{"count":37,"href":"https:\/\/hu.andersen.com\/hu\/wp-json\/wp\/v2\/tax-guide\/11974\/revisions"}],"predecessor-version":[{"id":14064,"href":"https:\/\/hu.andersen.com\/hu\/wp-json\/wp\/v2\/tax-guide\/11974\/revisions\/14064"}],"wp:attachment":[{"href":"https:\/\/hu.andersen.com\/hu\/wp-json\/wp\/v2\/media?parent=11974"}],"curies":[{"name":"wp","href":"https:\/\/api.w.org\/{rel}","templated":true}]}}