{"id":12845,"date":"2025-03-09T16:53:52","date_gmt":"2025-03-09T15:53:52","guid":{"rendered":"https:\/\/hu.andersen.com\/?post_type=tax-guide&#038;p=12845"},"modified":"2025-08-12T08:14:55","modified_gmt":"2025-08-12T06:14:55","slug":"elismert-belfoldi-kiegeszito-ado","status":"publish","type":"tax-guide","link":"https:\/\/hu.andersen.com\/hu\/andersen-adoszotar\/elismert-belfoldi-kiegeszito-ado\/","title":{"rendered":"Elismert belf\u00f6ldi kieg\u00e9sz\u00edt\u0151 ad\u00f3 (QDMTT)"},"content":{"rendered":"\n<p><strong>A glob\u00e1lis minimumad\u00f3 (GloBE) az OECD nemzetk\u00f6zi ad\u00f3z\u00e1si reformj\u00e1nak m\u00e1sodik pill\u00e9re, amely a nemzetk\u00f6zi v\u00e1llalatcsoportok eset\u00e9ben minimum szintet \u00edr el\u0151 a j\u00f6vedelemad\u00f3ra vonatkoz\u00f3an. Az al\u00e1bbi ad\u00f3sz\u00f3t\u00e1r sz\u00f3cikk az elismert belf\u00f6ldi kieg\u00e9sz\u00edt\u0151 ad\u00f3 fogalm\u00e1r\u00f3l sz\u00f3l, amely a t\u00e9nyleges ad\u00f3m\u00e9rt\u00e9k kisz\u00e1m\u00edt\u00e1s\u00e1hoz kapcsol\u00f3dik.<\/strong><\/p>\n\n\n\n<h2 class=\"wp-block-heading has-text-color has-link-color has-medium-font-size wp-elements-b9d1aa78fb258638ac6b136158680bbe\" id=\"h-mi-az-a-kiegeszito-ado-es-ki-jogosult-beszedni\" style=\"color:#6b1414\"><strong>Mi az a kieg\u00e9sz\u00edt\u0151 ad\u00f3, \u00e9s ki jogosult beszedni?<\/strong><\/h2>\n\n\n\n<p>A <a href=\"https:\/\/hu.andersen.com\/hu\/andersen-adoszotar\/globalis-minimumado\/\">glob\u00e1lis minimumad\u00f3<\/a> szab\u00e1lyoz\u00e1s l\u00e9nyege (<a href=\"https:\/\/www.oecd.org\/en\/topics\/sub-issues\/global-minimum-tax\/global-anti-base-erosion-model-rules-pillar-two.html\">OECD ad\u00f3reform 2. pill\u00e9r<\/a>), hogy ha a glob\u00e1lis minimum ad\u00f3 hat\u00e1lya al\u00e1 tartoz\u00f3 multinacion\u00e1lis vagy nagy m\u00e9ret\u0171 belf\u00f6ldi v\u00e1llalatcsoport csoporttagjai nem \u00e9rik el egy adott orsz\u00e1gban a 15 sz\u00e1zal\u00e9kos minimum t\u00e9nyleges ad\u00f3m\u00e9rt\u00e9ket, akkor kieg\u00e9sz\u00edt\u0151 ad\u00f3t sz\u00fcks\u00e9ges felsz\u00e1m\u00edtani a 15 sz\u00e1zal\u00e9kos m\u00e9rt\u00e9kig.<\/p>\n\n\n\n<p>A szab\u00e1lyoz\u00e1s sorrendet \u00e1ll\u00edt fel annak eld\u00f6nt\u00e9s\u00e9re, hogy ezt a kieg\u00e9sz\u00edt\u0151 ad\u00f3t mely \u00e1llam jogosult beszedni. Ennek \u00e9rtelm\u00e9ben f\u0151szab\u00e1ly szerint<\/p>\n\n\n\n<ul class=\"wp-block-list\">\n<li>els\u0151k\u00e9nt az anyav\u00e1llalat orsz\u00e1ga jogosult a j\u00f6vedelem-hozz\u00e1sz\u00e1m\u00edt\u00e1si szab\u00e1ly (Income Inclusion Rule, IIR) alapj\u00e1n,<\/li>\n\n\n\n<li>m\u00e1sodsorban a t\u00f6bbi csoporttag orsz\u00e1ga az alulad\u00f3ztatott kifizet\u00e9sek szab\u00e1lya (Undertaxed Profit Rule, UTPR) alapj\u00e1n.<\/li>\n<\/ul>\n\n\n\n<p>Amennyiben azonban az alulad\u00f3ztatott csoporttag orsz\u00e1g\u00e1ban bevezet\u00e9sre ker\u00fclt az elismert belf\u00f6ldi kieg\u00e9sz\u00edt\u0151 ad\u00f3 (Qualified Domestic Minimum Top-up Tax, QDMTT), akkor ez els\u0151bbs\u00e9get \u00e9lvez a m\u00e1sik k\u00e9t szab\u00e1llyal szemben, \u00e9s az adott orsz\u00e1g jogosult a kieg\u00e9sz\u00edt\u0151 ad\u00f3 beszed\u00e9s\u00e9re, \u00edgy n\u00f6velve saj\u00e1t k\u00f6lts\u00e9gvet\u00e9si bev\u00e9teleit.<\/p>\n\n\n\n<h2 class=\"wp-block-heading has-text-color has-link-color has-medium-font-size wp-elements-9c5cc55fd9d9f9e3054e1b0fca5839d9\" id=\"h-az-elismert-belfoldi-kiegeszito-ado-qmdtt-magyarorszagon\" style=\"color:#6b1414\"><strong>Az elismert belf\u00f6ldi kieg\u00e9sz\u00edt\u0151 ad\u00f3 (QMDTT) Magyarorsz\u00e1gon<\/strong><\/h2>\n\n\n\n<p>Magyarorsz\u00e1g sz\u00e1m\u00e1ra az elismert belf\u00f6ldi kieg\u00e9sz\u00edt\u0151 ad\u00f3 kiemelt jelent\u0151s\u00e9ggel b\u00edr. A hazai t\u00e1rsas\u00e1gi ad\u00f3 9%-os m\u00e9rt\u00e9ke mellett ugyanis nagyobb val\u00f3sz\u00edn\u0171s\u00e9ggel fordulhat el\u0151, hogy a glob\u00e1lis minimumad\u00f3 hat\u00e1lya al\u00e1 tartoz\u00f3 v\u00e1llalatcsoportok magyar le\u00e1nyv\u00e1llalatai nem \u00e9rik el a 15%-os minim\u00e1lis t\u00e9nyleges ad\u00f3kulcsot. Ebben az esetben indokolt, hogy a p\u00f3tl\u00f3lagos <a href=\"https:\/\/hu.andersen.com\/hu\/andersen-adoszotar\/adokulonbozet\/\">ad\u00f3k\u00fcl\u00f6nb\u00f6zet<\/a> a hazai k\u00f6lts\u00e9gvet\u00e9sbe ker\u00fclj\u00f6n, ezt a logik\u00e1t k\u00f6vetve ker\u00fclt bevezet\u00e9sre a belf\u00f6ldi kieg\u00e9sz\u00edt\u0151 ad\u00f3 Magyarorsz\u00e1gon.<\/p>\n\n\n\n<p>A magyar QDMTT szab\u00e1lyoz\u00e1s speci\u00e1lis rendelkez\u00e9seket tartalmaz, \u00edgy pl. az alkalmazand\u00f3 sz\u00e1mviteli standardet is meghat\u00e1rozza. Ugyanis, ha a v\u00e1llalatcsoport minden belf\u00f6ldi csoporttagja a helyi p\u00e9nz\u00fcgyi sz\u00e1mviteli standard szerint vezeti a k\u00f6nyvviteli nyilv\u00e1ntart\u00e1sait, akkor a belf\u00f6ldi kieg\u00e9sz\u00edt\u0151 ad\u00f3t is a helyi p\u00e9nz\u00fcgyi sz\u00e1mviteli standard szerint sz\u00fcks\u00e9ges meghat\u00e1roznia. Teh\u00e1t IFRS vagy magyar sz\u00e1mviteli standard alapj\u00e1n.<\/p>\n\n\n\n<h2 class=\"wp-block-heading has-text-color has-link-color has-medium-font-size wp-elements-11c07e075e91a41e84cb9b8e645526f9\" id=\"h-a-kiegeszito-adoval-kapcsolatos-adminisztrativ-kotelezettsegek\" style=\"color:#6b1414\"><strong>A kieg\u00e9sz\u00edt\u0151 ad\u00f3val kapcsolatos adminisztrat\u00edv k\u00f6telezetts\u00e9gek<\/strong><\/h2>\n\n\n\n<p>A kieg\u00e9sz\u00edt\u0151 ad\u00f3 szab\u00e1lyoz\u00e1s bizonyos adminisztrat\u00edv k\u00f6telezetts\u00e9geket is mag\u00e1ban foglal. P\u00e9ld\u00e1ul amennyiben egy csoporttag a kieg\u00e9sz\u00edt\u0151 ad\u00f3 alany\u00e1v\u00e1 v\u00e1lik, k\u00f6teles ezt az \u00e1llami ad\u00f3- \u00e9s v\u00e1mhat\u00f3s\u00e1g fel\u00e9 bejelenteni a megfelel\u0151 \u0171rlapon.<\/p>\n\n\n\n<p>Emellett a belf\u00f6ldi csoporttag k\u00f6teles ad\u00f3bevall\u00e1st beny\u00fajtani \u00e9s adatot szolg\u00e1ltatni a kieg\u00e9sz\u00edt\u0151 ad\u00f3r\u00f3l, szint\u00e9n az ad\u00f3hat\u00f3s\u00e1g \u00e1ltal el\u0151\u00edrt formanyomtatv\u00e1nyon. A kieg\u00e9sz\u00edt\u0151 ad\u00f3 bevall\u00e1s\u00e1t f\u0151szab\u00e1ly szerint az ad\u00f3\u00e9v utols\u00f3 napj\u00e1t k\u00f6vet\u0151 15 h\u00f3napon bel\u00fcl kell beny\u00fajtani, \u00e9s ugyanezen hat\u00e1rid\u0151ig kell a fizet\u00e9si k\u00f6telezetts\u00e9get is teljes\u00edteni. Az els\u0151, \u00fagynevezett \u00e1tmeneti \u00e9vben ez a hat\u00e1rid\u0151 18 h\u00f3napra hosszabbodik.<\/p>\n\n\n\n<p>Ett\u0151l f\u00fcggetlen\u00fcl a magyar szab\u00e1lyoz\u00e1s el\u0151\u00edrja, hogy a belf\u00f6ldi csoporttagoknak el\u0151leget kell meg\u00e1llap\u00edtaniuk, bevallaniuk \u00e9s megfizetni\u00fck az elismert belf\u00f6ldi kieg\u00e9sz\u00edt\u0151 ad\u00f3 tekintet\u00e9ben. Az el\u0151legfizet\u00e9si hat\u00e1rid\u0151 az \u00e9rintett ad\u00f3\u00e9v utols\u00f3 napj\u00e1t k\u00f6vet\u0151 11. h\u00f3nap 20. napja. Az el\u0151leget a v\u00e1rhat\u00f3an fizetend\u0151 teljes kieg\u00e9sz\u00edt\u0151 ad\u00f3 \u00f6sszeg\u00e9nek megfelel\u0151en kell megfizetni.<\/p>\n\n\n\n<h2 class=\"wp-block-heading has-text-color has-link-color has-medium-font-size wp-elements-04a05b54cea194c2512d8df9dc88bf26\" id=\"h-hogyan-segithet-onnek-az-andersen-magyarorszag\" style=\"color:#6b1414\"><strong>Hogyan seg\u00edthet \u00d6nnek az Andersen Magyarorsz\u00e1g?<\/strong><\/h2>\n\n\n\n<p>Az Andersen Magyarorsz\u00e1g szak\u00e9rt\u0151i csapata a glob\u00e1lis minimumad\u00f3val kapcsolatos feladatok ell\u00e1t\u00e1s\u00e1ban az al\u00e1bbi szolg\u00e1ltat\u00e1sokkal \u00e1ll az \u00e9rintett v\u00e1llalkoz\u00e1sok rendelkez\u00e9s\u00e9re:<\/p>\n\n\n\n<ul class=\"wp-block-list\">\n<li>GloBE csoport felt\u00e9rk\u00e9pez\u00e9se magyar v\u00e9gs\u0151 anyav\u00e1llalattal rendelkez\u0151 multinacion\u00e1lis v\u00e1llalatcsoportoknak, GloBE hat\u00e1svizsg\u00e1lat lefolytat\u00e1sa<\/li>\n\n\n\n<li>Helyi csoporttagok potenci\u00e1lis GloBE poz\u00edci\u00f3j\u00e1nak meghat\u00e1roz\u00e1sa<\/li>\n\n\n\n<li>Az egyes mentess\u00e9gek alkalmazhat\u00f3s\u00e1g\u00e1nak vizsg\u00e1lata<\/li>\n\n\n\n<li>A joghat\u00f3s\u00e1gi effekt\u00edv ad\u00f3kulcs kisz\u00e1m\u00edt\u00e1sa<\/li>\n\n\n\n<li>GloBE specifikus k\u00e9rd\u00e9sekben val\u00f3 tan\u00e1csad\u00e1s<\/li>\n<\/ul>\n","protected":false},"excerpt":{"rendered":"<p>Ez az ad\u00f3sz\u00f3t\u00e1r sz\u00f3cikk az elismert belf\u00f6ldi kieg\u00e9sz\u00edt\u0151 ad\u00f3 fogalm\u00e1r\u00f3l sz\u00f3l, amely a t\u00e9nyleges ad\u00f3m\u00e9rt\u00e9k kisz\u00e1m\u00edt\u00e1s\u00e1hoz kapcsol\u00f3dik.<\/p>\n","protected":false},"featured_media":0,"parent":0,"menu_order":0,"template":"","meta":{"_acf_changed":false,"_genesis_hide_title":false,"_genesis_hide_breadcrumbs":false,"_genesis_hide_singular_image":false,"_genesis_hide_footer_widgets":false,"_genesis_custom_body_class":"","_genesis_custom_post_class":"","_genesis_layout":"","footnotes":""},"class_list":{"0":"post-12845","1":"tax-guide","2":"type-tax-guide","3":"status-publish","5":"entry"},"acf":[],"yoast_head":"<!-- This site is optimized with the Yoast SEO Premium plugin v27.4 (Yoast SEO v27.4) - https:\/\/yoast.com\/product\/yoast-seo-premium-wordpress\/ -->\n<title>Elismert belf\u00f6ldi kieg\u00e9sz\u00edt\u0151 ad\u00f3 - Andersen Ad\u00f3sz\u00f3t\u00e1r<\/title>\n<meta name=\"description\" content=\"Ez az ad\u00f3sz\u00f3t\u00e1r sz\u00f3cikk az elismert belf\u00f6ldi kieg\u00e9sz\u00edt\u0151 ad\u00f3 fogalm\u00e1r\u00f3l sz\u00f3l, amely a t\u00e9nyleges ad\u00f3m\u00e9rt\u00e9k kisz\u00e1m\u00edt\u00e1s\u00e1hoz kapcsol\u00f3dik.\" \/>\n<meta name=\"robots\" content=\"index, follow, max-snippet:-1, max-image-preview:large, max-video-preview:-1\" \/>\n<link rel=\"canonical\" href=\"https:\/\/hu.andersen.com\/hu\/andersen-adoszotar\/elismert-belfoldi-kiegeszito-ado\/\" \/>\n<meta property=\"og:locale\" content=\"hu_HU\" \/>\n<meta property=\"og:type\" content=\"article\" \/>\n<meta property=\"og:title\" content=\"Elismert belf\u00f6ldi kieg\u00e9sz\u00edt\u0151 ad\u00f3 (QDMTT)\" \/>\n<meta property=\"og:description\" content=\"Ez az ad\u00f3sz\u00f3t\u00e1r sz\u00f3cikk az elismert belf\u00f6ldi kieg\u00e9sz\u00edt\u0151 ad\u00f3 fogalm\u00e1r\u00f3l sz\u00f3l, amely a t\u00e9nyleges ad\u00f3m\u00e9rt\u00e9k kisz\u00e1m\u00edt\u00e1s\u00e1hoz kapcsol\u00f3dik.\" \/>\n<meta property=\"og:url\" content=\"https:\/\/hu.andersen.com\/hu\/andersen-adoszotar\/elismert-belfoldi-kiegeszito-ado\/\" \/>\n<meta property=\"og:site_name\" content=\"Andersen Magyarorsz\u00e1g\" \/>\n<meta property=\"article:modified_time\" content=\"2025-08-12T06:14:55+00:00\" \/>\n<meta name=\"twitter:card\" content=\"summary_large_image\" \/>\n<meta name=\"twitter:label1\" content=\"Becs\u00fclt olvas\u00e1si id\u0151\" \/>\n\t<meta name=\"twitter:data1\" content=\"4 perc\" \/>\n<script type=\"application\/ld+json\" class=\"yoast-schema-graph\">{\"@context\":\"https:\\\/\\\/schema.org\",\"@graph\":[{\"@type\":\"WebPage\",\"@id\":\"https:\\\/\\\/hu.andersen.com\\\/hu\\\/andersen-adoszotar\\\/elismert-belfoldi-kiegeszito-ado\\\/\",\"url\":\"https:\\\/\\\/hu.andersen.com\\\/hu\\\/andersen-adoszotar\\\/elismert-belfoldi-kiegeszito-ado\\\/\",\"name\":\"Elismert belf\u00f6ldi kieg\u00e9sz\u00edt\u0151 ad\u00f3 - Andersen Ad\u00f3sz\u00f3t\u00e1r\",\"isPartOf\":{\"@id\":\"https:\\\/\\\/hu.andersen.com\\\/#website\"},\"datePublished\":\"2025-03-09T15:53:52+00:00\",\"dateModified\":\"2025-08-12T06:14:55+00:00\",\"description\":\"Ez az ad\u00f3sz\u00f3t\u00e1r sz\u00f3cikk az elismert belf\u00f6ldi kieg\u00e9sz\u00edt\u0151 ad\u00f3 fogalm\u00e1r\u00f3l sz\u00f3l, amely a t\u00e9nyleges ad\u00f3m\u00e9rt\u00e9k kisz\u00e1m\u00edt\u00e1s\u00e1hoz kapcsol\u00f3dik.\",\"breadcrumb\":{\"@id\":\"https:\\\/\\\/hu.andersen.com\\\/hu\\\/andersen-adoszotar\\\/elismert-belfoldi-kiegeszito-ado\\\/#breadcrumb\"},\"inLanguage\":\"hu\",\"potentialAction\":[{\"@type\":\"ReadAction\",\"target\":[\"https:\\\/\\\/hu.andersen.com\\\/hu\\\/andersen-adoszotar\\\/elismert-belfoldi-kiegeszito-ado\\\/\"]}]},{\"@type\":\"BreadcrumbList\",\"@id\":\"https:\\\/\\\/hu.andersen.com\\\/hu\\\/andersen-adoszotar\\\/elismert-belfoldi-kiegeszito-ado\\\/#breadcrumb\",\"itemListElement\":[{\"@type\":\"ListItem\",\"position\":1,\"name\":\"Kezd\u0151lap\",\"item\":\"https:\\\/\\\/hu.andersen.com\\\/hu\\\/\"},{\"@type\":\"ListItem\",\"position\":2,\"name\":\"Tax Guide\",\"item\":\"https:\\\/\\\/hu.andersen.com\\\/tax-guide\\\/\"},{\"@type\":\"ListItem\",\"position\":3,\"name\":\"Elismert belf\u00f6ldi kieg\u00e9sz\u00edt\u0151 ad\u00f3 (QDMTT)\"}]},{\"@type\":\"WebSite\",\"@id\":\"https:\\\/\\\/hu.andersen.com\\\/#website\",\"url\":\"https:\\\/\\\/hu.andersen.com\\\/\",\"name\":\"Andersen In Hungary\",\"description\":\"Ad\u00f3tan\u00e1csad\u00e1s \u00e9s jogi tan\u00e1csad\u00e1s\",\"potentialAction\":[{\"@type\":\"SearchAction\",\"target\":{\"@type\":\"EntryPoint\",\"urlTemplate\":\"https:\\\/\\\/hu.andersen.com\\\/?s={search_term_string}\"},\"query-input\":{\"@type\":\"PropertyValueSpecification\",\"valueRequired\":true,\"valueName\":\"search_term_string\"}}],\"inLanguage\":\"hu\"}]}<\/script>\n<!-- \/ Yoast SEO Premium plugin. -->","yoast_head_json":{"title":"Elismert belf\u00f6ldi kieg\u00e9sz\u00edt\u0151 ad\u00f3 - Andersen Ad\u00f3sz\u00f3t\u00e1r","description":"Ez az ad\u00f3sz\u00f3t\u00e1r sz\u00f3cikk az elismert belf\u00f6ldi kieg\u00e9sz\u00edt\u0151 ad\u00f3 fogalm\u00e1r\u00f3l sz\u00f3l, amely a t\u00e9nyleges ad\u00f3m\u00e9rt\u00e9k kisz\u00e1m\u00edt\u00e1s\u00e1hoz kapcsol\u00f3dik.","robots":{"index":"index","follow":"follow","max-snippet":"max-snippet:-1","max-image-preview":"max-image-preview:large","max-video-preview":"max-video-preview:-1"},"canonical":"https:\/\/hu.andersen.com\/hu\/andersen-adoszotar\/elismert-belfoldi-kiegeszito-ado\/","og_locale":"hu_HU","og_type":"article","og_title":"Elismert belf\u00f6ldi kieg\u00e9sz\u00edt\u0151 ad\u00f3 (QDMTT)","og_description":"Ez az ad\u00f3sz\u00f3t\u00e1r sz\u00f3cikk az elismert belf\u00f6ldi kieg\u00e9sz\u00edt\u0151 ad\u00f3 fogalm\u00e1r\u00f3l sz\u00f3l, amely a t\u00e9nyleges ad\u00f3m\u00e9rt\u00e9k kisz\u00e1m\u00edt\u00e1s\u00e1hoz kapcsol\u00f3dik.","og_url":"https:\/\/hu.andersen.com\/hu\/andersen-adoszotar\/elismert-belfoldi-kiegeszito-ado\/","og_site_name":"Andersen Magyarorsz\u00e1g","article_modified_time":"2025-08-12T06:14:55+00:00","twitter_card":"summary_large_image","twitter_misc":{"Becs\u00fclt olvas\u00e1si id\u0151":"4 perc"},"schema":{"@context":"https:\/\/schema.org","@graph":[{"@type":"WebPage","@id":"https:\/\/hu.andersen.com\/hu\/andersen-adoszotar\/elismert-belfoldi-kiegeszito-ado\/","url":"https:\/\/hu.andersen.com\/hu\/andersen-adoszotar\/elismert-belfoldi-kiegeszito-ado\/","name":"Elismert belf\u00f6ldi kieg\u00e9sz\u00edt\u0151 ad\u00f3 - Andersen Ad\u00f3sz\u00f3t\u00e1r","isPartOf":{"@id":"https:\/\/hu.andersen.com\/#website"},"datePublished":"2025-03-09T15:53:52+00:00","dateModified":"2025-08-12T06:14:55+00:00","description":"Ez az ad\u00f3sz\u00f3t\u00e1r sz\u00f3cikk az elismert belf\u00f6ldi kieg\u00e9sz\u00edt\u0151 ad\u00f3 fogalm\u00e1r\u00f3l sz\u00f3l, amely a t\u00e9nyleges ad\u00f3m\u00e9rt\u00e9k kisz\u00e1m\u00edt\u00e1s\u00e1hoz kapcsol\u00f3dik.","breadcrumb":{"@id":"https:\/\/hu.andersen.com\/hu\/andersen-adoszotar\/elismert-belfoldi-kiegeszito-ado\/#breadcrumb"},"inLanguage":"hu","potentialAction":[{"@type":"ReadAction","target":["https:\/\/hu.andersen.com\/hu\/andersen-adoszotar\/elismert-belfoldi-kiegeszito-ado\/"]}]},{"@type":"BreadcrumbList","@id":"https:\/\/hu.andersen.com\/hu\/andersen-adoszotar\/elismert-belfoldi-kiegeszito-ado\/#breadcrumb","itemListElement":[{"@type":"ListItem","position":1,"name":"Kezd\u0151lap","item":"https:\/\/hu.andersen.com\/hu\/"},{"@type":"ListItem","position":2,"name":"Tax Guide","item":"https:\/\/hu.andersen.com\/tax-guide\/"},{"@type":"ListItem","position":3,"name":"Elismert belf\u00f6ldi kieg\u00e9sz\u00edt\u0151 ad\u00f3 (QDMTT)"}]},{"@type":"WebSite","@id":"https:\/\/hu.andersen.com\/#website","url":"https:\/\/hu.andersen.com\/","name":"Andersen In Hungary","description":"Ad\u00f3tan\u00e1csad\u00e1s \u00e9s jogi tan\u00e1csad\u00e1s","potentialAction":[{"@type":"SearchAction","target":{"@type":"EntryPoint","urlTemplate":"https:\/\/hu.andersen.com\/?s={search_term_string}"},"query-input":{"@type":"PropertyValueSpecification","valueRequired":true,"valueName":"search_term_string"}}],"inLanguage":"hu"}]}},"_links":{"self":[{"href":"https:\/\/hu.andersen.com\/hu\/wp-json\/wp\/v2\/tax-guide\/12845","targetHints":{"allow":["GET"]}}],"collection":[{"href":"https:\/\/hu.andersen.com\/hu\/wp-json\/wp\/v2\/tax-guide"}],"about":[{"href":"https:\/\/hu.andersen.com\/hu\/wp-json\/wp\/v2\/types\/tax-guide"}],"version-history":[{"count":4,"href":"https:\/\/hu.andersen.com\/hu\/wp-json\/wp\/v2\/tax-guide\/12845\/revisions"}],"predecessor-version":[{"id":13716,"href":"https:\/\/hu.andersen.com\/hu\/wp-json\/wp\/v2\/tax-guide\/12845\/revisions\/13716"}],"wp:attachment":[{"href":"https:\/\/hu.andersen.com\/hu\/wp-json\/wp\/v2\/media?parent=12845"}],"curies":[{"name":"wp","href":"https:\/\/api.w.org\/{rel}","templated":true}]}}