{"id":13012,"date":"2025-04-29T09:12:41","date_gmt":"2025-04-29T07:12:41","guid":{"rendered":"https:\/\/hu.andersen.com\/?post_type=tax-guide&#038;p=13012"},"modified":"2026-01-21T13:11:17","modified_gmt":"2026-01-21T12:11:17","slug":"szokasos-piaci-ar-elve","status":"publish","type":"tax-guide","link":"https:\/\/hu.andersen.com\/hu\/andersen-adoszotar\/szokasos-piaci-ar-elve\/","title":{"rendered":"Szok\u00e1sos piaci \u00e1r elve"},"content":{"rendered":"\n<p><strong>A szok\u00e1sos piaci \u00e1r elve (\u201darm&#8217;s length principle\u201d) a transzfer\u00e1raknak a nemzetk\u00f6zi standardja, amelyet az OECD tagorsz\u00e1gok \u2013 \u00e9s egyre nagyobb sz\u00e1mban az OECD-n k\u00edv\u00fcli orsz\u00e1gok \u2013 alkalmaznak a kapcsolt v\u00e1llalkoz\u00e1sok k\u00f6z\u00f6tti tranzakci\u00f3k t\u00e1rsas\u00e1gi ad\u00f3z\u00e1si szempontb\u00f3l t\u00f6rt\u00e9n\u0151 \u00e9rt\u00e9kel\u00e9s\u00e9re. Ez az elv biztos\u00edtja, hogy az azonos v\u00e1llalatcsoporthoz tartoz\u00f3 v\u00e1llalkoz\u00e1sok a k\u00f6zt\u00fck fenn\u00e1ll\u00f3, a tulajdonosi, ir\u00e1ny\u00edt\u00e1si \u00e9s ellen\u0151rz\u00e9si jogokat \u00e9rint\u0151 \u00f6sszefon\u00f3d\u00e1sokra tekintettel ne tudj\u00e1k manipul\u00e1lni az ad\u00f3alapjukat az\u00e1ltal, hogy az egym\u00e1s k\u00f6z\u00f6tti kereskedelmi \u00e9s p\u00e9nz\u00fcgyi kapcsolatokban elsz\u00e1molt ellen\u00e9rt\u00e9ket mesters\u00e9gesen \u00e1llap\u00edtj\u00e1k meg, annak \u00e9rdek\u00e9ben, hogy ezzel jogosulatlan ad\u00f3el\u0151nyt \u00e9rjenek el.<\/strong><\/p>\n\n\n\n<h2 class=\"wp-block-heading has-text-color has-link-color has-medium-font-size wp-elements-78e8e7e6c7266a8e8e00d7db9d014b7f\" id=\"h-az-oecd-modellegyezmeny-9-cikke-a-szokasos-piaci-ar-elve-definicioja\" style=\"color:#8e1414\"><strong>Az OECD Modellegyezm\u00e9ny 9. cikke \u2013 a szok\u00e1sos piaci \u00e1r elve defin\u00edci\u00f3ja<\/strong><\/h2>\n\n\n\n<p>A kapcsolt felek k\u00f6z\u00f6tti \u00fcgyletekben alkalmazand\u00f3 transzfer\u00e1rak meg\u00e1llap\u00edt\u00e1s\u00e1ra vonatkoz\u00f3 nemzetk\u00f6zi szabv\u00e1nyt, amely a kett\u0151s ad\u00f3ztat\u00e1s elker\u00fcl\u00e9s\u00e9r\u0151l sz\u00f3l\u00f3 bilater\u00e1lis egyezm\u00e9nyek mint\u00e1j\u00e1ul szolg\u00e1l, az OECD Modellegyezm\u00e9ny 9. cikke tartalmazza. Eszerint, amennyiben a <a href=\"https:\/\/hu.andersen.com\/hu\/andersen-adoszotar\/kapcsolt-vallalkozas\/\">kapcsolt v\u00e1llalkoz\u00e1sok<\/a> az egym\u00e1s k\u00f6z\u00f6tti \u00fcgyleteikben olyan felt\u00e9teleket k\u00f6tnek ki, amelyek elt\u00e9rnek att\u00f3l, amelyet f\u00fcggetlen v\u00e1llalkoz\u00e1sok alkalmazn\u00e1nak \u00f6sszehasonl\u00edthat\u00f3 piaci k\u00f6r\u00fclm\u00e9nyek mellett, akkor azzal a nyeres\u00e9ggel az adott v\u00e1llalkoz\u00e1s t\u00e1rsas\u00e1gi ad\u00f3alapja kiigaz\u00edthat\u00f3 \u00e9s ez a nyeres\u00e9g megad\u00f3ztathat\u00f3, amely a szok\u00e1sos piacit\u00f3l elt\u00e9r\u0151 felt\u00e9telek n\u00e9lk\u00fcl realiz\u00e1lhat\u00f3 lett volna. Ez tulajdonk\u00e9ppen a szok\u00e1sos piaci \u00e1r elv\u00e9nek defin\u00edci\u00f3ja.<\/p>\n\n\n\n<p>Az OECD Modellegyezm\u00e9ny Komment\u00e1rja alapj\u00e1n a 9. cikk hivatalos magyar\u00e1zata az OECD \u00e1ltal kidolgozott \u201eTranszfer\u00e1r ir\u00e1nyelvek a multinacion\u00e1lis v\u00e1llalkoz\u00e1sok \u00e9s az ad\u00f3hat\u00f3s\u00e1gok sz\u00e1m\u00e1ra\u201d, amelynek legfrissebb v\u00e1ltozat\u00e1t 2022. janu\u00e1rban publik\u00e1lt\u00e1k.<\/p>\n\n\n\n<p>A magyar szab\u00e1lyoz\u00e1s a transzfer\u00e1rak meg\u00e1llap\u00edt\u00e1s\u00e1val \u00f6sszef\u00fcgg\u00e9sben a t\u00e1rsas\u00e1gi ad\u00f3 t\u00f6rv\u00e9ny rendelkez\u00e9sei alapj\u00e1n az OECD Transzfer\u00e1r Ir\u00e1nyelvek ir\u00e1nymutat\u00e1sainak figyelembev\u00e9tel\u00e9vel k\u00e9sz\u00fclt.<\/p>\n\n\n\n<p>\u00c9rdemes megjegyezni, hogy a <a href=\"https:\/\/hu.andersen.com\/hu\/andersen-adoszotar\/funkcionalis-elemzes\/\">funkcion\u00e1lis elemz\u00e9s<\/a> eredm\u00e9ny\u00e9\u00fcl kapott karakteriz\u00e1ci\u00f3 t\u00e1mpontot ny\u00fajt a szok\u00e1sos piaci \u00e1r meghat\u00e1roz\u00e1sa sor\u00e1n a tesztelt f\u00e9l \u00e9s az alkalmazott j\u00f6vedelmez\u0151s\u00e9gi mutat\u00f3 megv\u00e1laszt\u00e1s\u00e1ban.<\/p>\n\n\n\n<h2 class=\"wp-block-heading has-text-color has-link-color has-medium-font-size wp-elements-cf4667a9e9b29987233e1f63b9ddbb44\" id=\"h-transzferarazassal-erintett-adonemek\" style=\"color:#8e1414\"><strong>Transzfer\u00e1raz\u00e1ssal \u00e9rintett ad\u00f3nemek<\/strong><\/h2>\n\n\n\n<p>Amennyiben a kapcsolt v\u00e1llalkoz\u00e1sok k\u00f6z\u00f6tt az alkalmazott transzfer\u00e1r alacsonyabb a szok\u00e1sos piaci \u00e1rn\u00e1l, akkor ad\u00f3alap kiigaz\u00edt\u00e1si (n\u00f6vel\u00e9si) k\u00f6telezetts\u00e9g \u00e9rv\u00e9nyes\u00fcl a t\u00e1rsas\u00e1gi ad\u00f3 mellett az al\u00e1bbi ad\u00f3nemekben is:<\/p>\n\n\n\n<ul class=\"wp-block-list\">\n<li>helyi ipar\u0171z\u00e9si ad\u00f3 (HIPA)<\/li>\n\n\n\n<li>innov\u00e1ci\u00f3s j\u00e1rul\u00e9k<\/li>\n\n\n\n<li>energiaell\u00e1t\u00f3k j\u00f6vedelemad\u00f3ja<\/li>\n\n\n\n<li>kisv\u00e1llalati ad\u00f3 (KIVA)<\/li>\n<\/ul>\n\n\n\n<h2 class=\"wp-block-heading has-text-color has-link-color has-medium-font-size wp-elements-aec60d6cf04e127e4c6c1e8105ab7e38\" id=\"h-bejelentesi-dokumentacios-es-adatszolgaltatasi-kotelezettsegek\" style=\"color:#8e1414\"><strong>Bejelent\u00e9si, dokument\u00e1ci\u00f3s \u00e9s adatszolg\u00e1ltat\u00e1si k\u00f6telezetts\u00e9gek<\/strong><\/h2>\n\n\n\n<p>A transzfer\u00e1rak meg\u00e1llap\u00edt\u00e1s\u00e1hoz kapcsol\u00f3d\u00f3an az ad\u00f3elj\u00e1r\u00e1si szab\u00e1lyok el\u0151\u00edrj\u00e1k a kapcsolt v\u00e1llalkoz\u00e1si viszonynak az ad\u00f3hat\u00f3s\u00e1ghoz t\u00f6rt\u00e9n\u0151 bejelent\u00e9s\u00e9t a felek k\u00f6z\u00f6tti els\u0151 szerz\u0151d\u00e9sk\u00f6t\u00e9st k\u00f6vet\u0151 tizen\u00f6t napon bel\u00fcl.<\/p>\n\n\n\n<p>A transzfer\u00e1r-k\u00e9pz\u00e9s ad\u00f3jogi szempontb\u00f3l val\u00f3 megfelel\u0151s\u00e9g\u00e9nek igazol\u00e1s\u00e1hoz a Tao tv. \u00e9s az ahhoz kapcsol\u00f3d\u00f3 r\u00e9szletszab\u00e1lyokat r\u00f6gz\u00edt\u0151, <a href=\"https:\/\/net.jogtar.hu\/jogszabaly?docid=a1700032.ngm\">32\/2017. (X.18.) NGM rendelet<\/a> a kapcsolt felek k\u00f6z\u00f6tti tranzakci\u00f3k eset\u00e9ben, amennyiben azok ad\u00f3\u00e9vi szok\u00e1sos piaci ellen\u00e9rt\u00e9ke a 100 milli\u00f3 forintot meghaladja, f\u0151szab\u00e1lyk\u00e9nt \u2013 meghat\u00e1rozott kiv\u00e9telekkel \u2013 dokument\u00e1ci\u00f3s \u00e9s adatszolg\u00e1ltat\u00e1si k\u00f6telezetts\u00e9get \u00edr el\u0151:<\/p>\n\n\n\n<ul class=\"wp-block-list\">\n<li>A transzfer\u00e1r-nyilv\u00e1ntart\u00e1s a c\u00e9gcsoport szinten k\u00e9sz\u00fclt <a href=\"https:\/\/hu.andersen.com\/hu\/andersen-adoszotar\/transzferar-fodokumentum\/\">f\u0151dokumentumb\u00f3l (\u201dmaster file\u201d)<\/a> \u00e9s a c\u00e9gcsoporthoz tartoz\u00f3 egyes tagv\u00e1llalatok \u00fcgyleti szint\u0171 <a href=\"https:\/\/hu.andersen.com\/hu\/andersen-adoszotar\/transzferar-helyi-dokumentum\/\">helyi dokumentumaib\u00f3l (\u201dlocal file\u201d)<\/a> \u00e1ll.<\/li>\n\n\n\n<li>2022-t\u0151l bevezet\u00e9sre ker\u00fclt tov\u00e1bb\u00e1 a kapcsolt felek k\u00f6z\u00f6tti, dokument\u00e1ci\u00f3s \u00e9rt\u00e9khat\u00e1rt el\u00e9r\u0151 \u00fcgyletek eset\u00e9ben a t\u00e1rsas\u00e1giad\u00f3-bevall\u00e1sban teljes\u00edtend\u0151 transzfer\u00e1r adatszolg\u00e1ltat\u00e1si k\u00f6telezetts\u00e9g is.<\/li>\n<\/ul>\n\n\n\n<p>A jelenlegi szab\u00e1lyoz\u00e1st felv\u00e1lt\u00f3 \u00e9s a 2026. ad\u00f3\u00e9vt\u0151l kezd\u0151d\u0151en alkalmazand\u00f3, a transzfer\u00e1r-adatszolg\u00e1ltat\u00e1sr\u00f3l \u00e9s transzfer\u00e1r-nyilv\u00e1ntart\u00e1sr\u00f3l sz\u00f3l\u00f3 45\/2025. (XII.23.) NGM-rendelet \u00e9rtelm\u00e9ben a szok\u00e1sos piaci \u00e1r-meg\u00e1llap\u00edt\u00e1s\u00e1val \u00f6sszef\u00fcgg\u0151 k\u00f6telezetts\u00e9geket megalapoz\u00f3 \u00e9rt\u00e9khat\u00e1r m\u00f3dosul. Ett\u0151l az id\u0151pontt\u00f3l \u2013 f\u0151szab\u00e1ly szerint \u2013 transzfer\u00e1r adatszolg\u00e1ltat\u00e1st teljes\u00edteni \u00e9s helyi dokumentumot k\u00e9sz\u00edteni azokban az esetekben kell, ha a kapcsolt felek k\u00f6z\u00f6tti tranzakci\u00f3k ad\u00f3\u00e9vi \u00fcgylet\u00e9rt\u00e9ke a 150 milli\u00f3 forintot meghaladja. A transzfer\u00e1r f\u0151dokumentum k\u00e9sz\u00edt\u00e9si k\u00f6telezetts\u00e9g pedig akkor keletkezik, ha az ad\u00f3alany \u00e1ltal a t\u00e1rgy\u00e9vben kapcsolt v\u00e1llalkoz\u00e1ssal folytatott \u00fcgylete(i) szok\u00e1sos piaci ellen\u00e9rt\u00e9ke az 500 milli\u00f3 forintot t\u00fall\u00e9pi. Az \u00faj transzfer\u00e1r-rendelet hat\u00e1lyba l\u00e9ptet\u0151 rendelkez\u00e9sei egyidej\u0171leg az ad\u00f3alanynak lehet\u0151s\u00e9get biztos\u00edtanak arra, hogy a v\u00e1ltoz\u00f3 rendelkez\u00e9seket a v\u00e1laszt\u00e1sa alapj\u00e1n a 2025. napt\u00e1ri \u00e9vben kezd\u0151d\u0151 ad\u00f3\u00e9vi t\u00e1rsas\u00e1gi ad\u00f3k\u00f6telezetts\u00e9ghez kapcsol\u00f3d\u00f3 egyes helyi dokumentumra m\u00e1r alkalmazza.<\/p>\n\n\n\n<h2 class=\"wp-block-heading has-text-color has-link-color has-medium-font-size wp-elements-2046bfc8d48da8f02ae8c407ec218e7b\" id=\"h-a-szokasos-piaci-ar-elve-megsertesenek-szankcioi\" style=\"color:#8e1414\"><strong>A szok\u00e1sos piaci \u00e1r elve megs\u00e9rt\u00e9s\u00e9nek szankci\u00f3i<\/strong><\/h2>\n\n\n\n<p>Amennyiben a kapcsolt v\u00e1llalkoz\u00e1sok megs\u00e9rtik a szok\u00e1sos piaci \u00e1r elv\u00e9nek alkalmaz\u00e1s\u00e1t el\u0151\u00edr\u00f3 szab\u00e1lyokat, akkor egy n\u00e1luk elrendelt esetleges ad\u00f3ellen\u0151rz\u00e9s sor\u00e1n az ad\u00f3hat\u00f3s\u00e1g terh\u00fckre a transzfer\u00e1raz\u00e1ssal \u00e9rintett ad\u00f3nemekben <a href=\"https:\/\/hu.andersen.com\/hu\/andersen-adoszotar\/adokulonbozet\/\">ad\u00f3k\u00fcl\u00f6nb\u00f6zetet<\/a> \u00e9s az abb\u00f3l ad\u00f3hi\u00e1nynak is min\u0151s\u00fcl\u0151 \u00f6sszeg ut\u00e1n annak a jogk\u00f6vetkezm\u00e9nyeit (<a href=\"https:\/\/hu.andersen.com\/hu\/andersen-adoszotar\/adobirsag\/\">ad\u00f3b\u00edrs\u00e1g<\/a> \u00e9s <a href=\"https:\/\/hu.andersen.com\/hu\/andersen-adoszotar\/kesedelmi-potlek\/\">k\u00e9sedelmi p\u00f3tl\u00e9<\/a>k) \u00e1llap\u00edthat meg. Emellett, az ad\u00f3elj\u00e1r\u00e1si t\u00f6rv\u00e9nyben speci\u00e1lis mulaszt\u00e1si b\u00edrs\u00e1g szankci\u00f3k is vonatkoznak a v\u00e1llalatk\u00f6zi kapcsolt tranzakci\u00f3kkal \u00f6sszef\u00fcgg\u0151 transzfer\u00e1raz\u00e1si k\u00f6telezetts\u00e9gek megszeg\u00e9se eset\u00e9re:<\/p>\n\n\n\n<ul class=\"wp-block-list\">\n<li>A kapcsolt v\u00e1llalkoz\u00e1si viszony bejelent\u00e9s\u00e9nek, valamint az ad\u00f3\u00e9vi bevall\u00e1sban teljes\u00edtend\u0151 transzfer\u00e1r adatszolg\u00e1ltat\u00e1snak a hib\u00e1s, hi\u00e1nyos, val\u00f3tlan adattartalommal t\u00f6rt\u00e9n\u0151, vagy k\u00e9sedelmes teljes\u00edt\u00e9se, illetve teljes\u00edt\u00e9s\u00e9nek elmulaszt\u00e1sa eset\u00e9n legfeljebb egymilli\u00f3 forint mulaszt\u00e1si b\u00edrs\u00e1g \u00e1llap\u00edthat\u00f3 meg.<\/li>\n\n\n\n<li>A dokument\u00e1ci\u00f3s k\u00f6telezetts\u00e9g, illetve az ezzel kapcsolatos iratmeg\u0151rz\u00e9si k\u00f6telezetts\u00e9gek megs\u00e9rt\u00e9se miatt az ad\u00f3alany nyilv\u00e1ntart\u00e1sonk\u00e9nt \u00f6tmilli\u00f3 forintig terjed\u0151 mulaszt\u00e1si b\u00edrs\u00e1ggal s\u00fajthat\u00f3. Ism\u00e9telt jogs\u00e9rt\u00e9s eset\u00e9n 10 milli\u00f3 forintig, illetve azonos nyilv\u00e1ntart\u00e1s vezet\u00e9s\u00e9nek ism\u00e9telt elmulaszt\u00e1sa eset\u00e9n az els\u0151 esetben kiszabott mulaszt\u00e1si b\u00edrs\u00e1g m\u00e9rt\u00e9k\u00e9nek n\u00e9gyszeres\u00e9ig (20 milli\u00f3 forintig) terjed\u0151 mulaszt\u00e1si b\u00edrs\u00e1g szabhat\u00f3 ki.<\/li>\n<\/ul>\n\n\n\n<h2 class=\"wp-block-heading has-text-color has-link-color has-medium-font-size wp-elements-d591d7328854668bd6834b5aba59673c\" id=\"h-hogyan-segithetunk\" style=\"color:#8e1414\"><strong>Hogyan seg\u00edthet\u00fcnk?<\/strong><\/h2>\n\n\n\n<p>Az Andersen szak\u00e9rt\u0151i csapata sz\u00e9les k\u00f6r\u0171 tapasztalattal rendelkezik a kapcsolt v\u00e1llalkoz\u00e1sok k\u00f6z\u00f6tti \u00fcgyletek szok\u00e1sos piaci \u00e1r\u00e1nak meghat\u00e1roz\u00e1s\u00e1ban (a szok\u00e1sos piaci \u00e1r elve alkalmaz\u00e1s\u00e1ban) \u00e9s a transzfer\u00e1raz\u00e1si ciklus eg\u00e9sz\u00e9n \u00e1llunk \u00fcgyfeleink rendelkez\u00e9s\u00e9re. <a href=\"https:\/\/hu.andersen.com\/hu\/adotanacsadas-szolgaltatas\/transzferar-szolgaltatasok\/\">A transzfer\u00e1r tervez\u00e9s f\u00e1zishoz kapcsol\u00f3d\u00f3 szolg\u00e1ltat\u00e1saink<\/a>:<\/p>\n\n\n\n<ul class=\"wp-block-list\">\n<li>Kapcsolt v\u00e1llalati viszonyok felt\u00e9rk\u00e9pez\u00e9se, kapcsolt v\u00e1llalatok beazonos\u00edt\u00e1sa<\/li>\n\n\n\n<li>A kapcsolt tranzakci\u00f3k felt\u00e1r\u00e1sa, rendszerez\u00e9se \u00e9s a felmer\u00fcl\u0151 kock\u00e1zatok azonos\u00edt\u00e1sa<\/li>\n\n\n\n<li>Potenci\u00e1lis \u201el\u00e1thatatlan\u201d szolg\u00e1ltat\u00e1sok, tev\u00e9kenys\u00e9gek felt\u00e1r\u00e1sa, a megfelel\u0151 \u00e1raz\u00e1si strat\u00e9gia kialak\u00edt\u00e1sa<\/li>\n\n\n\n<li><a href=\"https:\/\/hu.andersen.com\/hu\/andersen-adoszotar\/tulajdonosi-tevekenysegek-shareholder-activity\/\">Tulajdonosi tev\u00e9kenys\u00e9gek<\/a>, r\u00e9szv\u00e9nyesi szolg\u00e1ltat\u00e1sok elemz\u00e9se<\/li>\n\n\n\n<li>A v\u00e1llalatcsoporton bel\u00fcli szerz\u0151d\u00e9sek, valamint a megl\u00e9v\u0151 transzfer\u00e1r nyilv\u00e1ntart\u00e1s \u00e1ttekint\u00e9se, v\u00e9lem\u00e9nyez\u00e9se vagy lokaliz\u00e1l\u00e1sa<\/li>\n\n\n\n<li>Transzfer\u00e1r tan\u00e1csad\u00e1s, a v\u00e1llalatk\u00f6zi tranzakci\u00f3kban alkalmazott transzfer\u00e1r m\u00f3dszerek fel\u00fclvizsg\u00e1lata vagy megtervez\u00e9se<\/li>\n\n\n\n<li>Tan\u00e1csad\u00e1s az egyszeri \u00fcgyletek (pl. nagy \u00e9rt\u00e9k\u0171 apport, v\u00e1llalatk\u00f6zi hitel, ingyenes szolg\u00e1ltat\u00e1sny\u00fajt\u00e1s) tekintet\u00e9ben<\/li>\n\n\n\n<li>T\u00e1mogat\u00e1s \u00fczleti \u00e1tszervez\u00e9sek sor\u00e1n, ad\u00f3z\u00e1si k\u00f6vetkezm\u00e9nyek felt\u00e1r\u00e1sa, piaci \u00e1r meghat\u00e1roz\u00e1sa<\/li>\n\n\n\n<li><a href=\"https:\/\/hu.andersen.com\/hu\/andersen-adoszotar\/apa-eljaras\/\">A szok\u00e1sos piaci \u00e1r meg\u00e1llap\u00edt\u00e1s\u00e1ra ir\u00e1nyul\u00f3 elj\u00e1r\u00e1s (APA-elj\u00e1r\u00e1s)<\/a> ir\u00e1nti k\u00e9relem elk\u00e9sz\u00edt\u00e9se \u00e9s beny\u00fajt\u00e1sa a Nemzetgazdas\u00e1gi Miniszt\u00e9rium r\u00e9sz\u00e9re, k\u00e9pviselet az APA hat\u00e1rozat kiad\u00e1s\u00e1ig \u00e9s a meger\u0151s\u00edtett m\u00f3dszertan implement\u00e1l\u00e1s\u00e1hoz ny\u00fajtott tan\u00e1csad\u00e1s<\/li>\n\n\n\n<li>Konzult\u00e1ci\u00f3 a nemzetk\u00f6zi szab\u00e1lyoz\u00e1si k\u00f6rnyezet v\u00e1ltoz\u00e1sai ok\u00e1n sz\u00fcks\u00e9ges feladatokr\u00f3l; BEPS akci\u00f3terv, orsz\u00e1gonk\u00e9nti jelent\u00e9st\u00e9teli k\u00f6telezetts\u00e9g (Country-by-Country Reporting \u2013 CbCR), ad\u00f3kiker\u00fcl\u00e9s elleni ir\u00e1nyelv (ATAD)<\/li>\n<\/ul>\n\n\n\n<p>A transzfer\u00e1r dokument\u00e1ci\u00f3 k\u00e9sz\u00edt\u00e9shez kapcsol\u00f3d\u00f3 szolg\u00e1ltat\u00e1saink:<\/p>\n\n\n\n<ul class=\"wp-block-list\">\n<li>Seg\u00edts\u00e9g a transzfer\u00e1raz\u00e1si politika v\u00e1llalati szint\u0171 kialak\u00edt\u00e1s\u00e1ban<\/li>\n\n\n\n<li>Az ad\u00f3hat\u00f3s\u00e1g \u00e1ltal elfogadott \u00e9s haszn\u00e1lt adatb\u00e1zisok seg\u00edts\u00e9g\u00e9vel \u00f6sszehasonl\u00edt\u00f3 elemz\u00e9s v\u00e9gz\u00e9se, amellyel al\u00e1t\u00e1maszthat\u00f3 az alkalmazott transzfer\u00e1r<\/li>\n\n\n\n<li>A transzfer\u00e1r dokument\u00e1ci\u00f3 teljes k\u00f6r\u0171 (master file \u00e9s local file) elk\u00e9sz\u00edtse<\/li>\n\n\n\n<li>A v\u00e1llalatcsoport k\u00f6zponti dokument\u00e1ci\u00f3j\u00e1nak fel\u00fclvizsg\u00e1lata, sz\u00fcks\u00e9g eset\u00e9n elk\u00e9sz\u00edt\u00e9se<\/li>\n\n\n\n<li>Seg\u00edts\u00e9g az orsz\u00e1gonk\u00e9nti jelent\u00e9s (CbCR) elk\u00e9sz\u00edt\u00e9s\u00e9ben, teljes\u00edt\u00e9s\u00e9ben<\/li>\n\n\n\n<li>T\u00e1mogat\u00e1s (t\u00e1rsas\u00e1gi ad\u00f3bevall\u00e1s r\u00e9szek\u00e9nt teljes\u00edtend\u0151) transzfer\u00e1r adatszolg\u00e1ltat\u00e1s elk\u00e9sz\u00edt\u00e9s\u00e9ben<\/li>\n<\/ul>\n","protected":false},"excerpt":{"rendered":"<p>A szok\u00e1sos piaci \u00e1r elve a kapcsolt v\u00e1llalkoz\u00e1sok k\u00f6z\u00f6tti tranzakci\u00f3k t\u00e1rsas\u00e1gi ad\u00f3z\u00e1si szempontb\u00f3l t\u00f6rt\u00e9n\u0151 \u00e9rt\u00e9kel\u00e9s\u00e9re szolg\u00e1l.<\/p>\n","protected":false},"featured_media":0,"parent":0,"menu_order":0,"template":"","meta":{"_acf_changed":false,"_genesis_hide_title":false,"_genesis_hide_breadcrumbs":false,"_genesis_hide_singular_image":false,"_genesis_hide_footer_widgets":false,"_genesis_custom_body_class":"","_genesis_custom_post_class":"","_genesis_layout":"","footnotes":""},"class_list":{"0":"post-13012","1":"tax-guide","2":"type-tax-guide","3":"status-publish","5":"entry"},"acf":[],"yoast_head":"<!-- This site is optimized with the Yoast SEO Premium plugin v27.4 (Yoast SEO v27.4) - https:\/\/yoast.com\/product\/yoast-seo-premium-wordpress\/ -->\n<title>Szok\u00e1sos piaci \u00e1r elve - Andersen Ad\u00f3sz\u00f3t\u00e1r<\/title>\n<meta name=\"description\" content=\"A szok\u00e1sos piaci \u00e1r elve a kapcsolt v\u00e1llalkoz\u00e1sok k\u00f6z\u00f6tti tranzakci\u00f3k t\u00e1rsas\u00e1gi ad\u00f3z\u00e1si szempontb\u00f3l t\u00f6rt\u00e9n\u0151 \u00e9rt\u00e9kel\u00e9s\u00e9re szolg\u00e1l.\" \/>\n<meta name=\"robots\" content=\"index, follow, max-snippet:-1, max-image-preview:large, max-video-preview:-1\" \/>\n<link rel=\"canonical\" href=\"https:\/\/hu.andersen.com\/hu\/andersen-adoszotar\/szokasos-piaci-ar-elve\/\" \/>\n<meta property=\"og:locale\" content=\"hu_HU\" \/>\n<meta property=\"og:type\" content=\"article\" \/>\n<meta property=\"og:title\" content=\"Szok\u00e1sos piaci \u00e1r elve\" \/>\n<meta property=\"og:description\" content=\"A szok\u00e1sos piaci \u00e1r elve a kapcsolt v\u00e1llalkoz\u00e1sok k\u00f6z\u00f6tti tranzakci\u00f3k t\u00e1rsas\u00e1gi ad\u00f3z\u00e1si szempontb\u00f3l t\u00f6rt\u00e9n\u0151 \u00e9rt\u00e9kel\u00e9s\u00e9re szolg\u00e1l.\" \/>\n<meta property=\"og:url\" content=\"https:\/\/hu.andersen.com\/hu\/andersen-adoszotar\/szokasos-piaci-ar-elve\/\" \/>\n<meta property=\"og:site_name\" content=\"Andersen Magyarorsz\u00e1g\" \/>\n<meta property=\"article:modified_time\" content=\"2026-01-21T12:11:17+00:00\" \/>\n<meta name=\"twitter:card\" content=\"summary_large_image\" \/>\n<meta name=\"twitter:label1\" content=\"Becs\u00fclt olvas\u00e1si id\u0151\" \/>\n\t<meta name=\"twitter:data1\" content=\"8 perc\" \/>\n<script type=\"application\/ld+json\" class=\"yoast-schema-graph\">{\"@context\":\"https:\\\/\\\/schema.org\",\"@graph\":[{\"@type\":\"WebPage\",\"@id\":\"https:\\\/\\\/hu.andersen.com\\\/hu\\\/andersen-adoszotar\\\/szokasos-piaci-ar-elve\\\/\",\"url\":\"https:\\\/\\\/hu.andersen.com\\\/hu\\\/andersen-adoszotar\\\/szokasos-piaci-ar-elve\\\/\",\"name\":\"Szok\u00e1sos piaci \u00e1r elve - Andersen Ad\u00f3sz\u00f3t\u00e1r\",\"isPartOf\":{\"@id\":\"https:\\\/\\\/hu.andersen.com\\\/#website\"},\"datePublished\":\"2025-04-29T07:12:41+00:00\",\"dateModified\":\"2026-01-21T12:11:17+00:00\",\"description\":\"A szok\u00e1sos piaci \u00e1r elve a kapcsolt v\u00e1llalkoz\u00e1sok k\u00f6z\u00f6tti tranzakci\u00f3k t\u00e1rsas\u00e1gi ad\u00f3z\u00e1si szempontb\u00f3l t\u00f6rt\u00e9n\u0151 \u00e9rt\u00e9kel\u00e9s\u00e9re szolg\u00e1l.\",\"breadcrumb\":{\"@id\":\"https:\\\/\\\/hu.andersen.com\\\/hu\\\/andersen-adoszotar\\\/szokasos-piaci-ar-elve\\\/#breadcrumb\"},\"inLanguage\":\"hu\",\"potentialAction\":[{\"@type\":\"ReadAction\",\"target\":[\"https:\\\/\\\/hu.andersen.com\\\/hu\\\/andersen-adoszotar\\\/szokasos-piaci-ar-elve\\\/\"]}]},{\"@type\":\"BreadcrumbList\",\"@id\":\"https:\\\/\\\/hu.andersen.com\\\/hu\\\/andersen-adoszotar\\\/szokasos-piaci-ar-elve\\\/#breadcrumb\",\"itemListElement\":[{\"@type\":\"ListItem\",\"position\":1,\"name\":\"Kezd\u0151lap\",\"item\":\"https:\\\/\\\/hu.andersen.com\\\/hu\\\/\"},{\"@type\":\"ListItem\",\"position\":2,\"name\":\"Tax Guide\",\"item\":\"https:\\\/\\\/hu.andersen.com\\\/tax-guide\\\/\"},{\"@type\":\"ListItem\",\"position\":3,\"name\":\"Szok\u00e1sos piaci \u00e1r elve\"}]},{\"@type\":\"WebSite\",\"@id\":\"https:\\\/\\\/hu.andersen.com\\\/#website\",\"url\":\"https:\\\/\\\/hu.andersen.com\\\/\",\"name\":\"Andersen In Hungary\",\"description\":\"Ad\u00f3tan\u00e1csad\u00e1s \u00e9s jogi tan\u00e1csad\u00e1s\",\"potentialAction\":[{\"@type\":\"SearchAction\",\"target\":{\"@type\":\"EntryPoint\",\"urlTemplate\":\"https:\\\/\\\/hu.andersen.com\\\/?s={search_term_string}\"},\"query-input\":{\"@type\":\"PropertyValueSpecification\",\"valueRequired\":true,\"valueName\":\"search_term_string\"}}],\"inLanguage\":\"hu\"}]}<\/script>\n<!-- \/ Yoast SEO Premium plugin. -->","yoast_head_json":{"title":"Szok\u00e1sos piaci \u00e1r elve - Andersen Ad\u00f3sz\u00f3t\u00e1r","description":"A szok\u00e1sos piaci \u00e1r elve a kapcsolt v\u00e1llalkoz\u00e1sok k\u00f6z\u00f6tti tranzakci\u00f3k t\u00e1rsas\u00e1gi ad\u00f3z\u00e1si szempontb\u00f3l t\u00f6rt\u00e9n\u0151 \u00e9rt\u00e9kel\u00e9s\u00e9re szolg\u00e1l.","robots":{"index":"index","follow":"follow","max-snippet":"max-snippet:-1","max-image-preview":"max-image-preview:large","max-video-preview":"max-video-preview:-1"},"canonical":"https:\/\/hu.andersen.com\/hu\/andersen-adoszotar\/szokasos-piaci-ar-elve\/","og_locale":"hu_HU","og_type":"article","og_title":"Szok\u00e1sos piaci \u00e1r elve","og_description":"A szok\u00e1sos piaci \u00e1r elve a kapcsolt v\u00e1llalkoz\u00e1sok k\u00f6z\u00f6tti tranzakci\u00f3k t\u00e1rsas\u00e1gi ad\u00f3z\u00e1si szempontb\u00f3l t\u00f6rt\u00e9n\u0151 \u00e9rt\u00e9kel\u00e9s\u00e9re szolg\u00e1l.","og_url":"https:\/\/hu.andersen.com\/hu\/andersen-adoszotar\/szokasos-piaci-ar-elve\/","og_site_name":"Andersen Magyarorsz\u00e1g","article_modified_time":"2026-01-21T12:11:17+00:00","twitter_card":"summary_large_image","twitter_misc":{"Becs\u00fclt olvas\u00e1si id\u0151":"8 perc"},"schema":{"@context":"https:\/\/schema.org","@graph":[{"@type":"WebPage","@id":"https:\/\/hu.andersen.com\/hu\/andersen-adoszotar\/szokasos-piaci-ar-elve\/","url":"https:\/\/hu.andersen.com\/hu\/andersen-adoszotar\/szokasos-piaci-ar-elve\/","name":"Szok\u00e1sos piaci \u00e1r elve - Andersen Ad\u00f3sz\u00f3t\u00e1r","isPartOf":{"@id":"https:\/\/hu.andersen.com\/#website"},"datePublished":"2025-04-29T07:12:41+00:00","dateModified":"2026-01-21T12:11:17+00:00","description":"A szok\u00e1sos piaci \u00e1r elve a kapcsolt v\u00e1llalkoz\u00e1sok k\u00f6z\u00f6tti tranzakci\u00f3k t\u00e1rsas\u00e1gi ad\u00f3z\u00e1si szempontb\u00f3l t\u00f6rt\u00e9n\u0151 \u00e9rt\u00e9kel\u00e9s\u00e9re szolg\u00e1l.","breadcrumb":{"@id":"https:\/\/hu.andersen.com\/hu\/andersen-adoszotar\/szokasos-piaci-ar-elve\/#breadcrumb"},"inLanguage":"hu","potentialAction":[{"@type":"ReadAction","target":["https:\/\/hu.andersen.com\/hu\/andersen-adoszotar\/szokasos-piaci-ar-elve\/"]}]},{"@type":"BreadcrumbList","@id":"https:\/\/hu.andersen.com\/hu\/andersen-adoszotar\/szokasos-piaci-ar-elve\/#breadcrumb","itemListElement":[{"@type":"ListItem","position":1,"name":"Kezd\u0151lap","item":"https:\/\/hu.andersen.com\/hu\/"},{"@type":"ListItem","position":2,"name":"Tax Guide","item":"https:\/\/hu.andersen.com\/tax-guide\/"},{"@type":"ListItem","position":3,"name":"Szok\u00e1sos piaci \u00e1r elve"}]},{"@type":"WebSite","@id":"https:\/\/hu.andersen.com\/#website","url":"https:\/\/hu.andersen.com\/","name":"Andersen In Hungary","description":"Ad\u00f3tan\u00e1csad\u00e1s \u00e9s jogi tan\u00e1csad\u00e1s","potentialAction":[{"@type":"SearchAction","target":{"@type":"EntryPoint","urlTemplate":"https:\/\/hu.andersen.com\/?s={search_term_string}"},"query-input":{"@type":"PropertyValueSpecification","valueRequired":true,"valueName":"search_term_string"}}],"inLanguage":"hu"}]}},"_links":{"self":[{"href":"https:\/\/hu.andersen.com\/hu\/wp-json\/wp\/v2\/tax-guide\/13012","targetHints":{"allow":["GET"]}}],"collection":[{"href":"https:\/\/hu.andersen.com\/hu\/wp-json\/wp\/v2\/tax-guide"}],"about":[{"href":"https:\/\/hu.andersen.com\/hu\/wp-json\/wp\/v2\/types\/tax-guide"}],"version-history":[{"count":12,"href":"https:\/\/hu.andersen.com\/hu\/wp-json\/wp\/v2\/tax-guide\/13012\/revisions"}],"predecessor-version":[{"id":14969,"href":"https:\/\/hu.andersen.com\/hu\/wp-json\/wp\/v2\/tax-guide\/13012\/revisions\/14969"}],"wp:attachment":[{"href":"https:\/\/hu.andersen.com\/hu\/wp-json\/wp\/v2\/media?parent=13012"}],"curies":[{"name":"wp","href":"https:\/\/api.w.org\/{rel}","templated":true}]}}