{"id":13620,"date":"2025-07-24T19:31:41","date_gmt":"2025-07-24T17:31:41","guid":{"rendered":"https:\/\/hu.andersen.com\/?post_type=tax-guide&#038;p=13620"},"modified":"2025-07-24T19:32:53","modified_gmt":"2025-07-24T17:32:53","slug":"korforgasos-termekek","status":"publish","type":"tax-guide","link":"https:\/\/hu.andersen.com\/hu\/andersen-adoszotar\/korforgasos-termekek\/","title":{"rendered":"K\u00f6rforg\u00e1sos term\u00e9kek (EPR)"},"content":{"rendered":"\n<p><strong>2023 j\u00falius\u00e1t\u00f3l az eur\u00f3pai uni\u00f3s hullad\u00e9kgazd\u00e1lkod\u00e1si ir\u00e1nyelvekkel \u00f6sszhangban egyes term\u00e9kek k\u00f6rforg\u00e1sos hullad\u00e9kkezel\u00e9s\u00e9nek k\u00f6lts\u00e9gei\u00e9rt Magyarorsz\u00e1gon is a gy\u00e1rt\u00f3k felel\u0151sek. Ezen kiterjesztett gy\u00e1rt\u00f3i felel\u0151ss\u00e9g (a tov\u00e1bbiakban: EPR) al\u00e1 tartoz\u00f3 term\u00e9keket nevezz\u00fck k\u00f6rforg\u00e1sos term\u00e9keknek.<\/strong><\/p>\n\n\n\n<h2 class=\"wp-block-heading has-text-color has-link-color has-medium-font-size wp-elements-aec1307ca699602856e1c68d5e6b4436\" id=\"h-uton-a-korforgasos-gazdasag-megvalositasa-fele\" style=\"color:#7d1414\"><strong>\u00daton a k\u00f6rforg\u00e1sos gazdas\u00e1g megval\u00f3s\u00edt\u00e1sa fel\u00e9<\/strong><\/h2>\n\n\n\n<p>Az elm\u00falt \u00e9vtizedekben elk\u00e9peszt\u0151 m\u00e9rt\u00e9kben megn\u0151tt a h\u00e1ztart\u00e1sok, a k\u00fcl\u00f6nb\u00f6z\u0151 int\u00e9zm\u00e9nyek \u00e9s az ipari szerepl\u0151k \u00e1ltal termelt hullad\u00e9k mennyis\u00e9ge (az uni\u00f3 ter\u00fclet\u00e9n ez \u00e9vente meghaladja a 2 milli\u00e1rd tonn\u00e1t). \u00dajrafelhaszn\u00e1l\u00e1s, \u00fajrafeldolgoz\u00e1s, valamint lehet\u0151s\u00e9g szerint energetikai hasznos\u00edt\u00e1s hi\u00e1ny\u00e1ban ennek a hullad\u00e9knak a jelent\u0151s r\u00e9sze nem ker\u00fcl vissza a k\u00f6rforg\u00e1sba, ami egyre jelent\u0151sebb terhet r\u00f3 a k\u00f6rnyezetre. Ennek a tehernek a cs\u00f6kkent\u00e9se \u00e9rdek\u00e9ben az Eur\u00f3pai Uni\u00f3 kor\u00e1bban ambici\u00f3zus c\u00e9lokat fogadott el a hullad\u00e9kok \u00fajrahasznos\u00edt\u00e1sa \u00e9s kezel\u00e9se ter\u00e9n. A kapcsol\u00f3d\u00f3 uni\u00f3s ir\u00e1nyelvek egy fenntarthat\u00f3, k\u00f6rk\u00f6r\u00f6s (k\u00f6rforg\u00e1sos) gazdas\u00e1g megval\u00f3s\u00edt\u00e1s\u00e1t t\u00e1mogatj\u00e1k.<\/p>\n\n\n\n<h2 class=\"wp-block-heading has-text-color has-link-color has-medium-font-size wp-elements-63a8cf75b58553fd2cca5a3c81fd8865\" id=\"h-az-epr-rendszer-es-a-korforgasos-termekek\" style=\"color:#7d1414\"><strong>Az EPR-rendszer \u00e9s a k\u00f6rforg\u00e1sos term\u00e9kek<\/strong><\/h2>\n\n\n\n<p>Az el\u0151z\u0151 bekezd\u00e9sben v\u00e1zolt t\u00f6rekv\u00e9s h\u00edvta \u00e9letre a kiterjesztett gy\u00e1rt\u00f3i felel\u0151ss\u00e9gi rendszert (EPR-rendszer), amely Magyarorsz\u00e1gon 2023. j\u00falius 1-j\u00e9n indult el. Ennek m\u0171k\u00f6d\u00e9s\u00e9t f\u0151szab\u00e1lyk\u00e9nt az \u00fan. <a href=\"https:\/\/hu.andersen.com\/hu\/hirek\/epr-rendelet-a-kiterjesztett-gyartoi-felelossegi-rendszer-reszletes-szabalyai\/\">EPR rendelet<\/a>, a 80\/2023. (III. 14.) sz\u00e1m\u00fa <a href=\"https:\/\/njt.hu\/jogszabaly\/2023-80-20-22\">korm\u00e1nyrendelet<\/a> szab\u00e1lyozza. Ez a rendelet vezette be a k\u00f6rforg\u00e1sos term\u00e9kek fogalm\u00e1t, amely b\u00e1r jelent\u0151s \u00e1tfed\u00e9sben van a kor\u00e1bbi term\u00e9kd\u00edjk\u00f6teles term\u00e9kekkel, azokhoz k\u00e9pest \u00fajakat is bevon a szab\u00e1lyoz\u00e1si k\u00f6rbe (pl. textilterm\u00e9kek \u00e9s fab\u00fatorok). Az EPR-rendszer a k\u00f6rforg\u00e1sos term\u00e9kekhez k\u00f6t\u0151d\u0151en vezet be \u00faj d\u00edjfizet\u00e9si k\u00f6telezetts\u00e9get \u00e9s jelent\u0151s adminisztr\u00e1ci\u00f3s terhet r\u00f3 az \u00e9rintettekre. Az EPR k\u00f6telezetts\u00e9g a term\u00e9kek hullad\u00e9k\u00e1ra, illetve az ezekkel kapcsolatos tev\u00e9kenys\u00e9gekre terjed ki.<\/p>\n\n\n\n<h2 class=\"wp-block-heading has-text-color has-link-color has-medium-font-size wp-elements-868cf88f17998926c7d1f212a31909da\" id=\"h-a-korforgasos-termekek-kore\" style=\"color:#7d1414\"><strong>A k\u00f6rforg\u00e1sos term\u00e9kek k\u00f6re<\/strong><\/h2>\n\n\n\n<p>Az EPR rendelet alapj\u00e1n az EPR rendszer hat\u00e1lya al\u00e1 tartoz\u00f3 k\u00f6rforg\u00e1sos term\u00e9kek az al\u00e1bbiak:<\/p>\n\n\n\n<ul class=\"wp-block-list\">\n<li>csomagol\u00e1sok,<\/li>\n\n\n\n<li>meghat\u00e1rozott egyszer haszn\u00e1latos \u00e9s egy\u00e9b m\u0171anyagterm\u00e9kek,<\/li>\n\n\n\n<li>elektromos \u00e9s elektronikus berendez\u00e9sek,<\/li>\n\n\n\n<li>elemek \u00e9s akkumul\u00e1torok,<\/li>\n\n\n\n<li>g\u00e9pj\u00e1rm\u0171vek,<\/li>\n\n\n\n<li>gumiabroncs,<\/li>\n\n\n\n<li>irodai pap\u00edr,<\/li>\n\n\n\n<li>rekl\u00e1mhordoz\u00f3 pap\u00edr,<\/li>\n\n\n\n<li>s\u00fct\u0151olaj \u00e9s -zs\u00edr,<\/li>\n\n\n\n<li>textil term\u00e9kek,<\/li>\n\n\n\n<li>f\u00e1b\u00f3l k\u00e9sz\u00fclt b\u00fatorok.<\/li>\n<\/ul>\n\n\n\n<p>Ahhoz, hogy a rendszer j\u00f3l m\u0171k\u00f6dhessen, minden k\u00f6rforg\u00e1sos term\u00e9ket egy \u00fagynevezett KF-k\u00f3ddal kell ell\u00e1tni, ami egy nyolcjegy\u0171 azonos\u00edt\u00f3. Ez nemcsak adminisztrat\u00edv sz\u00fcks\u00e9gszer\u0171s\u00e9g, hanem kulcsfontoss\u00e1g\u00fa ahhoz is, hogy nyomon lehessen k\u00f6vetni, h\u00e1ny ilyen term\u00e9k ker\u00fcl forgalomba, illetve azt is, hogy mi t\u00f6rt\u00e9nik vel\u00fck k\u00e9s\u0151bb.<\/p>\n\n\n\n<h2 class=\"wp-block-heading has-text-color has-link-color has-medium-font-size wp-elements-72347bff39d4117145afdaeb450040eb\" id=\"h-bucsu-a-kornyezetvedelmi-termekdijtol\" style=\"color:#7d1414\"><strong>B\u00facs\u00fa a k\u00f6rnyezetv\u00e9delmi term\u00e9kd\u00edjt\u00f3l<\/strong><\/h2>\n\n\n\n<p>A jogalkot\u00f3 felismerte, hogy az 1995 \u00f3ta m\u0171k\u00f6d\u0151 term\u00e9kd\u00edj-rendszert felesleges p\u00e1rhuzamosan m\u0171k\u00f6dtetni az EPR-rendszerrel, ez\u00e9rt a Parlament el\u00e9 2024 \u0151sz\u00e9n beterjesztett t\u00f6rv\u00e9nytervezet alapj\u00e1n 2025 janu\u00e1rj\u00e1t\u00f3l megsz\u00fcntette az olyan term\u00e9kek term\u00e9kd\u00edj-k\u00f6telezetts\u00e9g\u00e9t, amelyek egy\u00fattal EPR-k\u00f6telesek is. Ez jelent\u0151s v\u00e1ltoz\u00e1sokat hozott a v\u00e1llalkoz\u00e1sok sz\u00e1m\u00e1ra, a k\u00f6telezetts\u00e9g megsz\u00fcntet\u00e9se ugyanis egyszer\u0171s\u00edtette az adminisztr\u00e1ci\u00f3t.<\/p>\n\n\n\n<p>A <a href=\"https:\/\/hu.andersen.com\/hu\/andersen-adoszotar\/kornyezetvedelmi-termekdij\/\">k\u00f6rnyezetv\u00e9delmi term\u00e9kd\u00edj<\/a> int\u00e9zm\u00e9ny\u00e9nek fenntart\u00e1sa m\u00e1s okb\u00f3l is feleslegess\u00e9 v\u00e1lt. Az EPR-rendszer indul\u00e1s\u00e1val kiv\u00e1lasztott koncesszi\u00f3s t\u00e1rsas\u00e1g, a MOL MOHU Hullad\u00e9kgazd\u00e1lkod\u00e1si Zrt. ugyanis az EPR d\u00edjb\u00f3l finansz\u00edrozza hullad\u00e9khasznos\u00edt\u00e1si tev\u00e9kenys\u00e9g\u00e9t. Vagyis ez azt jelenti, hogy a kor\u00e1bbi term\u00e9kd\u00edj-rendszerb\u0151l erre m\u00e1r nem sz\u00fcks\u00e9ges fedezetet biztos\u00edtani.<\/p>\n\n\n\n<h2 class=\"wp-block-heading has-text-color has-link-color has-medium-font-size wp-elements-25f834287e2006d735679c7b42665ba5\" id=\"h-hogyan-segithet-onnek-az-andersen-a-korforgasos-termekek-kapcsan\" style=\"color:#7d1414\"><strong>Hogyan seg\u00edthet \u00d6nnek az Andersen a k\u00f6rforg\u00e1sos term\u00e9kek kapcs\u00e1n?<\/strong><\/h2>\n\n\n\n<p>Az Andersen Magyarorsz\u00e1g ad\u00f3szak\u00e9rt\u0151i \u00e1tfog\u00f3 t\u00e1mogat\u00e1st ny\u00fajtanak a negyed\u00e9ves EPR adatszolg\u00e1ltat\u00e1si k\u00f6telezetts\u00e9g teljes\u00edt\u00e9s\u00e9vel kapcsolatban az al\u00e1bbi szolg\u00e1ltat\u00e1sokon kereszt\u00fcl:<\/p>\n\n\n\n<ul class=\"wp-block-list\">\n<li>Az \u00e9rintetts\u00e9g felm\u00e9r\u00e9se: Teljesk\u00f6r\u0171 vizsg\u00e1latot v\u00e9gz\u00fcnk, hogy a v\u00e1llalatot \u00e9rinti-e az EPR, illetve amennyiben igen, mely term\u00e9keket esnek az EPR k\u00f6telezetts\u00e9g al\u00e1.<\/li>\n\n\n\n<li>Seg\u00edts\u00e9gny\u00fajt\u00e1s a regisztr\u00e1ci\u00f3 sor\u00e1n: T\u00e1mogat\u00e1st ny\u00fajtunk a t\u00e1rsas\u00e1g Korm\u00e1nyhivatal fel\u00e9 (az OKIRKapu fel\u00fclet\u00e9n), illetve a MOL MOHU (koncesszor) oldal\u00e1n t\u00f6rt\u00e9n\u0151 regisztr\u00e1ci\u00f3ja sor\u00e1n.<\/li>\n\n\n\n<li>A KF k\u00f3dok meghat\u00e1roz\u00e1sa: K\u00e9rd\u0151\u00edvet k\u00e9sz\u00edt\u00fcnk el\u0151, amely alapj\u00e1n meghat\u00e1rozzuk a k\u00f6rforg\u00e1sos term\u00e9kek KF k\u00f3dj\u00e1t.<\/li>\n\n\n\n<li>Elk\u00e9sz\u00edtj\u00fck \u00e9s ig\u00e9ny eset\u00e9n be is ny\u00fajtjuk a negyed\u00e9ves EPR adatszolg\u00e1ltat\u00e1sokat.<\/li>\n\n\n\n<li>Fel\u00fclvizsg\u00e1ljuk a negyed\u00e9ves adatszolg\u00e1ltat\u00e1s keret\u00e9ben beny\u00fajtand\u00f3 adatokat.<\/li>\n<\/ul>\n","protected":false},"excerpt":{"rendered":"<p>A k\u00f6rforg\u00e1sos term\u00e9kek k\u00f6r\u00e9be a kiterjesztett gy\u00e1rt\u00f3i felel\u0151ss\u00e9g (EPR &#8211; Extended Producer Responsibility) al\u00e1 tartoz\u00f3 term\u00e9keket soroljuk.<\/p>\n","protected":false},"featured_media":0,"parent":0,"menu_order":0,"template":"","meta":{"_acf_changed":false,"_genesis_hide_title":false,"_genesis_hide_breadcrumbs":false,"_genesis_hide_singular_image":false,"_genesis_hide_footer_widgets":false,"_genesis_custom_body_class":"","_genesis_custom_post_class":"","_genesis_layout":"","footnotes":""},"class_list":{"0":"post-13620","1":"tax-guide","2":"type-tax-guide","3":"status-publish","5":"entry"},"acf":[],"yoast_head":"<!-- This site is optimized with the Yoast SEO Premium plugin v27.4 (Yoast SEO v27.4) - https:\/\/yoast.com\/product\/yoast-seo-premium-wordpress\/ -->\n<title>K\u00f6rforg\u00e1sos term\u00e9kek - Andersen Ad\u00f3sz\u00f3t\u00e1r<\/title>\n<meta name=\"description\" content=\"A k\u00f6rforg\u00e1sos term\u00e9kek k\u00f6r\u00e9be a kiterjesztett gy\u00e1rt\u00f3i felel\u0151ss\u00e9g (EPR - Extended Producer Responsibility) al\u00e1 tartoz\u00f3 term\u00e9keket soroljuk.\" \/>\n<meta name=\"robots\" content=\"index, follow, max-snippet:-1, max-image-preview:large, max-video-preview:-1\" \/>\n<link rel=\"canonical\" href=\"https:\/\/hu.andersen.com\/hu\/andersen-adoszotar\/korforgasos-termekek\/\" \/>\n<meta property=\"og:locale\" content=\"hu_HU\" \/>\n<meta property=\"og:type\" content=\"article\" \/>\n<meta property=\"og:title\" content=\"K\u00f6rforg\u00e1sos term\u00e9kek (EPR)\" \/>\n<meta property=\"og:description\" content=\"A k\u00f6rforg\u00e1sos term\u00e9kek k\u00f6r\u00e9be a kiterjesztett gy\u00e1rt\u00f3i felel\u0151ss\u00e9g (EPR - Extended Producer Responsibility) al\u00e1 tartoz\u00f3 term\u00e9keket soroljuk.\" \/>\n<meta property=\"og:url\" content=\"https:\/\/hu.andersen.com\/hu\/andersen-adoszotar\/korforgasos-termekek\/\" \/>\n<meta property=\"og:site_name\" content=\"Andersen Magyarorsz\u00e1g\" \/>\n<meta property=\"article:modified_time\" content=\"2025-07-24T17:32:53+00:00\" \/>\n<meta name=\"twitter:card\" content=\"summary_large_image\" \/>\n<meta name=\"twitter:label1\" content=\"Becs\u00fclt olvas\u00e1si id\u0151\" \/>\n\t<meta name=\"twitter:data1\" content=\"4 perc\" \/>\n<script type=\"application\/ld+json\" class=\"yoast-schema-graph\">{\"@context\":\"https:\\\/\\\/schema.org\",\"@graph\":[{\"@type\":\"WebPage\",\"@id\":\"https:\\\/\\\/hu.andersen.com\\\/hu\\\/andersen-adoszotar\\\/korforgasos-termekek\\\/\",\"url\":\"https:\\\/\\\/hu.andersen.com\\\/hu\\\/andersen-adoszotar\\\/korforgasos-termekek\\\/\",\"name\":\"K\u00f6rforg\u00e1sos term\u00e9kek - Andersen Ad\u00f3sz\u00f3t\u00e1r\",\"isPartOf\":{\"@id\":\"https:\\\/\\\/hu.andersen.com\\\/#website\"},\"datePublished\":\"2025-07-24T17:31:41+00:00\",\"dateModified\":\"2025-07-24T17:32:53+00:00\",\"description\":\"A k\u00f6rforg\u00e1sos term\u00e9kek k\u00f6r\u00e9be a kiterjesztett gy\u00e1rt\u00f3i felel\u0151ss\u00e9g (EPR - Extended Producer Responsibility) al\u00e1 tartoz\u00f3 term\u00e9keket soroljuk.\",\"breadcrumb\":{\"@id\":\"https:\\\/\\\/hu.andersen.com\\\/hu\\\/andersen-adoszotar\\\/korforgasos-termekek\\\/#breadcrumb\"},\"inLanguage\":\"hu\",\"potentialAction\":[{\"@type\":\"ReadAction\",\"target\":[\"https:\\\/\\\/hu.andersen.com\\\/hu\\\/andersen-adoszotar\\\/korforgasos-termekek\\\/\"]}]},{\"@type\":\"BreadcrumbList\",\"@id\":\"https:\\\/\\\/hu.andersen.com\\\/hu\\\/andersen-adoszotar\\\/korforgasos-termekek\\\/#breadcrumb\",\"itemListElement\":[{\"@type\":\"ListItem\",\"position\":1,\"name\":\"Kezd\u0151lap\",\"item\":\"https:\\\/\\\/hu.andersen.com\\\/hu\\\/\"},{\"@type\":\"ListItem\",\"position\":2,\"name\":\"Tax Guide\",\"item\":\"https:\\\/\\\/hu.andersen.com\\\/tax-guide\\\/\"},{\"@type\":\"ListItem\",\"position\":3,\"name\":\"K\u00f6rforg\u00e1sos term\u00e9kek (EPR)\"}]},{\"@type\":\"WebSite\",\"@id\":\"https:\\\/\\\/hu.andersen.com\\\/#website\",\"url\":\"https:\\\/\\\/hu.andersen.com\\\/\",\"name\":\"Andersen In Hungary\",\"description\":\"Ad\u00f3tan\u00e1csad\u00e1s \u00e9s jogi tan\u00e1csad\u00e1s\",\"potentialAction\":[{\"@type\":\"SearchAction\",\"target\":{\"@type\":\"EntryPoint\",\"urlTemplate\":\"https:\\\/\\\/hu.andersen.com\\\/?s={search_term_string}\"},\"query-input\":{\"@type\":\"PropertyValueSpecification\",\"valueRequired\":true,\"valueName\":\"search_term_string\"}}],\"inLanguage\":\"hu\"}]}<\/script>\n<!-- \/ Yoast SEO Premium plugin. -->","yoast_head_json":{"title":"K\u00f6rforg\u00e1sos term\u00e9kek - Andersen Ad\u00f3sz\u00f3t\u00e1r","description":"A k\u00f6rforg\u00e1sos term\u00e9kek k\u00f6r\u00e9be a kiterjesztett gy\u00e1rt\u00f3i felel\u0151ss\u00e9g (EPR - Extended Producer Responsibility) al\u00e1 tartoz\u00f3 term\u00e9keket soroljuk.","robots":{"index":"index","follow":"follow","max-snippet":"max-snippet:-1","max-image-preview":"max-image-preview:large","max-video-preview":"max-video-preview:-1"},"canonical":"https:\/\/hu.andersen.com\/hu\/andersen-adoszotar\/korforgasos-termekek\/","og_locale":"hu_HU","og_type":"article","og_title":"K\u00f6rforg\u00e1sos term\u00e9kek (EPR)","og_description":"A k\u00f6rforg\u00e1sos term\u00e9kek k\u00f6r\u00e9be a kiterjesztett gy\u00e1rt\u00f3i felel\u0151ss\u00e9g (EPR - Extended Producer Responsibility) al\u00e1 tartoz\u00f3 term\u00e9keket soroljuk.","og_url":"https:\/\/hu.andersen.com\/hu\/andersen-adoszotar\/korforgasos-termekek\/","og_site_name":"Andersen Magyarorsz\u00e1g","article_modified_time":"2025-07-24T17:32:53+00:00","twitter_card":"summary_large_image","twitter_misc":{"Becs\u00fclt olvas\u00e1si id\u0151":"4 perc"},"schema":{"@context":"https:\/\/schema.org","@graph":[{"@type":"WebPage","@id":"https:\/\/hu.andersen.com\/hu\/andersen-adoszotar\/korforgasos-termekek\/","url":"https:\/\/hu.andersen.com\/hu\/andersen-adoszotar\/korforgasos-termekek\/","name":"K\u00f6rforg\u00e1sos term\u00e9kek - Andersen Ad\u00f3sz\u00f3t\u00e1r","isPartOf":{"@id":"https:\/\/hu.andersen.com\/#website"},"datePublished":"2025-07-24T17:31:41+00:00","dateModified":"2025-07-24T17:32:53+00:00","description":"A k\u00f6rforg\u00e1sos term\u00e9kek k\u00f6r\u00e9be a kiterjesztett gy\u00e1rt\u00f3i felel\u0151ss\u00e9g (EPR - Extended Producer Responsibility) al\u00e1 tartoz\u00f3 term\u00e9keket soroljuk.","breadcrumb":{"@id":"https:\/\/hu.andersen.com\/hu\/andersen-adoszotar\/korforgasos-termekek\/#breadcrumb"},"inLanguage":"hu","potentialAction":[{"@type":"ReadAction","target":["https:\/\/hu.andersen.com\/hu\/andersen-adoszotar\/korforgasos-termekek\/"]}]},{"@type":"BreadcrumbList","@id":"https:\/\/hu.andersen.com\/hu\/andersen-adoszotar\/korforgasos-termekek\/#breadcrumb","itemListElement":[{"@type":"ListItem","position":1,"name":"Kezd\u0151lap","item":"https:\/\/hu.andersen.com\/hu\/"},{"@type":"ListItem","position":2,"name":"Tax Guide","item":"https:\/\/hu.andersen.com\/tax-guide\/"},{"@type":"ListItem","position":3,"name":"K\u00f6rforg\u00e1sos term\u00e9kek (EPR)"}]},{"@type":"WebSite","@id":"https:\/\/hu.andersen.com\/#website","url":"https:\/\/hu.andersen.com\/","name":"Andersen In Hungary","description":"Ad\u00f3tan\u00e1csad\u00e1s \u00e9s jogi tan\u00e1csad\u00e1s","potentialAction":[{"@type":"SearchAction","target":{"@type":"EntryPoint","urlTemplate":"https:\/\/hu.andersen.com\/?s={search_term_string}"},"query-input":{"@type":"PropertyValueSpecification","valueRequired":true,"valueName":"search_term_string"}}],"inLanguage":"hu"}]}},"_links":{"self":[{"href":"https:\/\/hu.andersen.com\/hu\/wp-json\/wp\/v2\/tax-guide\/13620","targetHints":{"allow":["GET"]}}],"collection":[{"href":"https:\/\/hu.andersen.com\/hu\/wp-json\/wp\/v2\/tax-guide"}],"about":[{"href":"https:\/\/hu.andersen.com\/hu\/wp-json\/wp\/v2\/types\/tax-guide"}],"version-history":[{"count":2,"href":"https:\/\/hu.andersen.com\/hu\/wp-json\/wp\/v2\/tax-guide\/13620\/revisions"}],"predecessor-version":[{"id":13622,"href":"https:\/\/hu.andersen.com\/hu\/wp-json\/wp\/v2\/tax-guide\/13620\/revisions\/13622"}],"wp:attachment":[{"href":"https:\/\/hu.andersen.com\/hu\/wp-json\/wp\/v2\/media?parent=13620"}],"curies":[{"name":"wp","href":"https:\/\/api.w.org\/{rel}","templated":true}]}}