{"id":14057,"date":"2025-09-23T16:05:22","date_gmt":"2025-09-23T14:05:22","guid":{"rendered":"https:\/\/hu.andersen.com\/?post_type=tax-guide&#038;p=14057"},"modified":"2025-12-09T10:12:47","modified_gmt":"2025-12-09T09:12:47","slug":"afa-csoport","status":"publish","type":"tax-guide","link":"https:\/\/hu.andersen.com\/hu\/andersen-adoszotar\/afa-csoport\/","title":{"rendered":"\u00c1fa csoport (csoportos ad\u00f3alanyis\u00e1g)"},"content":{"rendered":"\n<p><strong>Az \u00e1fa csoport (csoportos ad\u00f3alanys\u00e1g vagy csoportos \u00e1fa alanyis\u00e1g) l\u00e9trehoz\u00e1sa a<a href=\"https:\/\/njt.hu\/jogszabaly\/2007-127-00-00\">z <em>\u00e1ltal\u00e1nos forgalmi ad\u00f3r\u00f3l sz\u00f3l\u00f3 2007. \u00e9vi CXXVII. t\u00f6rv\u00e9ny<\/em><\/a> (a tov\u00e1bbiakban: \u00c1fa tv.) 8. \u00a7-a \u00e1ltal biztos\u00edtott lehet\u0151s\u00e9g belf\u00f6ld\u00f6n letelepedett \u00e9s egy\u00fcttesen kapcsolt v\u00e1llalkoz\u00e1soknak, amely gondos tervez\u00e9s mellett az \u00e1fa szempont\u00fa ad\u00f3k\u00f6telezetts\u00e9gek optimaliz\u00e1l\u00e1s\u00e1t seg\u00edtheti el\u0151.<\/strong><\/p>\n\n\n\n<h2 class=\"wp-block-heading has-text-color has-link-color has-medium-font-size wp-elements-ba8c6eea3e91fb1f350097ea5918faac\" id=\"h-afa-csoport-letrehozasa\" style=\"color:#822020\"><strong>\u00c1fa csoport l\u00e9trehoz\u00e1sa<\/strong><\/h2>\n\n\n\n<p>\u00c1fa csoport az ad\u00f3hat\u00f3s\u00e1ghoz beny\u00fajtott, a leend\u0151 tagok k\u00f6z\u00f6s, kifejezett \u00e9s egybehangz\u00f3 \u00edr\u00e1sos k\u00e9relme \u00fatj\u00e1n az ad\u00f3hat\u00f3s\u00e1gi enged\u00e9lyez\u00e9s\u00e9t k\u00f6vet\u0151en j\u00f6n l\u00e9tre a k\u00e9relemben megjel\u00f6lt id\u0151pontban, de legkor\u00e1bban az enged\u00e9ly v\u00e9glegess\u00e9 v\u00e1l\u00e1sa napj\u00e1n.<\/p>\n\n\n\n<p>A k\u00e9relemben ki kell jel\u00f6lni a tagok k\u00f6z\u00fcl a csoportk\u00e9pvisel\u0151t, aki a csoport \u00e1fa szempont\u00fa \u00fcgyeinek vitel\u00e9t v\u00e1llalja a j\u00f6v\u0151re n\u00e9zve, vagyis:<\/p>\n\n\n\n<ul class=\"wp-block-list\">\n<li>kapcsolatot tart az ad\u00f3hat\u00f3s\u00e1ggal,<\/li>\n\n\n\n<li>vezeti az \u00e1fa csoport nyilv\u00e1ntart\u00e1sait,<\/li>\n\n\n\n<li>elk\u00e9sz\u00edti a csoport \u00e1fa-bevall\u00e1sait,<\/li>\n\n\n\n<li>vezeti foly\u00f3sz\u00e1ml\u00e1jukat, illetve<\/li>\n\n\n\n<li>elsz\u00e1mol a tagokkal.<\/li>\n<\/ul>\n\n\n\n<h2 class=\"wp-block-heading has-text-color has-link-color has-medium-font-size wp-elements-c4a39d5ccbe2bb591651b217e96f23f1\" id=\"h-az-afa-csoport-letrehozasanak-kovetkezmenyei\" style=\"color:#822020\"><strong>Az \u00e1fa csoport l\u00e9trehoz\u00e1s\u00e1nak k\u00f6vetkezm\u00e9nyei<\/strong><\/h2>\n\n\n\n<p>A csoporttagok a megalakul\u00e1st\u00f3l sz\u00e1m\u00edtott 30 napon bel\u00fcl k\u00f6telesek soron k\u00edv\u00fcli \u00e1fa-bevall\u00e1st beny\u00fajtani. Az \u00e1fa csoport l\u00e9trehoz\u00e1s\u00e1val egyidej\u0171leg a tagok egyedi \u00e1fa ad\u00f3alanyis\u00e1ga megsz\u0171nik, \u00edgy ezt k\u00f6vet\u0151en egy\u00fcttesen min\u0151s\u00fclnek egy \u00e1fa ad\u00f3alanynak.<\/p>\n\n\n\n<p>Az \u00e1fa csoport nem rendelkezik jogk\u00e9pess\u00e9ggel, \u00edgy a tagok tov\u00e1bbra is saj\u00e1t nev\u00fckben j\u00e1rnak el, l\u00e9pnek szerz\u0151d\u00e9ses kapcsolatba harmadik szem\u00e9lyekkel, illetve bocs\u00e1tanak ki sz\u00e1ml\u00e1t, melyen viszont a csoportazonos\u00edt\u00f3 sz\u00e1mot is fel kell t\u00fcntetni (a saj\u00e1t ad\u00f3sz\u00e1m felt\u00fcntet\u00e9se opcion\u00e1lis, de aj\u00e1nlott). A csoport tagjai \u00e1ltal befogadott sz\u00e1ml\u00e1kra akkor lehet levon\u00e1si jogot alap\u00edtani, ha azokon szerepel a csoportazonos\u00edt\u00f3 sz\u00e1m, melyr\u0151l a sz\u00e1mlakibocs\u00e1t\u00f3t a vev\u0151nek kell megel\u0151z\u0151en t\u00e1j\u00e9koztatnia.<\/p>\n\n\n\n<p>A csoporttagok egym\u00e1s k\u00f6z\u00f6tti \u00fcgyletei nem tartoznak az \u00c1fa tv. hat\u00e1lya al\u00e1, \u00edgy azok kapcs\u00e1n \u00e1fa felsz\u00e1m\u00edt\u00e1si k\u00f6telezetts\u00e9g nem keletkezik, \u00edgy elegend\u0151 r\u00f3luk sz\u00e1mviteli bizonylat ki\u00e1ll\u00edt\u00e1sa.<\/p>\n\n\n\n<h2 class=\"wp-block-heading has-text-color has-link-color has-medium-font-size wp-elements-6faff76fea57580db66d4bdfac0c2514\" id=\"h-gyakorlati-megfontolasok-az-afa-csoport-bevezetesenek-elonyei\" style=\"color:#822020\"><strong>Gyakorlati megfontol\u00e1sok \u2013 Az \u00e1fa csoport bevezet\u00e9s\u00e9nek el\u0151nyei<\/strong><\/h2>\n\n\n\n<p>Az al\u00e1bbiakban a legfontosabb el\u0151ny\u00f6ket soroljuk fel v\u00e1zlatosan:<\/p>\n\n\n\n<ul class=\"wp-block-list\">\n<li>Nem kell k\u00fcl\u00f6n-k\u00fcl\u00f6n \u00e1fa-bevall\u00e1st k\u00e9sz\u00edteni, hanem id\u0151szakonk\u00e9nt egy bevall\u00e1st kell beny\u00fajtani a csoportk\u00e9pvisel\u0151 \u00e1ltal, mely \u00f6sszes\u00edtve tartalmazza a csoporttagok fizetend\u0151, illetve levonhat\u00f3 \u00e1f\u00e1j\u00e1t is.<\/li>\n\n\n\n<li>Nem sz\u00fcks\u00e9ges egyenk\u00e9nt vizsg\u00e1lni a tagok \u00e1fast\u00e1tusz\u00e1t. Az \u00e1falevon\u00e1si jog \u00e9s annak a terjedelme a csoporton k\u00edv\u00fclre (harmadik felek fel\u00e9) v\u00e9gzett tev\u00e9kenys\u00e9gek jelleg\u00e9t\u0151l f\u00fcgg, \u00edgy gondos tervez\u00e9s mellett a csoport levon\u00e1si joga magasabb is lehet, mint kor\u00e1bban a tagok\u00e9.<\/li>\n\n\n\n<li>Az egym\u00e1s k\u00f6z\u00f6tti \u00fcgyletek kapcs\u00e1n \u00e1fafizet\u00e9si k\u00f6telezetts\u00e9g nem mer\u00fcl fel, \u00edgy azt meg sem kell finansz\u00edrozni a k\u00f6lts\u00e9gvet\u00e9s fel\u00e9. Ez likvidit\u00e1si el\u0151nyt jelenthet az \u00e1fa csoport sz\u00e1m\u00e1ra.<\/li>\n<\/ul>\n\n\n\n<h2 class=\"wp-block-heading has-text-color has-link-color has-medium-font-size wp-elements-cbc275d8395626e204df95d0ad7ee5fc\" id=\"h-specialis-rendelkezesek-a-csoportos-afaalanyisag-kapcsan\" style=\"color:#822020\"><strong>Speci\u00e1lis rendelkez\u00e9sek a csoportos \u00e1faalanyis\u00e1g kapcs\u00e1n<\/strong><\/h2>\n\n\n\n<ul class=\"wp-block-list\">\n<li>Egy ad\u00f3alany kiz\u00e1r\u00f3lag egy csoport tagja lehet.<\/li>\n\n\n\n<li>Az ad\u00f3hat\u00f3s\u00e1g nem enged\u00e9lyezhet fizet\u00e9si k\u00f6nny\u00edt\u00e9st a csoport fenn\u00e1ll\u00e1s\u00e1nak id\u0151szak\u00e1ban.<\/li>\n\n\n\n<li>Ha legal\u00e1bb egy tag kock\u00e1zatos ad\u00f3z\u00f3nak min\u0151s\u00fcl, akkor az \u00e1fa csoport is kock\u00e1zatos ad\u00f3z\u00f3k\u00e9nt kezelend\u0151. Megb\u00edzhat\u00f3 ad\u00f3z\u00f3nak pedig csak akkor min\u0151s\u00fclhet, ha minden tag \u00f6n\u00e1ll\u00f3an teljes\u00edti ennek felt\u00e9teleit.<\/li>\n\n\n\n<li>A csoport megsz\u0171nik, ha b\u00e1rmely tag kapcs\u00e1n nem teljes\u00fclnek a bemeneti felt\u00e9telek (ad\u00f3alanyis\u00e1g megl\u00e9te, belf\u00f6ldi gazdas\u00e1gi c\u00e9l\u00fa letelepedetts\u00e9g, illetve kapcsolt v\u00e1llalkoz\u00e1si viszony fenn\u00e1ll\u00e1sa). Az \u00e1fa csoportra vonatkoz\u00f3 enged\u00e9ly visszavon\u00e1s\u00e1ra sor ker\u00fclhet a csoportk\u00e9pvisel\u0151, vagy b\u00e1rmely csoporttag k\u00e9relm\u00e9re, illetve az ad\u00f3hat\u00f3s\u00e1g hivatalb\u00f3l indul\u00f3 elj\u00e1r\u00e1sa k\u00f6vetkezt\u00e9ben.<\/li>\n\n\n\n<li>Megsz\u0171n\u00e9s eset\u00e9n a csoportk\u00e9pvisel\u0151nek az \u00e1fa csoportra vonatkoz\u00f3 soron k\u00edv\u00fcli \u00e1fa-bevall\u00e1st kell beny\u00fajtania.<\/li>\n<\/ul>\n\n\n\n<h2 class=\"wp-block-heading has-text-color has-link-color has-medium-font-size wp-elements-0c159db024d54c2512ead6665e20b140\" id=\"h-hogyan-segithet-onnek-az-andersen-magyarorszag\" style=\"color:#822020\"><strong>Hogyan seg\u00edthet \u00d6nnek az Andersen Magyarorsz\u00e1g?<\/strong><\/h2>\n\n\n\n<p>Az ad\u00f3szak\u00e9rt\u0151ink \u00e1ltal ny\u00fajtott szolg\u00e1ltat\u00e1sokat az al\u00e1bbiakban szedt\u00fck \u00f6ssze:<\/p>\n\n\n\n<ul class=\"wp-block-list\">\n<li>Teljes k\u00f6r\u0171 t\u00e1mogat\u00e1s \u00e1fa csoport kialak\u00edt\u00e1sa sor\u00e1n, illetve a l\u00e9trej\u00f6tt\u00e9t k\u00f6vet\u0151en:<ul><li>\u00e1ltal\u00e1nos tan\u00e1csad\u00e1s;<\/li><\/ul><ul><li>az \u00e1fa csoport l\u00e9trehoz\u00e1s\u00e1ra ir\u00e1nyul\u00f3 k\u00e9relem el\u0151k\u00e9sz\u00edt\u00e9se, beny\u00fajt\u00e1sa;<\/li><\/ul><ul><li>nyilv\u00e1ntart\u00e1si rendszer bemutat\u00e1sa;<\/li><\/ul>\n<ul class=\"wp-block-list\">\n<li>\u00e1faar\u00e1nyos\u00edt\u00e1ssal kapcsolatos megfontol\u00e1sok, m\u00f3dszertani aj\u00e1nl\u00e1sok, mintasz\u00e1m\u00edt\u00e1sok k\u00e9sz\u00edt\u00e9se.<\/li>\n<\/ul>\n<\/li>\n\n\n\n<li>A hat\u00e1rokon \u00e1tny\u00fal\u00f3 \u00fcgyletek \u00e1fa-k\u00f6vetkezm\u00e9nyeinek meghat\u00e1roz\u00e1sa.<\/li>\n\n\n\n<li>Speci\u00e1lis \u00fcgyletek (pl. l\u00e1nc\u00fcgyletek, vev\u0151i k\u00e9szlet, saj\u00e1t \u00e1ru k\u00fclf\u00f6ldre mozgat\u00e1sa, bizom\u00e1nyosi konstrukci\u00f3k, b\u00e9rmunka, k\u00f6zvet\u00edtett szolg\u00e1ltat\u00e1sok, \u00fczlet\u00e1g\u00e1tad\u00e1s, garancia \u00fcgyek, engedm\u00e9nyek, rendezv\u00e9nyek, fi\u00f3kteleppel\/telephellyel folytatott \u00fcgyletek) \u00e1fa kezel\u00e9s\u00e9nek meghat\u00e1roz\u00e1sa.<\/li>\n\n\n\n<li>A kell\u0151 k\u00f6r\u00fcltekint\u00e9s k\u00f6vetelm\u00e9nyeinek val\u00f3 megfelel\u00e9s vizsg\u00e1lata ad\u00f3mentess\u00e9g \u00e9s \u00e1fa levon\u00e1si jog \u00e9rv\u00e9nyes\u00edthet\u0151s\u00e9ge \u00e9rdek\u00e9ben, dokument\u00e1ci\u00f3 ellen\u0151rz\u00e9se, bels\u0151 szab\u00e1lyzat kidolgoz\u00e1sa.<\/li>\n\n\n\n<li>Tan\u00e1csad\u00e1s sz\u00e1ml\u00e1z\u00e1ssal, sz\u00e1ml\u00e1z\u00e1si szoftver-k\u00f6vetelm\u00e9nyekkel, e-sz\u00e1ml\u00e1z\u00e1ssal kapcsolatban.<\/li>\n\n\n\n<li>A k\u00fclf\u00f6ldi v\u00e1llalkoz\u00e1sok magyar \u00e1fa-k\u00f6telezetts\u00e9geinek meghat\u00e1roz\u00e1sa; seg\u00edts\u00e9g ny\u00fajt\u00e1s \u00e1fa-regisztr\u00e1ci\u00f3ban, az \u00e1fa visszaig\u00e9nyl\u00e9s\u00e9ben, \u00e1fa telephely keletkez\u00e9s\u00e9nek vizsg\u00e1lata.<\/li>\n\n\n\n<li>Ingatlanokkal kapcsolatos tranzakci\u00f3k ad\u00f3\u00fcgyi k\u00f6vetkezm\u00e9nyeinek vizsg\u00e1lata (<a href=\"https:\/\/hu.andersen.com\/hu\/andersen-adoszotar\/forditott-afa-forditott-adozas\/\">ford\u00edtott ad\u00f3z\u00e1s<\/a> alkalmazhat\u00f3s\u00e1ga, r\u00e9szfizet\u00e9sek kezel\u00e9se, teljes\u00edt\u00e9si hely meghat\u00e1roz\u00e1sa).<\/li>\n\n\n\n<li>\u00c1fa szempont\u00fa \u00e1tvil\u00e1g\u00edt\u00e1s: a kock\u00e1zatok \u00e9s a megtakar\u00edt\u00e1si lehet\u0151s\u00e9gek kisz\u0171r\u00e9se az \u00e1fa rendszer tranzakci\u00f3 \u00e9s\/vagy dokumentum alap\u00fa vizsg\u00e1lat\u00e1val.<\/li>\n\n\n\n<li>\u00c1fa-bevall\u00e1sok \u00e1ttekint\u00e9se \u00e9s seg\u00edts\u00e9gny\u00fajt\u00e1s az \u00f6nellen\u0151rz\u00e9sek v\u00e9grehajt\u00e1s\u00e1ban.<\/li>\n\n\n\n<li>Az \u00fcgyf\u00e9l k\u00e9pviselete, seg\u00edts\u00e9gny\u00fajt\u00e1s az ad\u00f3vizsg\u00e1latok, kiutal\u00e1s el\u0151tti ellen\u0151rz\u00e9sek sor\u00e1n.<\/li>\n\n\n\n<li>A fenti t\u00e9m\u00e1khoz kapcsol\u00f3d\u00f3 EU-s jogesetek \u00e9rtelmez\u00e9se, alkalmazhat\u00f3s\u00e1g\u00e1nak vizsg\u00e1lata.<\/li>\n\n\n\n<li><a href=\"https:\/\/hu.andersen.com\/hu\/adotanacsadas-szolgaltatas\/altalanos-forgalmi-ado\/eafa-bevallas\/\">e\u00c1FA-bevall\u00e1sok kapcs\u00e1n ny\u00fajtott szolg\u00e1ltat\u00e1saink<\/a><\/li>\n<\/ul>\n","protected":false},"excerpt":{"rendered":"<p>Az \u00e1fa csoport l\u00e9trehoz\u00e1sa az \u00e1fa t\u00f6rv\u00e9ny \u00e1ltal biztos\u00edtott lehet\u0151s\u00e9g az \u00e1fa szempont\u00fa ad\u00f3k\u00f6telezetts\u00e9gek optimaliz\u00e1l\u00e1s\u00e1ra.<\/p>\n","protected":false},"featured_media":0,"parent":0,"menu_order":0,"template":"","meta":{"_acf_changed":false,"_genesis_hide_title":false,"_genesis_hide_breadcrumbs":false,"_genesis_hide_singular_image":false,"_genesis_hide_footer_widgets":false,"_genesis_custom_body_class":"","_genesis_custom_post_class":"","_genesis_layout":"","footnotes":""},"class_list":{"0":"post-14057","1":"tax-guide","2":"type-tax-guide","3":"status-publish","5":"entry"},"acf":[],"yoast_head":"<!-- This site is optimized with the Yoast SEO Premium plugin v27.4 (Yoast SEO v27.4) - https:\/\/yoast.com\/product\/yoast-seo-premium-wordpress\/ -->\n<title>\u00c1fa csoport (csoportos ad\u00f3alanyis\u00e1g) - Andersen Ad\u00f3sz\u00f3t\u00e1r<\/title>\n<meta name=\"description\" content=\"Az \u00e1fa csoport l\u00e9trehoz\u00e1sa az \u00e1fa t\u00f6rv\u00e9ny \u00e1ltal biztos\u00edtott lehet\u0151s\u00e9g az \u00e1fa szempont\u00fa ad\u00f3k\u00f6telezetts\u00e9gek optimaliz\u00e1l\u00e1s\u00e1ra.\" \/>\n<meta name=\"robots\" content=\"index, follow, max-snippet:-1, max-image-preview:large, max-video-preview:-1\" \/>\n<link rel=\"canonical\" href=\"https:\/\/hu.andersen.com\/hu\/andersen-adoszotar\/afa-csoport\/\" \/>\n<meta property=\"og:locale\" content=\"hu_HU\" \/>\n<meta property=\"og:type\" content=\"article\" \/>\n<meta property=\"og:title\" content=\"\u00c1fa csoport (csoportos ad\u00f3alanyis\u00e1g)\" \/>\n<meta property=\"og:description\" content=\"Az \u00e1fa csoport l\u00e9trehoz\u00e1sa az \u00e1fa t\u00f6rv\u00e9ny \u00e1ltal biztos\u00edtott lehet\u0151s\u00e9g az \u00e1fa szempont\u00fa ad\u00f3k\u00f6telezetts\u00e9gek optimaliz\u00e1l\u00e1s\u00e1ra.\" \/>\n<meta property=\"og:url\" content=\"https:\/\/hu.andersen.com\/hu\/andersen-adoszotar\/afa-csoport\/\" \/>\n<meta property=\"og:site_name\" content=\"Andersen Magyarorsz\u00e1g\" \/>\n<meta property=\"article:modified_time\" content=\"2025-12-09T09:12:47+00:00\" \/>\n<meta name=\"twitter:card\" content=\"summary_large_image\" \/>\n<meta name=\"twitter:label1\" content=\"Becs\u00fclt olvas\u00e1si id\u0151\" \/>\n\t<meta name=\"twitter:data1\" content=\"6 perc\" \/>\n<script type=\"application\/ld+json\" class=\"yoast-schema-graph\">{\"@context\":\"https:\\\/\\\/schema.org\",\"@graph\":[{\"@type\":\"WebPage\",\"@id\":\"https:\\\/\\\/hu.andersen.com\\\/hu\\\/andersen-adoszotar\\\/afa-csoport\\\/\",\"url\":\"https:\\\/\\\/hu.andersen.com\\\/hu\\\/andersen-adoszotar\\\/afa-csoport\\\/\",\"name\":\"\u00c1fa csoport (csoportos ad\u00f3alanyis\u00e1g) - Andersen Ad\u00f3sz\u00f3t\u00e1r\",\"isPartOf\":{\"@id\":\"https:\\\/\\\/hu.andersen.com\\\/#website\"},\"datePublished\":\"2025-09-23T14:05:22+00:00\",\"dateModified\":\"2025-12-09T09:12:47+00:00\",\"description\":\"Az \u00e1fa csoport l\u00e9trehoz\u00e1sa az \u00e1fa t\u00f6rv\u00e9ny \u00e1ltal biztos\u00edtott lehet\u0151s\u00e9g az \u00e1fa szempont\u00fa ad\u00f3k\u00f6telezetts\u00e9gek optimaliz\u00e1l\u00e1s\u00e1ra.\",\"breadcrumb\":{\"@id\":\"https:\\\/\\\/hu.andersen.com\\\/hu\\\/andersen-adoszotar\\\/afa-csoport\\\/#breadcrumb\"},\"inLanguage\":\"hu\",\"potentialAction\":[{\"@type\":\"ReadAction\",\"target\":[\"https:\\\/\\\/hu.andersen.com\\\/hu\\\/andersen-adoszotar\\\/afa-csoport\\\/\"]}]},{\"@type\":\"BreadcrumbList\",\"@id\":\"https:\\\/\\\/hu.andersen.com\\\/hu\\\/andersen-adoszotar\\\/afa-csoport\\\/#breadcrumb\",\"itemListElement\":[{\"@type\":\"ListItem\",\"position\":1,\"name\":\"Kezd\u0151lap\",\"item\":\"https:\\\/\\\/hu.andersen.com\\\/hu\\\/\"},{\"@type\":\"ListItem\",\"position\":2,\"name\":\"Tax Guide\",\"item\":\"https:\\\/\\\/hu.andersen.com\\\/tax-guide\\\/\"},{\"@type\":\"ListItem\",\"position\":3,\"name\":\"\u00c1fa csoport (csoportos ad\u00f3alanyis\u00e1g)\"}]},{\"@type\":\"WebSite\",\"@id\":\"https:\\\/\\\/hu.andersen.com\\\/#website\",\"url\":\"https:\\\/\\\/hu.andersen.com\\\/\",\"name\":\"Andersen In Hungary\",\"description\":\"Ad\u00f3tan\u00e1csad\u00e1s \u00e9s jogi tan\u00e1csad\u00e1s\",\"potentialAction\":[{\"@type\":\"SearchAction\",\"target\":{\"@type\":\"EntryPoint\",\"urlTemplate\":\"https:\\\/\\\/hu.andersen.com\\\/?s={search_term_string}\"},\"query-input\":{\"@type\":\"PropertyValueSpecification\",\"valueRequired\":true,\"valueName\":\"search_term_string\"}}],\"inLanguage\":\"hu\"}]}<\/script>\n<!-- \/ Yoast SEO Premium plugin. -->","yoast_head_json":{"title":"\u00c1fa csoport (csoportos ad\u00f3alanyis\u00e1g) - Andersen Ad\u00f3sz\u00f3t\u00e1r","description":"Az \u00e1fa csoport l\u00e9trehoz\u00e1sa az \u00e1fa t\u00f6rv\u00e9ny \u00e1ltal biztos\u00edtott lehet\u0151s\u00e9g az \u00e1fa szempont\u00fa ad\u00f3k\u00f6telezetts\u00e9gek optimaliz\u00e1l\u00e1s\u00e1ra.","robots":{"index":"index","follow":"follow","max-snippet":"max-snippet:-1","max-image-preview":"max-image-preview:large","max-video-preview":"max-video-preview:-1"},"canonical":"https:\/\/hu.andersen.com\/hu\/andersen-adoszotar\/afa-csoport\/","og_locale":"hu_HU","og_type":"article","og_title":"\u00c1fa csoport (csoportos ad\u00f3alanyis\u00e1g)","og_description":"Az \u00e1fa csoport l\u00e9trehoz\u00e1sa az \u00e1fa t\u00f6rv\u00e9ny \u00e1ltal biztos\u00edtott lehet\u0151s\u00e9g az \u00e1fa szempont\u00fa ad\u00f3k\u00f6telezetts\u00e9gek optimaliz\u00e1l\u00e1s\u00e1ra.","og_url":"https:\/\/hu.andersen.com\/hu\/andersen-adoszotar\/afa-csoport\/","og_site_name":"Andersen Magyarorsz\u00e1g","article_modified_time":"2025-12-09T09:12:47+00:00","twitter_card":"summary_large_image","twitter_misc":{"Becs\u00fclt olvas\u00e1si id\u0151":"6 perc"},"schema":{"@context":"https:\/\/schema.org","@graph":[{"@type":"WebPage","@id":"https:\/\/hu.andersen.com\/hu\/andersen-adoszotar\/afa-csoport\/","url":"https:\/\/hu.andersen.com\/hu\/andersen-adoszotar\/afa-csoport\/","name":"\u00c1fa csoport (csoportos ad\u00f3alanyis\u00e1g) - Andersen Ad\u00f3sz\u00f3t\u00e1r","isPartOf":{"@id":"https:\/\/hu.andersen.com\/#website"},"datePublished":"2025-09-23T14:05:22+00:00","dateModified":"2025-12-09T09:12:47+00:00","description":"Az \u00e1fa csoport l\u00e9trehoz\u00e1sa az \u00e1fa t\u00f6rv\u00e9ny \u00e1ltal biztos\u00edtott lehet\u0151s\u00e9g az \u00e1fa szempont\u00fa ad\u00f3k\u00f6telezetts\u00e9gek optimaliz\u00e1l\u00e1s\u00e1ra.","breadcrumb":{"@id":"https:\/\/hu.andersen.com\/hu\/andersen-adoszotar\/afa-csoport\/#breadcrumb"},"inLanguage":"hu","potentialAction":[{"@type":"ReadAction","target":["https:\/\/hu.andersen.com\/hu\/andersen-adoszotar\/afa-csoport\/"]}]},{"@type":"BreadcrumbList","@id":"https:\/\/hu.andersen.com\/hu\/andersen-adoszotar\/afa-csoport\/#breadcrumb","itemListElement":[{"@type":"ListItem","position":1,"name":"Kezd\u0151lap","item":"https:\/\/hu.andersen.com\/hu\/"},{"@type":"ListItem","position":2,"name":"Tax Guide","item":"https:\/\/hu.andersen.com\/tax-guide\/"},{"@type":"ListItem","position":3,"name":"\u00c1fa csoport (csoportos ad\u00f3alanyis\u00e1g)"}]},{"@type":"WebSite","@id":"https:\/\/hu.andersen.com\/#website","url":"https:\/\/hu.andersen.com\/","name":"Andersen In Hungary","description":"Ad\u00f3tan\u00e1csad\u00e1s \u00e9s jogi tan\u00e1csad\u00e1s","potentialAction":[{"@type":"SearchAction","target":{"@type":"EntryPoint","urlTemplate":"https:\/\/hu.andersen.com\/?s={search_term_string}"},"query-input":{"@type":"PropertyValueSpecification","valueRequired":true,"valueName":"search_term_string"}}],"inLanguage":"hu"}]}},"_links":{"self":[{"href":"https:\/\/hu.andersen.com\/hu\/wp-json\/wp\/v2\/tax-guide\/14057","targetHints":{"allow":["GET"]}}],"collection":[{"href":"https:\/\/hu.andersen.com\/hu\/wp-json\/wp\/v2\/tax-guide"}],"about":[{"href":"https:\/\/hu.andersen.com\/hu\/wp-json\/wp\/v2\/types\/tax-guide"}],"version-history":[{"count":3,"href":"https:\/\/hu.andersen.com\/hu\/wp-json\/wp\/v2\/tax-guide\/14057\/revisions"}],"predecessor-version":[{"id":14641,"href":"https:\/\/hu.andersen.com\/hu\/wp-json\/wp\/v2\/tax-guide\/14057\/revisions\/14641"}],"wp:attachment":[{"href":"https:\/\/hu.andersen.com\/hu\/wp-json\/wp\/v2\/media?parent=14057"}],"curies":[{"name":"wp","href":"https:\/\/api.w.org\/{rel}","templated":true}]}}