{"id":12916,"date":"2025-03-27T09:48:41","date_gmt":"2025-03-27T08:48:41","guid":{"rendered":"https:\/\/hu.andersen.com\/?post_type=team-member&#038;p=12916"},"modified":"2025-07-02T10:05:52","modified_gmt":"2025-07-02T08:05:52","slug":"mihalyfi-reka-menedzser","status":"publish","type":"team-member","link":"https:\/\/hu.andersen.com\/hu\/adotanacsado-munkatars\/mihalyfi-reka-menedzser\/","title":{"rendered":"Mih\u00e1lyfi R\u00e9ka"},"content":{"rendered":"\n<p>R\u00e9ka szakmai p\u00e1lyafut\u00e1s\u00e1t a p\u00e9nz\u00fcgyi szektorban kezdte, az Andersenhez 2020-ban csatlakozott.<\/p>\n\n\n\n<p>Sz\u00e1mviteli tapasztalatainak k\u00f6sz\u00f6nhet\u0151en a c\u00e9g tranzakci\u00f3s ad\u00f3 csapat\u00e1nak tagja lett, tov\u00e1bb\u00e1 r\u00e9szt vesz ad\u00f3\u00fcgyi \u00e1tvil\u00e1g\u00edt\u00e1sokban, nemzetk\u00f6zi \u00e9s helyi csoport \u00e1tszervez\u00e9si projektekben, valamint vagyonos mag\u00e1nszem\u00e9lyek ad\u00f3tervez\u00e9s\u00e9ben. Emellett \u00e1llami t\u00e1mogat\u00e1sokkal \u00e9s ad\u00f3kedvezm\u00e9nyekkel kapcsolatos \u00fcgyekkel is foglalkozik, ide\u00e9rtve a felmer\u00fcl\u0151 \u00e1llami t\u00e1mogat\u00e1si szab\u00e1lyok vizsg\u00e1lat\u00e1t, ad\u00f3kedvezm\u00e9nyekkel kapcsolatban jelentkez\u0151 k\u00e9rd\u00e9sek \u00e9rtelmez\u00e9s\u00e9t, a k\u00f6zvetlen \u00e9s k\u00f6zvetett EU-s forr\u00e1sokb\u00f3l megval\u00f3s\u00edtand\u00f3 p\u00e1ly\u00e1zati anyagok \u00fczleti terv\u00e9nek, p\u00e1ly\u00e1zati dokument\u00e1ci\u00f3j\u00e1nak \u00f6ssze\u00e1ll\u00edt\u00e1s\u00e1nak koordin\u00e1l\u00e1s\u00e1t is.<\/p>\n\n\n\n<p>R\u00e9ka hazai \u00e9s nemzetk\u00f6zi akviz\u00edci\u00f3k, \u00e1tszervez\u00e9sek ter\u00e9n egyar\u00e1nt szerzett tapasztalatot, az el\u0151k\u00e9sz\u00edt\u0151 f\u00e1zist\u00f3l kezd\u0151d\u0151en az akviz\u00edci\u00f3t k\u00f6vet\u0151 f\u00e1zisig r\u00e9szt vesz tranzakci\u00f3kban. \u00dcgyfeleit a tranzakci\u00f3s strukt\u00fara kialak\u00edt\u00e1s\u00e1ban, a finansz\u00edroz\u00e1si lehet\u0151s\u00e9gek elemz\u00e9s\u00e9ben \u00e9s strukt\u00far\u00e1k m\u0171k\u00f6dtet\u00e9s\u00e9ben, ad\u00f3z\u00e1si modellek \u00e9s szcen\u00e1ri\u00f3k kidolgoz\u00e1s\u00e1val t\u00e1mogatja. Az \u00e1tvil\u00e1g\u00edt\u00e1si projektek r\u00e9v\u00e9n k\u00fcl\u00f6nb\u00f6z\u0151 ipar\u00e1gak saj\u00e1toss\u00e1gait ismerte meg.<\/p>\n","protected":false},"excerpt":{"rendered":"<p>Mih\u00e1lyfi R\u00e9ka a szakmai p\u00e1lyafut\u00e1s\u00e1t a p\u00e9nz\u00fcgyi szektorban kezdte, az Andersen csapat\u00e1hoz 2020-ban csatlakozott.<\/p>\n","protected":false},"featured_media":13538,"menu_order":0,"template":"","meta":{"_acf_changed":false,"_genesis_hide_title":false,"_genesis_hide_breadcrumbs":false,"_genesis_hide_singular_image":false,"_genesis_hide_footer_widgets":false,"_genesis_custom_body_class":"","_genesis_custom_post_class":"","_genesis_layout":"","footnotes":""},"class_list":{"0":"post-12916","1":"team-member","2":"type-team-member","3":"status-publish","4":"has-post-thumbnail","6":"entry"},"acf":[],"yoast_head":"<!-- This site is optimized with the Yoast SEO Premium plugin v27.4 (Yoast SEO v27.4) - https:\/\/yoast.com\/product\/yoast-seo-premium-wordpress\/ -->\n<title>Mih\u00e1lyfi R\u00e9ka - Andersen Magyarorsz\u00e1g<\/title>\n<meta name=\"description\" content=\"Mih\u00e1lyfi R\u00e9ka a szakmai p\u00e1lyafut\u00e1s\u00e1t a p\u00e9nz\u00fcgyi szektorban kezdte, az Andersen csapat\u00e1hoz 2020-ban csatlakozott.\" \/>\n<meta name=\"robots\" content=\"index, follow, max-snippet:-1, max-image-preview:large, max-video-preview:-1\" \/>\n<link rel=\"canonical\" href=\"https:\/\/hu.andersen.com\/hu\/adotanacsado-munkatars\/mihalyfi-reka-menedzser\/\" \/>\n<meta property=\"og:locale\" content=\"hu_HU\" \/>\n<meta property=\"og:type\" content=\"article\" \/>\n<meta property=\"og:title\" content=\"Mih\u00e1lyfi R\u00e9ka\" \/>\n<meta property=\"og:description\" content=\"Mih\u00e1lyfi R\u00e9ka a szakmai p\u00e1lyafut\u00e1s\u00e1t a p\u00e9nz\u00fcgyi szektorban kezdte, az Andersen csapat\u00e1hoz 2020-ban csatlakozott.\" \/>\n<meta property=\"og:url\" content=\"https:\/\/hu.andersen.com\/hu\/adotanacsado-munkatars\/mihalyfi-reka-menedzser\/\" \/>\n<meta property=\"og:site_name\" content=\"Andersen Magyarorsz\u00e1g\" \/>\n<meta property=\"article:modified_time\" content=\"2025-07-02T08:05:52+00:00\" \/>\n<meta property=\"og:image\" content=\"https:\/\/hu.andersen.com\/wp-content\/uploads\/2025\/03\/mihalyfi-reka-B-201-201.jpg\" \/>\n\t<meta property=\"og:image:width\" content=\"201\" \/>\n\t<meta property=\"og:image:height\" content=\"201\" \/>\n\t<meta property=\"og:image:type\" content=\"image\/jpeg\" \/>\n<meta name=\"twitter:card\" content=\"summary_large_image\" \/>\n<meta name=\"twitter:label1\" content=\"Becs\u00fclt olvas\u00e1si id\u0151\" \/>\n\t<meta name=\"twitter:data1\" content=\"1 perc\" \/>\n<script type=\"application\/ld+json\" class=\"yoast-schema-graph\">{\"@context\":\"https:\\\/\\\/schema.org\",\"@graph\":[{\"@type\":\"WebPage\",\"@id\":\"https:\\\/\\\/hu.andersen.com\\\/hu\\\/adotanacsado-munkatars\\\/mihalyfi-reka-menedzser\\\/\",\"url\":\"https:\\\/\\\/hu.andersen.com\\\/hu\\\/adotanacsado-munkatars\\\/mihalyfi-reka-menedzser\\\/\",\"name\":\"Mih\u00e1lyfi R\u00e9ka - Andersen Magyarorsz\u00e1g\",\"isPartOf\":{\"@id\":\"https:\\\/\\\/hu.andersen.com\\\/#website\"},\"primaryImageOfPage\":{\"@id\":\"https:\\\/\\\/hu.andersen.com\\\/hu\\\/adotanacsado-munkatars\\\/mihalyfi-reka-menedzser\\\/#primaryimage\"},\"image\":{\"@id\":\"https:\\\/\\\/hu.andersen.com\\\/hu\\\/adotanacsado-munkatars\\\/mihalyfi-reka-menedzser\\\/#primaryimage\"},\"thumbnailUrl\":\"https:\\\/\\\/hu.andersen.com\\\/wp-content\\\/uploads\\\/2025\\\/03\\\/mihalyfi-reka-B-201-201.jpg\",\"datePublished\":\"2025-03-27T08:48:41+00:00\",\"dateModified\":\"2025-07-02T08:05:52+00:00\",\"description\":\"Mih\u00e1lyfi R\u00e9ka a szakmai p\u00e1lyafut\u00e1s\u00e1t a p\u00e9nz\u00fcgyi szektorban kezdte, az Andersen csapat\u00e1hoz 2020-ban csatlakozott.\",\"breadcrumb\":{\"@id\":\"https:\\\/\\\/hu.andersen.com\\\/hu\\\/adotanacsado-munkatars\\\/mihalyfi-reka-menedzser\\\/#breadcrumb\"},\"inLanguage\":\"hu\",\"potentialAction\":[{\"@type\":\"ReadAction\",\"target\":[\"https:\\\/\\\/hu.andersen.com\\\/hu\\\/adotanacsado-munkatars\\\/mihalyfi-reka-menedzser\\\/\"]}]},{\"@type\":\"ImageObject\",\"inLanguage\":\"hu\",\"@id\":\"https:\\\/\\\/hu.andersen.com\\\/hu\\\/adotanacsado-munkatars\\\/mihalyfi-reka-menedzser\\\/#primaryimage\",\"url\":\"https:\\\/\\\/hu.andersen.com\\\/wp-content\\\/uploads\\\/2025\\\/03\\\/mihalyfi-reka-B-201-201.jpg\",\"contentUrl\":\"https:\\\/\\\/hu.andersen.com\\\/wp-content\\\/uploads\\\/2025\\\/03\\\/mihalyfi-reka-B-201-201.jpg\",\"width\":201,\"height\":201,\"caption\":\"Mih\u00e1lyfi R\u00e9ka menedzser\"},{\"@type\":\"BreadcrumbList\",\"@id\":\"https:\\\/\\\/hu.andersen.com\\\/hu\\\/adotanacsado-munkatars\\\/mihalyfi-reka-menedzser\\\/#breadcrumb\",\"itemListElement\":[{\"@type\":\"ListItem\",\"position\":1,\"name\":\"Kezd\u0151lap\",\"item\":\"https:\\\/\\\/hu.andersen.com\\\/hu\\\/\"},{\"@type\":\"ListItem\",\"position\":2,\"name\":\"Tax Team\",\"item\":\"https:\\\/\\\/hu.andersen.com\\\/team-member\\\/\"},{\"@type\":\"ListItem\",\"position\":3,\"name\":\"Mih\u00e1lyfi R\u00e9ka\"}]},{\"@type\":\"WebSite\",\"@id\":\"https:\\\/\\\/hu.andersen.com\\\/#website\",\"url\":\"https:\\\/\\\/hu.andersen.com\\\/\",\"name\":\"Andersen In Hungary\",\"description\":\"Ad\u00f3tan\u00e1csad\u00e1s \u00e9s jogi tan\u00e1csad\u00e1s\",\"potentialAction\":[{\"@type\":\"SearchAction\",\"target\":{\"@type\":\"EntryPoint\",\"urlTemplate\":\"https:\\\/\\\/hu.andersen.com\\\/?s={search_term_string}\"},\"query-input\":{\"@type\":\"PropertyValueSpecification\",\"valueRequired\":true,\"valueName\":\"search_term_string\"}}],\"inLanguage\":\"hu\"}]}<\/script>\n<!-- \/ Yoast SEO Premium plugin. -->","yoast_head_json":{"title":"Mih\u00e1lyfi R\u00e9ka - Andersen Magyarorsz\u00e1g","description":"Mih\u00e1lyfi R\u00e9ka a szakmai p\u00e1lyafut\u00e1s\u00e1t a p\u00e9nz\u00fcgyi szektorban kezdte, az Andersen csapat\u00e1hoz 2020-ban csatlakozott.","robots":{"index":"index","follow":"follow","max-snippet":"max-snippet:-1","max-image-preview":"max-image-preview:large","max-video-preview":"max-video-preview:-1"},"canonical":"https:\/\/hu.andersen.com\/hu\/adotanacsado-munkatars\/mihalyfi-reka-menedzser\/","og_locale":"hu_HU","og_type":"article","og_title":"Mih\u00e1lyfi R\u00e9ka","og_description":"Mih\u00e1lyfi R\u00e9ka a szakmai p\u00e1lyafut\u00e1s\u00e1t a p\u00e9nz\u00fcgyi szektorban kezdte, az Andersen csapat\u00e1hoz 2020-ban csatlakozott.","og_url":"https:\/\/hu.andersen.com\/hu\/adotanacsado-munkatars\/mihalyfi-reka-menedzser\/","og_site_name":"Andersen Magyarorsz\u00e1g","article_modified_time":"2025-07-02T08:05:52+00:00","og_image":[{"width":201,"height":201,"url":"https:\/\/hu.andersen.com\/wp-content\/uploads\/2025\/03\/mihalyfi-reka-B-201-201.jpg","type":"image\/jpeg"}],"twitter_card":"summary_large_image","twitter_misc":{"Becs\u00fclt olvas\u00e1si id\u0151":"1 perc"},"schema":{"@context":"https:\/\/schema.org","@graph":[{"@type":"WebPage","@id":"https:\/\/hu.andersen.com\/hu\/adotanacsado-munkatars\/mihalyfi-reka-menedzser\/","url":"https:\/\/hu.andersen.com\/hu\/adotanacsado-munkatars\/mihalyfi-reka-menedzser\/","name":"Mih\u00e1lyfi R\u00e9ka - Andersen Magyarorsz\u00e1g","isPartOf":{"@id":"https:\/\/hu.andersen.com\/#website"},"primaryImageOfPage":{"@id":"https:\/\/hu.andersen.com\/hu\/adotanacsado-munkatars\/mihalyfi-reka-menedzser\/#primaryimage"},"image":{"@id":"https:\/\/hu.andersen.com\/hu\/adotanacsado-munkatars\/mihalyfi-reka-menedzser\/#primaryimage"},"thumbnailUrl":"https:\/\/hu.andersen.com\/wp-content\/uploads\/2025\/03\/mihalyfi-reka-B-201-201.jpg","datePublished":"2025-03-27T08:48:41+00:00","dateModified":"2025-07-02T08:05:52+00:00","description":"Mih\u00e1lyfi R\u00e9ka a szakmai p\u00e1lyafut\u00e1s\u00e1t a p\u00e9nz\u00fcgyi szektorban kezdte, az Andersen csapat\u00e1hoz 2020-ban csatlakozott.","breadcrumb":{"@id":"https:\/\/hu.andersen.com\/hu\/adotanacsado-munkatars\/mihalyfi-reka-menedzser\/#breadcrumb"},"inLanguage":"hu","potentialAction":[{"@type":"ReadAction","target":["https:\/\/hu.andersen.com\/hu\/adotanacsado-munkatars\/mihalyfi-reka-menedzser\/"]}]},{"@type":"ImageObject","inLanguage":"hu","@id":"https:\/\/hu.andersen.com\/hu\/adotanacsado-munkatars\/mihalyfi-reka-menedzser\/#primaryimage","url":"https:\/\/hu.andersen.com\/wp-content\/uploads\/2025\/03\/mihalyfi-reka-B-201-201.jpg","contentUrl":"https:\/\/hu.andersen.com\/wp-content\/uploads\/2025\/03\/mihalyfi-reka-B-201-201.jpg","width":201,"height":201,"caption":"Mih\u00e1lyfi R\u00e9ka menedzser"},{"@type":"BreadcrumbList","@id":"https:\/\/hu.andersen.com\/hu\/adotanacsado-munkatars\/mihalyfi-reka-menedzser\/#breadcrumb","itemListElement":[{"@type":"ListItem","position":1,"name":"Kezd\u0151lap","item":"https:\/\/hu.andersen.com\/hu\/"},{"@type":"ListItem","position":2,"name":"Tax Team","item":"https:\/\/hu.andersen.com\/team-member\/"},{"@type":"ListItem","position":3,"name":"Mih\u00e1lyfi R\u00e9ka"}]},{"@type":"WebSite","@id":"https:\/\/hu.andersen.com\/#website","url":"https:\/\/hu.andersen.com\/","name":"Andersen In Hungary","description":"Ad\u00f3tan\u00e1csad\u00e1s \u00e9s jogi tan\u00e1csad\u00e1s","potentialAction":[{"@type":"SearchAction","target":{"@type":"EntryPoint","urlTemplate":"https:\/\/hu.andersen.com\/?s={search_term_string}"},"query-input":{"@type":"PropertyValueSpecification","valueRequired":true,"valueName":"search_term_string"}}],"inLanguage":"hu"}]}},"_links":{"self":[{"href":"https:\/\/hu.andersen.com\/hu\/wp-json\/wp\/v2\/team-member\/12916","targetHints":{"allow":["GET"]}}],"collection":[{"href":"https:\/\/hu.andersen.com\/hu\/wp-json\/wp\/v2\/team-member"}],"about":[{"href":"https:\/\/hu.andersen.com\/hu\/wp-json\/wp\/v2\/types\/team-member"}],"version-history":[{"count":3,"href":"https:\/\/hu.andersen.com\/hu\/wp-json\/wp\/v2\/team-member\/12916\/revisions"}],"predecessor-version":[{"id":13541,"href":"https:\/\/hu.andersen.com\/hu\/wp-json\/wp\/v2\/team-member\/12916\/revisions\/13541"}],"wp:featuredmedia":[{"embeddable":true,"href":"https:\/\/hu.andersen.com\/hu\/wp-json\/wp\/v2\/media\/13538"}],"wp:attachment":[{"href":"https:\/\/hu.andersen.com\/hu\/wp-json\/wp\/v2\/media?parent=12916"}],"curies":[{"name":"wp","href":"https:\/\/api.w.org\/{rel}","templated":true}]}}