{"id":4467,"date":"2020-09-22T08:57:09","date_gmt":"2020-09-22T06:57:09","guid":{"rendered":"https:\/\/hu.andersen.com\/?post_type=team-member&#038;p=4467"},"modified":"2026-02-09T12:10:17","modified_gmt":"2026-02-09T11:10:17","slug":"bankuti-gabor","status":"publish","type":"team-member","link":"https:\/\/hu.andersen.com\/hu\/adotanacsado-munkatars\/bankuti-gabor\/","title":{"rendered":"B\u00e1nkuti G\u00e1bor"},"content":{"rendered":"\n<p>G\u00e1bor t\u00f6bb mint 15 \u00e9ve dolgozik az ad\u00f3- \u00e9s sz\u00e1mviteli tan\u00e1csad\u00e1s ter\u00fclet\u00e9n, \u00e9s ez id\u0151 alatt sz\u00e9les k\u00f6r\u0171 tapasztalatot szerzett mind belf\u00f6ldi, mind nemzetk\u00f6zi \u00fcgyekben. Szakmai p\u00e1lyafut\u00e1sa sor\u00e1n t\u0151zsdei, \u00e1llami \u00e9s mag\u00e1ntulajdonban l\u00e9v\u0151 v\u00e1llalkoz\u00e1soknak ny\u00fajtott t\u00e1mogat\u00e1st, az energiaipart\u00f3l a kereskedelmen \u00e9s a gy\u00e1rt\u00f3 szektoron \u00e1t a szolg\u00e1ltat\u00f3 szektorig.<\/p>\n\n\n\n<p>Szakter\u00fcletei k\u00f6z\u00e9 tartozik az ad\u00f3\u00e1tvil\u00e1g\u00edt\u00e1s (tax due diligence), ahol felv\u00e1s\u00e1rl\u00e1sok, t\u00e1rsas\u00e1gi \u00e1talakul\u00e1sok \u00e9s c\u00e9g\u00e9rt\u00e9kes\u00edt\u00e9sek sor\u00e1n seg\u00edti az \u00fcgyfeleket az ad\u00f3kock\u00e1zatok felt\u00e9rk\u00e9pez\u00e9s\u00e9ben \u00e9s kezel\u00e9s\u00e9ben. Ezekben a projektekben nem csup\u00e1n a jogszab\u00e1lyi megfelel\u00e9s biztos\u00edt\u00e1sa a c\u00e9l, hanem az is, hogy az \u00fcgyfelek \u00fczleti d\u00f6nt\u00e9sei a val\u00f3di kock\u00e1zatok \u00e9s lehet\u0151s\u00e9gek ismeret\u00e9ben sz\u00fclethessenek meg.<\/p>\n\n\n\n<p>G\u00e1bor kiemelten foglalkozik transzfer\u00e1raz\u00e1si k\u00e9rd\u00e9sekkel is, ahol a kapcsolt v\u00e1llalkoz\u00e1sok k\u00f6z\u00f6tti \u00fcgyletek megfelel\u0151s\u00e9g\u00e9nek biztos\u00edt\u00e1sa mellett nagy hangs\u00falyt fektet arra, hogy a transzfer\u00e1r-dokument\u00e1ci\u00f3k m\u00f6g\u00f6tt val\u00f3s gazdas\u00e1gi logika \u00e9s \u00fczleti strat\u00e9gia is \u00e1lljon. A nemzetk\u00f6zi ad\u00f3z\u00e1sban jelenleg az egyik legizgalmasabb kih\u00edv\u00e1snak tartja a GLOBE minimumad\u00f3 bevezet\u00e9s\u00e9t, amelynek v\u00e1ltoz\u00e1sait kiemelt figyelemmel k\u00f6veti, \u00e9s seg\u00edti az \u00fcgyfeleket a felk\u00e9sz\u00fcl\u00e9sben.<\/p>\n\n\n\n<p>\u00dcgyf\u00e9lk\u00f6r\u00e9ben nemcsak v\u00e1llalati szerepl\u0151k, hanem mag\u00e1nszem\u00e9lyek is megtal\u00e1lhat\u00f3ak. Vagyontervez\u00e9si tan\u00e1csad\u00e1sai sor\u00e1n olyan komplex k\u00e9rd\u00e9sekben ny\u00fajt t\u00e1mogat\u00e1st, mint a csal\u00e1di vagyon biztons\u00e1gos \u00e1t\u00f6r\u00f6k\u00edt\u00e9se, a gener\u00e1ci\u00f3v\u00e1lt\u00e1s el\u0151k\u00e9sz\u00edt\u00e9se, vagy a vagyonstrukt\u00far\u00e1k ad\u00f3z\u00e1si optimaliz\u00e1l\u00e1sa.<\/p>\n\n\n\n<p>Munk\u00e1ja sor\u00e1n G\u00e1bor k\u00fcl\u00f6n\u00f6sen fontosnak tartja az ad\u00f3z\u00e1si folyamatok digitaliz\u00e1ci\u00f3j\u00e1t \u00e9s az automatikus compliance-megold\u00e1sok bevezet\u00e9s\u00e9t. Hisz abban, hogy a modern ad\u00f3tan\u00e1csad\u00e1s a klasszikus szakmai tud\u00e1s \u00e9s a technol\u00f3giai innov\u00e1ci\u00f3k \u00f6sszekapcsol\u00e1s\u00e1r\u00f3l sz\u00f3l \u2013 ezek egy\u00fctt biztos\u00edtj\u00e1k a val\u00f3di kock\u00e1zatcs\u00f6kkent\u00e9st \u00e9s a hat\u00e9konyabb m\u0171k\u00f6d\u00e9st.<\/p>\n","protected":false},"excerpt":{"rendered":"<p>G\u00e1bor t\u00f6bb mint 15 \u00e9ve dolgozik az ad\u00f3- \u00e9s sz\u00e1mviteli tan\u00e1csad\u00e1s ter\u00fclet\u00e9n, \u00e9s ez id\u0151 alatt sz\u00e9les k\u00f6r\u0171 tapasztalatot szerzett mind belf\u00f6ldi, mind nemzetk\u00f6zi \u00fcgyekben. <\/p>\n","protected":false},"featured_media":12283,"menu_order":15,"template":"","meta":{"_acf_changed":false,"_genesis_hide_title":false,"_genesis_hide_breadcrumbs":false,"_genesis_hide_singular_image":false,"_genesis_hide_footer_widgets":false,"_genesis_custom_body_class":"","_genesis_custom_post_class":"","_genesis_layout":"","footnotes":""},"class_list":{"0":"post-4467","1":"team-member","2":"type-team-member","3":"status-publish","4":"has-post-thumbnail","6":"entry"},"acf":[],"yoast_head":"<!-- This site is optimized with the Yoast SEO Premium plugin v27.4 (Yoast SEO v27.4) - https:\/\/yoast.com\/product\/yoast-seo-premium-wordpress\/ -->\n<title>B\u00e1nkuti G\u00e1bor - Andersen Magyarorsz\u00e1g<\/title>\n<meta name=\"description\" content=\"G\u00e1bor t\u00f6bb mint 15 \u00e9ves tapasztalattal rendelkezik az ad\u00f3- \u00e9s sz\u00e1mviteli tan\u00e1csad\u00e1s ter\u00e9n. 2015-ben csatlakozott az Andersenhez.\" \/>\n<meta name=\"robots\" content=\"index, follow, max-snippet:-1, max-image-preview:large, max-video-preview:-1\" \/>\n<link rel=\"canonical\" href=\"https:\/\/hu.andersen.com\/hu\/adotanacsado-munkatars\/bankuti-gabor\/\" \/>\n<meta property=\"og:locale\" content=\"hu_HU\" \/>\n<meta property=\"og:type\" content=\"article\" \/>\n<meta property=\"og:title\" content=\"B\u00e1nkuti G\u00e1bor\" \/>\n<meta property=\"og:description\" content=\"G\u00e1bor t\u00f6bb mint 15 \u00e9ves tapasztalattal rendelkezik az ad\u00f3- \u00e9s sz\u00e1mviteli tan\u00e1csad\u00e1s ter\u00e9n. 2015-ben csatlakozott az Andersenhez.\" \/>\n<meta property=\"og:url\" content=\"https:\/\/hu.andersen.com\/hu\/adotanacsado-munkatars\/bankuti-gabor\/\" \/>\n<meta property=\"og:site_name\" content=\"Andersen Magyarorsz\u00e1g\" \/>\n<meta property=\"article:modified_time\" content=\"2026-02-09T11:10:17+00:00\" \/>\n<meta property=\"og:image\" content=\"https:\/\/hu.andersen.com\/wp-content\/uploads\/2020\/09\/bankuti-gabor-vezeto-tanacsado-201-201.jpg\" \/>\n\t<meta property=\"og:image:width\" content=\"201\" \/>\n\t<meta property=\"og:image:height\" content=\"201\" \/>\n\t<meta property=\"og:image:type\" content=\"image\/jpeg\" \/>\n<meta name=\"twitter:card\" content=\"summary_large_image\" \/>\n<meta name=\"twitter:label1\" content=\"Becs\u00fclt olvas\u00e1si id\u0151\" \/>\n\t<meta name=\"twitter:data1\" content=\"1 perc\" \/>\n<script type=\"application\/ld+json\" class=\"yoast-schema-graph\">{\"@context\":\"https:\\\/\\\/schema.org\",\"@graph\":[{\"@type\":\"WebPage\",\"@id\":\"https:\\\/\\\/hu.andersen.com\\\/hu\\\/adotanacsado-munkatars\\\/bankuti-gabor\\\/\",\"url\":\"https:\\\/\\\/hu.andersen.com\\\/hu\\\/adotanacsado-munkatars\\\/bankuti-gabor\\\/\",\"name\":\"B\u00e1nkuti G\u00e1bor - Andersen Magyarorsz\u00e1g\",\"isPartOf\":{\"@id\":\"https:\\\/\\\/hu.andersen.com\\\/#website\"},\"primaryImageOfPage\":{\"@id\":\"https:\\\/\\\/hu.andersen.com\\\/hu\\\/adotanacsado-munkatars\\\/bankuti-gabor\\\/#primaryimage\"},\"image\":{\"@id\":\"https:\\\/\\\/hu.andersen.com\\\/hu\\\/adotanacsado-munkatars\\\/bankuti-gabor\\\/#primaryimage\"},\"thumbnailUrl\":\"https:\\\/\\\/hu.andersen.com\\\/wp-content\\\/uploads\\\/2020\\\/09\\\/bankuti-gabor-vezeto-tanacsado-201-201.jpg\",\"datePublished\":\"2020-09-22T06:57:09+00:00\",\"dateModified\":\"2026-02-09T11:10:17+00:00\",\"description\":\"G\u00e1bor t\u00f6bb mint 15 \u00e9ves tapasztalattal rendelkezik az ad\u00f3- \u00e9s sz\u00e1mviteli tan\u00e1csad\u00e1s ter\u00e9n. 2015-ben csatlakozott az Andersenhez.\",\"breadcrumb\":{\"@id\":\"https:\\\/\\\/hu.andersen.com\\\/hu\\\/adotanacsado-munkatars\\\/bankuti-gabor\\\/#breadcrumb\"},\"inLanguage\":\"hu\",\"potentialAction\":[{\"@type\":\"ReadAction\",\"target\":[\"https:\\\/\\\/hu.andersen.com\\\/hu\\\/adotanacsado-munkatars\\\/bankuti-gabor\\\/\"]}]},{\"@type\":\"ImageObject\",\"inLanguage\":\"hu\",\"@id\":\"https:\\\/\\\/hu.andersen.com\\\/hu\\\/adotanacsado-munkatars\\\/bankuti-gabor\\\/#primaryimage\",\"url\":\"https:\\\/\\\/hu.andersen.com\\\/wp-content\\\/uploads\\\/2020\\\/09\\\/bankuti-gabor-vezeto-tanacsado-201-201.jpg\",\"contentUrl\":\"https:\\\/\\\/hu.andersen.com\\\/wp-content\\\/uploads\\\/2020\\\/09\\\/bankuti-gabor-vezeto-tanacsado-201-201.jpg\",\"width\":201,\"height\":201,\"caption\":\"B\u00e1nkuti G\u00e1bor - vezet\u0151 menedzser - Andersen\"},{\"@type\":\"BreadcrumbList\",\"@id\":\"https:\\\/\\\/hu.andersen.com\\\/hu\\\/adotanacsado-munkatars\\\/bankuti-gabor\\\/#breadcrumb\",\"itemListElement\":[{\"@type\":\"ListItem\",\"position\":1,\"name\":\"Kezd\u0151lap\",\"item\":\"https:\\\/\\\/hu.andersen.com\\\/hu\\\/\"},{\"@type\":\"ListItem\",\"position\":2,\"name\":\"Tax Team\",\"item\":\"https:\\\/\\\/hu.andersen.com\\\/team-member\\\/\"},{\"@type\":\"ListItem\",\"position\":3,\"name\":\"B\u00e1nkuti G\u00e1bor\"}]},{\"@type\":\"WebSite\",\"@id\":\"https:\\\/\\\/hu.andersen.com\\\/#website\",\"url\":\"https:\\\/\\\/hu.andersen.com\\\/\",\"name\":\"Andersen In Hungary\",\"description\":\"Ad\u00f3tan\u00e1csad\u00e1s \u00e9s jogi tan\u00e1csad\u00e1s\",\"potentialAction\":[{\"@type\":\"SearchAction\",\"target\":{\"@type\":\"EntryPoint\",\"urlTemplate\":\"https:\\\/\\\/hu.andersen.com\\\/?s={search_term_string}\"},\"query-input\":{\"@type\":\"PropertyValueSpecification\",\"valueRequired\":true,\"valueName\":\"search_term_string\"}}],\"inLanguage\":\"hu\"}]}<\/script>\n<!-- \/ Yoast SEO Premium plugin. -->","yoast_head_json":{"title":"B\u00e1nkuti G\u00e1bor - Andersen Magyarorsz\u00e1g","description":"G\u00e1bor t\u00f6bb mint 15 \u00e9ves tapasztalattal rendelkezik az ad\u00f3- \u00e9s sz\u00e1mviteli tan\u00e1csad\u00e1s ter\u00e9n. 2015-ben csatlakozott az Andersenhez.","robots":{"index":"index","follow":"follow","max-snippet":"max-snippet:-1","max-image-preview":"max-image-preview:large","max-video-preview":"max-video-preview:-1"},"canonical":"https:\/\/hu.andersen.com\/hu\/adotanacsado-munkatars\/bankuti-gabor\/","og_locale":"hu_HU","og_type":"article","og_title":"B\u00e1nkuti G\u00e1bor","og_description":"G\u00e1bor t\u00f6bb mint 15 \u00e9ves tapasztalattal rendelkezik az ad\u00f3- \u00e9s sz\u00e1mviteli tan\u00e1csad\u00e1s ter\u00e9n. 2015-ben csatlakozott az Andersenhez.","og_url":"https:\/\/hu.andersen.com\/hu\/adotanacsado-munkatars\/bankuti-gabor\/","og_site_name":"Andersen Magyarorsz\u00e1g","article_modified_time":"2026-02-09T11:10:17+00:00","og_image":[{"width":201,"height":201,"url":"https:\/\/hu.andersen.com\/wp-content\/uploads\/2020\/09\/bankuti-gabor-vezeto-tanacsado-201-201.jpg","type":"image\/jpeg"}],"twitter_card":"summary_large_image","twitter_misc":{"Becs\u00fclt olvas\u00e1si id\u0151":"1 perc"},"schema":{"@context":"https:\/\/schema.org","@graph":[{"@type":"WebPage","@id":"https:\/\/hu.andersen.com\/hu\/adotanacsado-munkatars\/bankuti-gabor\/","url":"https:\/\/hu.andersen.com\/hu\/adotanacsado-munkatars\/bankuti-gabor\/","name":"B\u00e1nkuti G\u00e1bor - Andersen Magyarorsz\u00e1g","isPartOf":{"@id":"https:\/\/hu.andersen.com\/#website"},"primaryImageOfPage":{"@id":"https:\/\/hu.andersen.com\/hu\/adotanacsado-munkatars\/bankuti-gabor\/#primaryimage"},"image":{"@id":"https:\/\/hu.andersen.com\/hu\/adotanacsado-munkatars\/bankuti-gabor\/#primaryimage"},"thumbnailUrl":"https:\/\/hu.andersen.com\/wp-content\/uploads\/2020\/09\/bankuti-gabor-vezeto-tanacsado-201-201.jpg","datePublished":"2020-09-22T06:57:09+00:00","dateModified":"2026-02-09T11:10:17+00:00","description":"G\u00e1bor t\u00f6bb mint 15 \u00e9ves tapasztalattal rendelkezik az ad\u00f3- \u00e9s sz\u00e1mviteli tan\u00e1csad\u00e1s ter\u00e9n. 2015-ben csatlakozott az Andersenhez.","breadcrumb":{"@id":"https:\/\/hu.andersen.com\/hu\/adotanacsado-munkatars\/bankuti-gabor\/#breadcrumb"},"inLanguage":"hu","potentialAction":[{"@type":"ReadAction","target":["https:\/\/hu.andersen.com\/hu\/adotanacsado-munkatars\/bankuti-gabor\/"]}]},{"@type":"ImageObject","inLanguage":"hu","@id":"https:\/\/hu.andersen.com\/hu\/adotanacsado-munkatars\/bankuti-gabor\/#primaryimage","url":"https:\/\/hu.andersen.com\/wp-content\/uploads\/2020\/09\/bankuti-gabor-vezeto-tanacsado-201-201.jpg","contentUrl":"https:\/\/hu.andersen.com\/wp-content\/uploads\/2020\/09\/bankuti-gabor-vezeto-tanacsado-201-201.jpg","width":201,"height":201,"caption":"B\u00e1nkuti G\u00e1bor - vezet\u0151 menedzser - Andersen"},{"@type":"BreadcrumbList","@id":"https:\/\/hu.andersen.com\/hu\/adotanacsado-munkatars\/bankuti-gabor\/#breadcrumb","itemListElement":[{"@type":"ListItem","position":1,"name":"Kezd\u0151lap","item":"https:\/\/hu.andersen.com\/hu\/"},{"@type":"ListItem","position":2,"name":"Tax Team","item":"https:\/\/hu.andersen.com\/team-member\/"},{"@type":"ListItem","position":3,"name":"B\u00e1nkuti G\u00e1bor"}]},{"@type":"WebSite","@id":"https:\/\/hu.andersen.com\/#website","url":"https:\/\/hu.andersen.com\/","name":"Andersen In Hungary","description":"Ad\u00f3tan\u00e1csad\u00e1s \u00e9s jogi tan\u00e1csad\u00e1s","potentialAction":[{"@type":"SearchAction","target":{"@type":"EntryPoint","urlTemplate":"https:\/\/hu.andersen.com\/?s={search_term_string}"},"query-input":{"@type":"PropertyValueSpecification","valueRequired":true,"valueName":"search_term_string"}}],"inLanguage":"hu"}]}},"_links":{"self":[{"href":"https:\/\/hu.andersen.com\/hu\/wp-json\/wp\/v2\/team-member\/4467","targetHints":{"allow":["GET"]}}],"collection":[{"href":"https:\/\/hu.andersen.com\/hu\/wp-json\/wp\/v2\/team-member"}],"about":[{"href":"https:\/\/hu.andersen.com\/hu\/wp-json\/wp\/v2\/types\/team-member"}],"version-history":[{"count":7,"href":"https:\/\/hu.andersen.com\/hu\/wp-json\/wp\/v2\/team-member\/4467\/revisions"}],"predecessor-version":[{"id":15096,"href":"https:\/\/hu.andersen.com\/hu\/wp-json\/wp\/v2\/team-member\/4467\/revisions\/15096"}],"wp:featuredmedia":[{"embeddable":true,"href":"https:\/\/hu.andersen.com\/hu\/wp-json\/wp\/v2\/media\/12283"}],"wp:attachment":[{"href":"https:\/\/hu.andersen.com\/hu\/wp-json\/wp\/v2\/media?parent=4467"}],"curies":[{"name":"wp","href":"https:\/\/api.w.org\/{rel}","templated":true}]}}